{"id":1052,"date":"2011-01-14T01:01:01","date_gmt":"2011-01-14T01:01:01","guid":{"rendered":"https:\/\/www.forumviseu.net\/events\/forum-viseu-oferece-cabazes-de-natal\/"},"modified":"2011-01-14T01:01:01","modified_gmt":"2011-01-14T01:01:01","slug":"forum-viseu-oferece-cabazes-de-natal","status":"publish","type":"events","link":"https:\/\/www.forumviseu.net\/en\/events\/forum-viseu-oferece-cabazes-de-natal\/","title":{"rendered":"Forum Viseu oferece Cabazes de Natal"},"content":{"rendered":"<div> \tO Forum Viseu entregou 110 cabazes ao Centro Social e Paroquial de S. Jos\u00e9 e \u00e0 Associa\u00e7\u00e3o de Solidariedade da Junta de Freguesia de Abraveses, que foram posteriormente distribu\u00eddos \u00e0s fam\u00edlias carenciadas da regi\u00e3o.<\/div>\n<div> \t&nbsp;<\/div>\n<div> \tEste ano, atrav\u00e9s do Projecto do &#8220;Livro do Gui&#8221; e no \u00e2mbito do ano 2010 ser o Ano Europeu de Luta contra a Pobreza, os centros comerciais geridos pela Multi Mall Management desafiaram os seus visitantes a criarem cabazes de Natal para oferecerem \u00e0s institui\u00e7\u00f5es de solidariedade social da sua regi\u00e3o.<\/div>\n<div> \t&nbsp;<\/div>\n<div> \tO Forum Viseu foi mais longe e pediu a todos os lojistas e parceiros para contribu\u00edrem para esta causa, conseguindo reunir um total de 110 cabazes de Natal que tornaram mais feliz o Natal de fam\u00edlias carenciadas da Regi\u00e3o, fazendo desta campanha um sucesso.<\/div>\n","protected":false},"featured_media":0,"template":"","class_list":["post-1052","events","type-events","status-publish","hentry"],"yoast_head":"<!-- This site is optimized with the Yoast SEO plugin v22.2 - https:\/\/yoast.com\/wordpress\/plugins\/seo\/ -->\n<title>Forum Viseu oferece Cabazes de Natal - Forum Viseu<\/title>\n<meta name=\"robots\" content=\"index, follow, max-snippet:-1, max-image-preview:large, max-video-preview:-1\" \/>\n<link rel=\"canonical\" href=\"https:\/\/www.forumviseu.net\/en\/events\/forum-viseu-oferece-cabazes-de-natal\/\" \/>\n<meta property=\"og:locale\" content=\"en_US\" \/>\n<meta property=\"og:type\" content=\"article\" \/>\n<meta property=\"og:title\" content=\"Forum Viseu oferece Cabazes de Natal - Forum Viseu\" \/>\n<meta property=\"og:description\" content=\"O Forum Viseu entregou 110 cabazes ao Centro Social e Paroquial de S. Jos\u00e9 e \u00e0 Associa\u00e7\u00e3o de Solidariedade da Junta de Freguesia de Abraveses, que foram posteriormente distribu\u00eddos \u00e0s fam\u00edlias carenciadas da regi\u00e3o. &nbsp; Este ano, atrav\u00e9s do Projecto do &#8220;Livro do Gui&#8221; e no \u00e2mbito do ano 2010 ser o Ano Europeu de [&hellip;]\" \/>\n<meta property=\"og:url\" content=\"https:\/\/www.forumviseu.net\/en\/events\/forum-viseu-oferece-cabazes-de-natal\/\" \/>\n<meta property=\"og:site_name\" content=\"Forum Viseu\" \/>\n<meta name=\"twitter:card\" content=\"summary_large_image\" \/>\n<meta name=\"twitter:label1\" content=\"Est. reading time\" \/>\n\t<meta name=\"twitter:data1\" content=\"1 minute\" \/>\n<script type=\"application\/ld+json\" class=\"yoast-schema-graph\">{\"@context\":\"https:\/\/schema.org\",\"@graph\":[{\"@type\":\"WebPage\",\"@id\":\"https:\/\/www.forumviseu.net\/en\/events\/forum-viseu-oferece-cabazes-de-natal\/\",\"url\":\"https:\/\/www.forumviseu.net\/en\/events\/forum-viseu-oferece-cabazes-de-natal\/\",\"name\":\"Forum Viseu oferece Cabazes de Natal - Forum Viseu\",\"isPartOf\":{\"@id\":\"https:\/\/www.forumviseu.net\/#website\"},\"datePublished\":\"2011-01-14T01:01:01+00:00\",\"dateModified\":\"2011-01-14T01:01:01+00:00\",\"breadcrumb\":{\"@id\":\"https:\/\/www.forumviseu.net\/en\/events\/forum-viseu-oferece-cabazes-de-natal\/#breadcrumb\"},\"inLanguage\":\"en-US\",\"potentialAction\":[{\"@type\":\"ReadAction\",\"target\":[\"https:\/\/www.forumviseu.net\/en\/events\/forum-viseu-oferece-cabazes-de-natal\/\"]}]},{\"@type\":\"BreadcrumbList\",\"@id\":\"https:\/\/www.forumviseu.net\/en\/events\/forum-viseu-oferece-cabazes-de-natal\/#breadcrumb\",\"itemListElement\":[{\"@type\":\"ListItem\",\"position\":1,\"name\":\"Events\",\"item\":\"https:\/\/www.forumviseu.net\/events\/\"},{\"@type\":\"ListItem\",\"position\":2,\"name\":\"Forum Viseu oferece Cabazes de Natal\"}]},{\"@type\":\"WebSite\",\"@id\":\"https:\/\/www.forumviseu.net\/#website\",\"url\":\"https:\/\/www.forumviseu.net\/\",\"name\":\"Forum Viseu\",\"description\":\"Ser Quem Sou\",\"publisher\":{\"@id\":\"https:\/\/www.forumviseu.net\/#organization\"},\"potentialAction\":[{\"@type\":\"SearchAction\",\"target\":{\"@type\":\"EntryPoint\",\"urlTemplate\":\"https:\/\/www.forumviseu.net\/?s={search_term_string}\"},\"query-input\":\"required name=search_term_string\"}],\"inLanguage\":\"en-US\"},{\"@type\":\"Organization\",\"@id\":\"https:\/\/www.forumviseu.net\/#organization\",\"name\":\"Forum Viseu\",\"url\":\"https:\/\/www.forumviseu.net\/\",\"logo\":{\"@type\":\"ImageObject\",\"inLanguage\":\"en-US\",\"@id\":\"https:\/\/www.forumviseu.net\/#\/schema\/logo\/image\/\",\"url\":\"https:\/\/www.forumviseu.net\/wp-content\/uploads\/sites\/15\/logo.png\",\"contentUrl\":\"https:\/\/www.forumviseu.net\/wp-content\/uploads\/sites\/15\/logo.png\",\"caption\":\"Forum Viseu\"},\"image\":{\"@id\":\"https:\/\/www.forumviseu.net\/#\/schema\/logo\/image\/\"}}]}<\/script>\n<!-- \/ Yoast SEO plugin. -->","yoast_head_json":{"title":"Forum Viseu oferece Cabazes de Natal - Forum Viseu","robots":{"index":"index","follow":"follow","max-snippet":"max-snippet:-1","max-image-preview":"max-image-preview:large","max-video-preview":"max-video-preview:-1"},"canonical":"https:\/\/www.forumviseu.net\/en\/events\/forum-viseu-oferece-cabazes-de-natal\/","og_locale":"en_US","og_type":"article","og_title":"Forum Viseu oferece Cabazes de Natal - Forum Viseu","og_description":"O Forum Viseu entregou 110 cabazes ao Centro Social e Paroquial de S. Jos\u00e9 e \u00e0 Associa\u00e7\u00e3o de Solidariedade da Junta de Freguesia de Abraveses, que foram posteriormente distribu\u00eddos \u00e0s fam\u00edlias carenciadas da regi\u00e3o. &nbsp; Este ano, atrav\u00e9s do Projecto do &#8220;Livro do Gui&#8221; e no \u00e2mbito do ano 2010 ser o Ano Europeu de [&hellip;]","og_url":"https:\/\/www.forumviseu.net\/en\/events\/forum-viseu-oferece-cabazes-de-natal\/","og_site_name":"Forum Viseu","twitter_card":"summary_large_image","twitter_misc":{"Est. reading time":"1 minute"},"schema":{"@context":"https:\/\/schema.org","@graph":[{"@type":"WebPage","@id":"https:\/\/www.forumviseu.net\/en\/events\/forum-viseu-oferece-cabazes-de-natal\/","url":"https:\/\/www.forumviseu.net\/en\/events\/forum-viseu-oferece-cabazes-de-natal\/","name":"Forum Viseu oferece Cabazes de Natal - Forum Viseu","isPartOf":{"@id":"https:\/\/www.forumviseu.net\/#website"},"datePublished":"2011-01-14T01:01:01+00:00","dateModified":"2011-01-14T01:01:01+00:00","breadcrumb":{"@id":"https:\/\/www.forumviseu.net\/en\/events\/forum-viseu-oferece-cabazes-de-natal\/#breadcrumb"},"inLanguage":"en-US","potentialAction":[{"@type":"ReadAction","target":["https:\/\/www.forumviseu.net\/en\/events\/forum-viseu-oferece-cabazes-de-natal\/"]}]},{"@type":"BreadcrumbList","@id":"https:\/\/www.forumviseu.net\/en\/events\/forum-viseu-oferece-cabazes-de-natal\/#breadcrumb","itemListElement":[{"@type":"ListItem","position":1,"name":"Events","item":"https:\/\/www.forumviseu.net\/events\/"},{"@type":"ListItem","position":2,"name":"Forum Viseu oferece Cabazes de Natal"}]},{"@type":"WebSite","@id":"https:\/\/www.forumviseu.net\/#website","url":"https:\/\/www.forumviseu.net\/","name":"Forum Viseu","description":"Ser Quem Sou","publisher":{"@id":"https:\/\/www.forumviseu.net\/#organization"},"potentialAction":[{"@type":"SearchAction","target":{"@type":"EntryPoint","urlTemplate":"https:\/\/www.forumviseu.net\/?s={search_term_string}"},"query-input":"required name=search_term_string"}],"inLanguage":"en-US"},{"@type":"Organization","@id":"https:\/\/www.forumviseu.net\/#organization","name":"Forum Viseu","url":"https:\/\/www.forumviseu.net\/","logo":{"@type":"ImageObject","inLanguage":"en-US","@id":"https:\/\/www.forumviseu.net\/#\/schema\/logo\/image\/","url":"https:\/\/www.forumviseu.net\/wp-content\/uploads\/sites\/15\/logo.png","contentUrl":"https:\/\/www.forumviseu.net\/wp-content\/uploads\/sites\/15\/logo.png","caption":"Forum Viseu"},"image":{"@id":"https:\/\/www.forumviseu.net\/#\/schema\/logo\/image\/"}}]}},"_links":{"self":[{"href":"https:\/\/www.forumviseu.net\/en\/wp-json\/wp\/v2\/events\/1052","targetHints":{"allow":["GET"]}}],"collection":[{"href":"https:\/\/www.forumviseu.net\/en\/wp-json\/wp\/v2\/events"}],"about":[{"href":"https:\/\/www.forumviseu.net\/en\/wp-json\/wp\/v2\/types\/events"}],"wp:attachment":[{"href":"https:\/\/www.forumviseu.net\/en\/wp-json\/wp\/v2\/media?parent=1052"}],"curies":[{"name":"wp","href":"https:\/\/api.w.org\/{rel}","templated":true}]}}