{"id":1055,"date":"2013-11-19T01:01:01","date_gmt":"2013-11-19T01:01:01","guid":{"rendered":"https:\/\/www.forumviseu.net\/events\/este-natal-a-musica-toca-a-todos-e-tu-vais-brilhar\/"},"modified":"2013-11-19T01:01:01","modified_gmt":"2013-11-19T01:01:01","slug":"este-natal-a-musica-toca-a-todos-e-tu-vais-brilhar","status":"publish","type":"events","link":"https:\/\/www.forumviseu.net\/en\/events\/este-natal-a-musica-toca-a-todos-e-tu-vais-brilhar\/","title":{"rendered":"Este Natal a M\u00fasica toca a todos. E tu, vais brilhar?"},"content":{"rendered":"<div> \tSe tens entre 3 a 12 anos, jeito para cantar, tocar, dan\u00e7ar ou atuar, esta divers\u00e3o \u00e9 para ti!<\/div>\n<div> \tEste Natal, o Gui fez uma can\u00e7\u00e3o para todos e s\u00f3 tens que a interpretar com o melhor dos teus talentos. Vai a <a href=\"http:\/\/www.livrodogui.com\" target=\"_blank\" rel=\"noopener\">www.livrodogui.com<\/a>, conhece a can\u00e7\u00e3o que o Gui fez este Natal, grava a tua performance ao ritmo dela, faz o upload do teu talento no youtube e, por \u00faltimo, introduz o respetivo endere\u00e7o no site do Livro do Gui.<\/div>\n<div> \t&nbsp;<\/div>\n<div> \tSe fores um dos talentos mais brilhantes, tens uma surpresa cintilante: vais poder atuar na Gala do Gui, um espet\u00e1culo a s\u00e9rio que vao decorrer no in\u00edcio do ano de 2014. Sabe tudo em <a href=\"http:\/\/www.livrodogui.com\" target=\"_blank\" rel=\"noopener\">www.livrodogui.com<\/a><\/div>\n<div> \tPara brilhares como um verdadeiro artista, o ForumViseu tem \u00e0 tua disposi\u00e7\u00e3o o Palco do Gui, na zona da restaura\u00e7\u00e3o.<\/div>\n<div> \t&nbsp;<\/div>\n<div> \t<strong>CONSERVAT\u00d3RIO DE VISEU<\/strong><\/div>\n<ul>\n<li> \t\t20 Novembro\n<ul>\n<li> \t\t\t\t19h | Classe e Orquestra de Sopros<\/li>\n<\/ul>\n<\/li>\n<li> \t\t27 Novembro\n<ul>\n<li> \t\t\t\t19h | Classe e Orquestra de Cordas<\/li>\n<\/ul>\n<\/li>\n<li> \t\t30 Novembro\n<ul>\n<li> \t\t\t\t16h | Classe e Ensamble de Guitarras&nbsp;<span style=\"line-height: 1.4;\">Portuguesas, Ensamble de Flauta de Biesel<\/span><\/li>\n<\/ul>\n<\/li>\n<li> \t\t4 Dezembro\n<ul>\n<li> \t\t\t\t19h | Classe e Orquestra de Guitarras<\/li>\n<\/ul>\n<\/li>\n<li> \t\t14 Dezembro\n<ul>\n<li> \t\t\t\t16h | Classe Piano, Canto e Coros<\/li>\n<\/ul>\n<\/li>\n<li> \t\t18 Dezembro\n<ul>\n<li> \t\t\t\t17h | Classe e Orquestra de Acorde\u00f5es<\/li>\n<\/ul>\n<\/li>\n<\/ul>\n<div> \t&nbsp;<\/div>\n<div> \t<strong>AULAS ABERTAS (GRATUITAS)<\/strong><\/div>\n<div> \tAs inscri\u00e7\u00f5es para as aulas abertas s\u00e3o GRATUITAS e efetuadas no Balc\u00e3o de Informa\u00e7\u00f5es do Forum Viseu, na semana anterior a cada aula. (Hor\u00e1rios do Balc\u00e3o de Informa\u00e7\u00e3o: diariamente das 10h \u00e0s 19h).<\/div>\n<div> \t&nbsp;<\/div>\n<ul>\n<li> \t\t20 Novembro\n<ul>\n<li> \t\t\t\t14h \u00e0s 15h | Percuss\u00e3o<\/li>\n<\/ul>\n<\/li>\n<li> \t\t23 Novembro\n<ul>\n<li> \t\t\t\t14h \u00e0s 15h | Flauta<\/li>\n<\/ul>\n<\/li>\n<li> \t\t24 Novembro\n<ul>\n<li> \t\t\t\t16h30 \u00e0s 17h30| Saxofone<\/li>\n<\/ul>\n<\/li>\n<li> \t\t30 Novembro\n<ul>\n<li> \t\t\t\t15h \u00e0s 16h| Guitarra Portuguesa<\/li>\n<\/ul>\n<\/li>\n<li> \t\t07 Dezembro\n<ul>\n<li> \t\t\t\t16h \u00e0s 17h | Violoncelo<\/li>\n<li> \t\t\t\t17h \u00e0s 18h | Violino e Viola de Arco<\/li>\n<\/ul>\n<\/li>\n<li> \t\t14 Dezembro\n<ul>\n<li> \t\t\t\t14h30 \u00e0s 15h30 | Canto e Piano<\/li>\n<\/ul>\n<\/li>\n<li> \t\t18 Dezembro\n<ul>\n<li> \t\t\t\t14h30 \u00e0s 15h30 | Trombone e Trompete<\/li>\n<li> \t\t\t\t16h \u00e0s 17h | Contrabaixo<\/li>\n<\/ul>\n<\/li>\n<li> \t\t20 Dezembro\n<ul>\n<li> \t\t\t\t14h30 \u00e0s 15h30 | Clarinete<\/li>\n<\/ul>\n<\/li>\n<li> \t\t21 Dezembro\n<ul>\n<li> \t\t\t\t14h30 \u00e0s 15h30 | Acorde\u00e3o<\/li>\n<\/ul>\n<\/li>\n<\/ul>\n<div> \t&nbsp;<\/div>\n<div> \t<strong>ESCOLA DE M\u00daSICA X\u00d3D\u00d3<\/strong><\/div>\n<div> \tRecitais infanto\/juvenis<\/div>\n<ul>\n<li> \t\t01 Dezembro\n<ul>\n<li> \t\t\t\t15h30 \u00e0s 16h15 | Can\u00e7\u00e3o Guri<\/li>\n<li> \t\t\t\t18h30 \u00e0s 19h15 | M\u00fasica do Mundo I<\/li>\n<\/ul>\n<\/li>\n<li> \t\t08 Dezembro\n<ul>\n<li> \t\t\t\t15h30 \u00e0s 16h15 | Ritmo Pepita<\/li>\n<li> \t\t\t\t18h30 \u00e0s 19h15 | M\u00fasica Tradicional<\/li>\n<\/ul>\n<\/li>\n<li> \t\t15 Dezembro\n<ul>\n<li> \t\t\t\t15h30 \u00e0s 16h15 | Festival Estrela<\/li>\n<li> \t\t\t\t18h30 \u00e0s 19h15 | M\u00fasica do Mundo II<\/li>\n<\/ul>\n<\/li>\n<li> \t\t22 Dezembro\n<ul>\n<li> \t\t\t\t15h30 \u00e0s 16h15 | S\u00e9rie Talento<\/li>\n<li> \t\t\t\t18h30 \u00e0s 19h15 | Concerto Final<\/li>\n<\/ul>\n<\/li>\n<\/ul>\n","protected":false},"featured_media":936,"template":"","class_list":["post-1055","events","type-events","status-publish","has-post-thumbnail","hentry"],"yoast_head":"<!-- This site is optimized with the Yoast SEO plugin v22.2 - https:\/\/yoast.com\/wordpress\/plugins\/seo\/ -->\n<title>Este Natal a M\u00fasica toca a todos. E tu, vais brilhar? - Forum Viseu<\/title>\n<meta name=\"robots\" content=\"index, follow, max-snippet:-1, max-image-preview:large, max-video-preview:-1\" \/>\n<link rel=\"canonical\" href=\"https:\/\/www.forumviseu.net\/en\/events\/este-natal-a-musica-toca-a-todos-e-tu-vais-brilhar\/\" \/>\n<meta property=\"og:locale\" content=\"en_US\" \/>\n<meta property=\"og:type\" content=\"article\" \/>\n<meta property=\"og:title\" content=\"Este Natal a M\u00fasica toca a todos. E tu, vais brilhar? - Forum Viseu\" \/>\n<meta property=\"og:description\" content=\"Se tens entre 3 a 12 anos, jeito para cantar, tocar, dan\u00e7ar ou atuar, esta divers\u00e3o \u00e9 para ti! Este Natal, o Gui fez uma can\u00e7\u00e3o para todos e s\u00f3 tens que a interpretar com o melhor dos teus talentos. Vai a www.livrodogui.com, conhece a can\u00e7\u00e3o que o Gui fez este Natal, grava a tua [&hellip;]\" \/>\n<meta property=\"og:url\" content=\"https:\/\/www.forumviseu.net\/en\/events\/este-natal-a-musica-toca-a-todos-e-tu-vais-brilhar\/\" \/>\n<meta property=\"og:site_name\" content=\"Forum Viseu\" \/>\n<meta property=\"og:image\" content=\"https:\/\/www.forumviseu.net\/wp-content\/uploads\/sites\/15\/events\/estenatalamusicatocaatodos.etu_vaisbrilhar.jpg\" \/>\n\t<meta property=\"og:image:width\" content=\"750\" \/>\n\t<meta property=\"og:image:height\" content=\"502\" \/>\n\t<meta property=\"og:image:type\" content=\"image\/jpeg\" \/>\n<meta name=\"twitter:card\" content=\"summary_large_image\" \/>\n<meta name=\"twitter:label1\" content=\"Est. reading time\" \/>\n\t<meta name=\"twitter:data1\" content=\"2 minutes\" \/>\n<script type=\"application\/ld+json\" class=\"yoast-schema-graph\">{\"@context\":\"https:\/\/schema.org\",\"@graph\":[{\"@type\":\"WebPage\",\"@id\":\"https:\/\/www.forumviseu.net\/en\/events\/este-natal-a-musica-toca-a-todos-e-tu-vais-brilhar\/\",\"url\":\"https:\/\/www.forumviseu.net\/en\/events\/este-natal-a-musica-toca-a-todos-e-tu-vais-brilhar\/\",\"name\":\"Este Natal a M\u00fasica toca a todos. E tu, vais brilhar? - Forum Viseu\",\"isPartOf\":{\"@id\":\"https:\/\/www.forumviseu.net\/#website\"},\"primaryImageOfPage\":{\"@id\":\"https:\/\/www.forumviseu.net\/en\/events\/este-natal-a-musica-toca-a-todos-e-tu-vais-brilhar\/#primaryimage\"},\"image\":{\"@id\":\"https:\/\/www.forumviseu.net\/en\/events\/este-natal-a-musica-toca-a-todos-e-tu-vais-brilhar\/#primaryimage\"},\"thumbnailUrl\":\"https:\/\/www.forumviseu.net\/wp-content\/uploads\/sites\/15\/events\/estenatalamusicatocaatodos.etu_vaisbrilhar.jpg\",\"datePublished\":\"2013-11-19T01:01:01+00:00\",\"dateModified\":\"2013-11-19T01:01:01+00:00\",\"breadcrumb\":{\"@id\":\"https:\/\/www.forumviseu.net\/en\/events\/este-natal-a-musica-toca-a-todos-e-tu-vais-brilhar\/#breadcrumb\"},\"inLanguage\":\"en-US\",\"potentialAction\":[{\"@type\":\"ReadAction\",\"target\":[\"https:\/\/www.forumviseu.net\/en\/events\/este-natal-a-musica-toca-a-todos-e-tu-vais-brilhar\/\"]}]},{\"@type\":\"ImageObject\",\"inLanguage\":\"en-US\",\"@id\":\"https:\/\/www.forumviseu.net\/en\/events\/este-natal-a-musica-toca-a-todos-e-tu-vais-brilhar\/#primaryimage\",\"url\":\"https:\/\/www.forumviseu.net\/wp-content\/uploads\/sites\/15\/events\/estenatalamusicatocaatodos.etu_vaisbrilhar.jpg\",\"contentUrl\":\"https:\/\/www.forumviseu.net\/wp-content\/uploads\/sites\/15\/events\/estenatalamusicatocaatodos.etu_vaisbrilhar.jpg\",\"width\":750,\"height\":502},{\"@type\":\"BreadcrumbList\",\"@id\":\"https:\/\/www.forumviseu.net\/en\/events\/este-natal-a-musica-toca-a-todos-e-tu-vais-brilhar\/#breadcrumb\",\"itemListElement\":[{\"@type\":\"ListItem\",\"position\":1,\"name\":\"Events\",\"item\":\"https:\/\/www.forumviseu.net\/events\/\"},{\"@type\":\"ListItem\",\"position\":2,\"name\":\"Este Natal a M\u00fasica toca a todos. E tu, vais brilhar?\"}]},{\"@type\":\"WebSite\",\"@id\":\"https:\/\/www.forumviseu.net\/#website\",\"url\":\"https:\/\/www.forumviseu.net\/\",\"name\":\"Forum Viseu\",\"description\":\"Ser Quem Sou\",\"publisher\":{\"@id\":\"https:\/\/www.forumviseu.net\/#organization\"},\"potentialAction\":[{\"@type\":\"SearchAction\",\"target\":{\"@type\":\"EntryPoint\",\"urlTemplate\":\"https:\/\/www.forumviseu.net\/?s={search_term_string}\"},\"query-input\":\"required name=search_term_string\"}],\"inLanguage\":\"en-US\"},{\"@type\":\"Organization\",\"@id\":\"https:\/\/www.forumviseu.net\/#organization\",\"name\":\"Forum Viseu\",\"url\":\"https:\/\/www.forumviseu.net\/\",\"logo\":{\"@type\":\"ImageObject\",\"inLanguage\":\"en-US\",\"@id\":\"https:\/\/www.forumviseu.net\/#\/schema\/logo\/image\/\",\"url\":\"https:\/\/www.forumviseu.net\/wp-content\/uploads\/sites\/15\/logo.png\",\"contentUrl\":\"https:\/\/www.forumviseu.net\/wp-content\/uploads\/sites\/15\/logo.png\",\"caption\":\"Forum Viseu\"},\"image\":{\"@id\":\"https:\/\/www.forumviseu.net\/#\/schema\/logo\/image\/\"}}]}<\/script>\n<!-- \/ Yoast SEO plugin. -->","yoast_head_json":{"title":"Este Natal a M\u00fasica toca a todos. E tu, vais brilhar? - Forum Viseu","robots":{"index":"index","follow":"follow","max-snippet":"max-snippet:-1","max-image-preview":"max-image-preview:large","max-video-preview":"max-video-preview:-1"},"canonical":"https:\/\/www.forumviseu.net\/en\/events\/este-natal-a-musica-toca-a-todos-e-tu-vais-brilhar\/","og_locale":"en_US","og_type":"article","og_title":"Este Natal a M\u00fasica toca a todos. E tu, vais brilhar? - Forum Viseu","og_description":"Se tens entre 3 a 12 anos, jeito para cantar, tocar, dan\u00e7ar ou atuar, esta divers\u00e3o \u00e9 para ti! Este Natal, o Gui fez uma can\u00e7\u00e3o para todos e s\u00f3 tens que a interpretar com o melhor dos teus talentos. Vai a www.livrodogui.com, conhece a can\u00e7\u00e3o que o Gui fez este Natal, grava a tua [&hellip;]","og_url":"https:\/\/www.forumviseu.net\/en\/events\/este-natal-a-musica-toca-a-todos-e-tu-vais-brilhar\/","og_site_name":"Forum Viseu","og_image":[{"width":750,"height":502,"url":"https:\/\/www.forumviseu.net\/wp-content\/uploads\/sites\/15\/events\/estenatalamusicatocaatodos.etu_vaisbrilhar.jpg","type":"image\/jpeg"}],"twitter_card":"summary_large_image","twitter_misc":{"Est. reading time":"2 minutes"},"schema":{"@context":"https:\/\/schema.org","@graph":[{"@type":"WebPage","@id":"https:\/\/www.forumviseu.net\/en\/events\/este-natal-a-musica-toca-a-todos-e-tu-vais-brilhar\/","url":"https:\/\/www.forumviseu.net\/en\/events\/este-natal-a-musica-toca-a-todos-e-tu-vais-brilhar\/","name":"Este Natal a M\u00fasica toca a todos. E tu, vais brilhar? - Forum Viseu","isPartOf":{"@id":"https:\/\/www.forumviseu.net\/#website"},"primaryImageOfPage":{"@id":"https:\/\/www.forumviseu.net\/en\/events\/este-natal-a-musica-toca-a-todos-e-tu-vais-brilhar\/#primaryimage"},"image":{"@id":"https:\/\/www.forumviseu.net\/en\/events\/este-natal-a-musica-toca-a-todos-e-tu-vais-brilhar\/#primaryimage"},"thumbnailUrl":"https:\/\/www.forumviseu.net\/wp-content\/uploads\/sites\/15\/events\/estenatalamusicatocaatodos.etu_vaisbrilhar.jpg","datePublished":"2013-11-19T01:01:01+00:00","dateModified":"2013-11-19T01:01:01+00:00","breadcrumb":{"@id":"https:\/\/www.forumviseu.net\/en\/events\/este-natal-a-musica-toca-a-todos-e-tu-vais-brilhar\/#breadcrumb"},"inLanguage":"en-US","potentialAction":[{"@type":"ReadAction","target":["https:\/\/www.forumviseu.net\/en\/events\/este-natal-a-musica-toca-a-todos-e-tu-vais-brilhar\/"]}]},{"@type":"ImageObject","inLanguage":"en-US","@id":"https:\/\/www.forumviseu.net\/en\/events\/este-natal-a-musica-toca-a-todos-e-tu-vais-brilhar\/#primaryimage","url":"https:\/\/www.forumviseu.net\/wp-content\/uploads\/sites\/15\/events\/estenatalamusicatocaatodos.etu_vaisbrilhar.jpg","contentUrl":"https:\/\/www.forumviseu.net\/wp-content\/uploads\/sites\/15\/events\/estenatalamusicatocaatodos.etu_vaisbrilhar.jpg","width":750,"height":502},{"@type":"BreadcrumbList","@id":"https:\/\/www.forumviseu.net\/en\/events\/este-natal-a-musica-toca-a-todos-e-tu-vais-brilhar\/#breadcrumb","itemListElement":[{"@type":"ListItem","position":1,"name":"Events","item":"https:\/\/www.forumviseu.net\/events\/"},{"@type":"ListItem","position":2,"name":"Este Natal a M\u00fasica toca a todos. E tu, vais brilhar?"}]},{"@type":"WebSite","@id":"https:\/\/www.forumviseu.net\/#website","url":"https:\/\/www.forumviseu.net\/","name":"Forum Viseu","description":"Ser Quem Sou","publisher":{"@id":"https:\/\/www.forumviseu.net\/#organization"},"potentialAction":[{"@type":"SearchAction","target":{"@type":"EntryPoint","urlTemplate":"https:\/\/www.forumviseu.net\/?s={search_term_string}"},"query-input":"required name=search_term_string"}],"inLanguage":"en-US"},{"@type":"Organization","@id":"https:\/\/www.forumviseu.net\/#organization","name":"Forum Viseu","url":"https:\/\/www.forumviseu.net\/","logo":{"@type":"ImageObject","inLanguage":"en-US","@id":"https:\/\/www.forumviseu.net\/#\/schema\/logo\/image\/","url":"https:\/\/www.forumviseu.net\/wp-content\/uploads\/sites\/15\/logo.png","contentUrl":"https:\/\/www.forumviseu.net\/wp-content\/uploads\/sites\/15\/logo.png","caption":"Forum Viseu"},"image":{"@id":"https:\/\/www.forumviseu.net\/#\/schema\/logo\/image\/"}}]}},"_links":{"self":[{"href":"https:\/\/www.forumviseu.net\/en\/wp-json\/wp\/v2\/events\/1055","targetHints":{"allow":["GET"]}}],"collection":[{"href":"https:\/\/www.forumviseu.net\/en\/wp-json\/wp\/v2\/events"}],"about":[{"href":"https:\/\/www.forumviseu.net\/en\/wp-json\/wp\/v2\/types\/events"}],"wp:featuredmedia":[{"embeddable":true,"href":"https:\/\/www.forumviseu.net\/en\/wp-json\/wp\/v2\/media\/936"}],"wp:attachment":[{"href":"https:\/\/www.forumviseu.net\/en\/wp-json\/wp\/v2\/media?parent=1055"}],"curies":[{"name":"wp","href":"https:\/\/api.w.org\/{rel}","templated":true}]}}