{"id":1076,"date":"2019-09-02T01:01:01","date_gmt":"2019-09-02T01:01:01","guid":{"rendered":"https:\/\/www.forumviseu.net\/events\/manifesto-moda\/"},"modified":"2019-09-02T01:01:01","modified_gmt":"2019-09-02T01:01:01","slug":"manifesto-moda","status":"publish","type":"events","link":"https:\/\/www.forumviseu.net\/en\/events\/manifesto-moda\/","title":{"rendered":"MANIFESTO MODA"},"content":{"rendered":"<p> \t&nbsp;<\/p>\n<p> \t<strong>MANIFESTO MODA &#8211;&nbsp; 14 DE SETEMBRO | 15H \/ 22H30<\/strong><\/p>\n<p> \tNo seu 14\u00ba anivers\u00e1rio, o Forum Viseu veste-se a rigor para receber as conversas, os desfiles, os manifestos e as a\u00e7\u00f5es que podem ajudar a dar outra cor ao amanh\u00e3.<\/p>\n<p> \t<strong>MANIFESTO MODA, <\/strong>um evento que aborda a sustentabilidade e que entre muitas atividades contar\u00e1 com a presen\u00e7a de <strong>Maria Cerqueira&nbsp;Gomes<\/strong>, <strong>Ana Rita Clara<\/strong>&nbsp;e das bloggers&nbsp;<strong>Fernanda Velez e Nica<\/strong>.<\/p>\n<p align=\"center\"> \t<strong>MANIFESTO MODA<\/strong><\/p>\n<p align=\"center\"> \t<strong>15h00 \u00e0s 22h00<\/strong><\/p>\n<p align=\"center\"> \t<strong>Swap Market<\/strong>&nbsp;&#8211; um mercado de trocas \u2013 O local certo para trocar o que j\u00e1 n\u00e3o usa por outras pe\u00e7as, pontuado por diversas instala\u00e7\u00f5es art\u00edsticas.<\/p>\n<p align=\"center\"> \t&nbsp;<\/p>\n<p align=\"center\"> \t<strong>Painel Manifesto Moda &#8211;&nbsp;<\/strong>Um mural onde as marcas se v\u00e3o cruzar com as mensagens do p\u00fablico.<\/p>\n<p align=\"center\"> \t&nbsp;<\/p>\n<p align=\"center\"> \t<strong>19h00 \u00e0s 20h00<\/strong><\/p>\n<p align=\"center\"> \t<strong>Tert\u00falia &#8211;&nbsp;<\/strong>Ana Rita Clara, Fernanda Velez e Nica ir\u00e3o sentar-se \u00e0 conversa com o p\u00fablico sobre a mudan\u00e7a de paradigma a que assistimos neste mercado global e em particular mo sector da moda, bem como as altera\u00e7\u00f5es que muitas marcas est\u00e3o j\u00e1 a operar na sele\u00e7\u00e3o das mat\u00e9rias primas, m\u00e9todos de produ\u00e7\u00e3o e rela\u00e7\u00e3o com o consumidor.<\/p>\n<p align=\"center\"> \t&nbsp;<\/p>\n<p align=\"center\"> \t<strong>20h00 \u00e0s 21h00<\/strong><\/p>\n<p align=\"center\"> \t<strong>Desfile&nbsp;<\/strong>&#8211; Maria Cerqueira Gomes apresenta as cole\u00e7\u00f5es outono\/inverno das lojas do Forum Viseu.<\/p>\n<p align=\"center\"> \t&nbsp;<\/p>\n<p align=\"center\"> \t<strong>21h00 \u00e0s 22h30<\/strong><\/p>\n<p align=\"center\"> \t<strong>After-party&nbsp;<\/strong>&#8211; Bolo do 14\u00ba anivers\u00e1rio do Forum Viseu em ambiente de festa.<\/p>\n<p> \t&nbsp;<\/p>\n<p> \t<strong style=\"font-size: 14px;\">FORUM VISEU. ENCONTRAMO-NOS AQUI?<\/strong><\/p>\n","protected":false},"featured_media":1020,"template":"","class_list":["post-1076","events","type-events","status-publish","has-post-thumbnail","hentry"],"yoast_head":"<!-- This site is optimized with the Yoast SEO plugin v22.2 - https:\/\/yoast.com\/wordpress\/plugins\/seo\/ -->\n<title>MANIFESTO MODA - Forum Viseu<\/title>\n<meta name=\"robots\" content=\"index, follow, max-snippet:-1, max-image-preview:large, max-video-preview:-1\" \/>\n<link rel=\"canonical\" href=\"https:\/\/www.forumviseu.net\/en\/events\/manifesto-moda\/\" \/>\n<meta property=\"og:locale\" content=\"en_US\" \/>\n<meta property=\"og:type\" content=\"article\" \/>\n<meta property=\"og:title\" content=\"MANIFESTO MODA - Forum Viseu\" \/>\n<meta property=\"og:description\" content=\"&nbsp; MANIFESTO MODA &#8211;&nbsp; 14 DE SETEMBRO | 15H \/ 22H30 No seu 14\u00ba anivers\u00e1rio, o Forum Viseu veste-se a rigor para receber as conversas, os desfiles, os manifestos e as a\u00e7\u00f5es que podem ajudar a dar outra cor ao amanh\u00e3. MANIFESTO MODA, um evento que aborda a sustentabilidade e que entre muitas atividades contar\u00e1 [&hellip;]\" \/>\n<meta property=\"og:url\" content=\"https:\/\/www.forumviseu.net\/en\/events\/manifesto-moda\/\" \/>\n<meta property=\"og:site_name\" content=\"Forum Viseu\" \/>\n<meta property=\"og:image\" content=\"https:\/\/www.forumviseu.net\/wp-content\/uploads\/sites\/15\/events\/manifestomoda.jpg\" \/>\n\t<meta property=\"og:image:width\" content=\"720\" \/>\n\t<meta property=\"og:image:height\" content=\"432\" \/>\n\t<meta property=\"og:image:type\" content=\"image\/jpeg\" \/>\n<meta name=\"twitter:card\" content=\"summary_large_image\" \/>\n<meta name=\"twitter:label1\" content=\"Est. reading time\" \/>\n\t<meta name=\"twitter:data1\" content=\"1 minute\" \/>\n<script type=\"application\/ld+json\" class=\"yoast-schema-graph\">{\"@context\":\"https:\/\/schema.org\",\"@graph\":[{\"@type\":\"WebPage\",\"@id\":\"https:\/\/www.forumviseu.net\/en\/events\/manifesto-moda\/\",\"url\":\"https:\/\/www.forumviseu.net\/en\/events\/manifesto-moda\/\",\"name\":\"MANIFESTO MODA - Forum Viseu\",\"isPartOf\":{\"@id\":\"https:\/\/www.forumviseu.net\/#website\"},\"primaryImageOfPage\":{\"@id\":\"https:\/\/www.forumviseu.net\/en\/events\/manifesto-moda\/#primaryimage\"},\"image\":{\"@id\":\"https:\/\/www.forumviseu.net\/en\/events\/manifesto-moda\/#primaryimage\"},\"thumbnailUrl\":\"https:\/\/www.forumviseu.net\/wp-content\/uploads\/sites\/15\/events\/manifestomoda.jpg\",\"datePublished\":\"2019-09-02T01:01:01+00:00\",\"dateModified\":\"2019-09-02T01:01:01+00:00\",\"breadcrumb\":{\"@id\":\"https:\/\/www.forumviseu.net\/en\/events\/manifesto-moda\/#breadcrumb\"},\"inLanguage\":\"en-US\",\"potentialAction\":[{\"@type\":\"ReadAction\",\"target\":[\"https:\/\/www.forumviseu.net\/en\/events\/manifesto-moda\/\"]}]},{\"@type\":\"ImageObject\",\"inLanguage\":\"en-US\",\"@id\":\"https:\/\/www.forumviseu.net\/en\/events\/manifesto-moda\/#primaryimage\",\"url\":\"https:\/\/www.forumviseu.net\/wp-content\/uploads\/sites\/15\/events\/manifestomoda.jpg\",\"contentUrl\":\"https:\/\/www.forumviseu.net\/wp-content\/uploads\/sites\/15\/events\/manifestomoda.jpg\",\"width\":720,\"height\":432},{\"@type\":\"BreadcrumbList\",\"@id\":\"https:\/\/www.forumviseu.net\/en\/events\/manifesto-moda\/#breadcrumb\",\"itemListElement\":[{\"@type\":\"ListItem\",\"position\":1,\"name\":\"Events\",\"item\":\"https:\/\/www.forumviseu.net\/events\/\"},{\"@type\":\"ListItem\",\"position\":2,\"name\":\"MANIFESTO MODA\"}]},{\"@type\":\"WebSite\",\"@id\":\"https:\/\/www.forumviseu.net\/#website\",\"url\":\"https:\/\/www.forumviseu.net\/\",\"name\":\"Forum Viseu\",\"description\":\"Ser Quem Sou\",\"publisher\":{\"@id\":\"https:\/\/www.forumviseu.net\/#organization\"},\"potentialAction\":[{\"@type\":\"SearchAction\",\"target\":{\"@type\":\"EntryPoint\",\"urlTemplate\":\"https:\/\/www.forumviseu.net\/?s={search_term_string}\"},\"query-input\":\"required name=search_term_string\"}],\"inLanguage\":\"en-US\"},{\"@type\":\"Organization\",\"@id\":\"https:\/\/www.forumviseu.net\/#organization\",\"name\":\"Forum Viseu\",\"url\":\"https:\/\/www.forumviseu.net\/\",\"logo\":{\"@type\":\"ImageObject\",\"inLanguage\":\"en-US\",\"@id\":\"https:\/\/www.forumviseu.net\/#\/schema\/logo\/image\/\",\"url\":\"https:\/\/www.forumviseu.net\/wp-content\/uploads\/sites\/15\/logo.png\",\"contentUrl\":\"https:\/\/www.forumviseu.net\/wp-content\/uploads\/sites\/15\/logo.png\",\"caption\":\"Forum Viseu\"},\"image\":{\"@id\":\"https:\/\/www.forumviseu.net\/#\/schema\/logo\/image\/\"}}]}<\/script>\n<!-- \/ Yoast SEO plugin. -->","yoast_head_json":{"title":"MANIFESTO MODA - Forum Viseu","robots":{"index":"index","follow":"follow","max-snippet":"max-snippet:-1","max-image-preview":"max-image-preview:large","max-video-preview":"max-video-preview:-1"},"canonical":"https:\/\/www.forumviseu.net\/en\/events\/manifesto-moda\/","og_locale":"en_US","og_type":"article","og_title":"MANIFESTO MODA - Forum Viseu","og_description":"&nbsp; MANIFESTO MODA &#8211;&nbsp; 14 DE SETEMBRO | 15H \/ 22H30 No seu 14\u00ba anivers\u00e1rio, o Forum Viseu veste-se a rigor para receber as conversas, os desfiles, os manifestos e as a\u00e7\u00f5es que podem ajudar a dar outra cor ao amanh\u00e3. MANIFESTO MODA, um evento que aborda a sustentabilidade e que entre muitas atividades contar\u00e1 [&hellip;]","og_url":"https:\/\/www.forumviseu.net\/en\/events\/manifesto-moda\/","og_site_name":"Forum Viseu","og_image":[{"width":720,"height":432,"url":"https:\/\/www.forumviseu.net\/wp-content\/uploads\/sites\/15\/events\/manifestomoda.jpg","type":"image\/jpeg"}],"twitter_card":"summary_large_image","twitter_misc":{"Est. reading time":"1 minute"},"schema":{"@context":"https:\/\/schema.org","@graph":[{"@type":"WebPage","@id":"https:\/\/www.forumviseu.net\/en\/events\/manifesto-moda\/","url":"https:\/\/www.forumviseu.net\/en\/events\/manifesto-moda\/","name":"MANIFESTO MODA - Forum Viseu","isPartOf":{"@id":"https:\/\/www.forumviseu.net\/#website"},"primaryImageOfPage":{"@id":"https:\/\/www.forumviseu.net\/en\/events\/manifesto-moda\/#primaryimage"},"image":{"@id":"https:\/\/www.forumviseu.net\/en\/events\/manifesto-moda\/#primaryimage"},"thumbnailUrl":"https:\/\/www.forumviseu.net\/wp-content\/uploads\/sites\/15\/events\/manifestomoda.jpg","datePublished":"2019-09-02T01:01:01+00:00","dateModified":"2019-09-02T01:01:01+00:00","breadcrumb":{"@id":"https:\/\/www.forumviseu.net\/en\/events\/manifesto-moda\/#breadcrumb"},"inLanguage":"en-US","potentialAction":[{"@type":"ReadAction","target":["https:\/\/www.forumviseu.net\/en\/events\/manifesto-moda\/"]}]},{"@type":"ImageObject","inLanguage":"en-US","@id":"https:\/\/www.forumviseu.net\/en\/events\/manifesto-moda\/#primaryimage","url":"https:\/\/www.forumviseu.net\/wp-content\/uploads\/sites\/15\/events\/manifestomoda.jpg","contentUrl":"https:\/\/www.forumviseu.net\/wp-content\/uploads\/sites\/15\/events\/manifestomoda.jpg","width":720,"height":432},{"@type":"BreadcrumbList","@id":"https:\/\/www.forumviseu.net\/en\/events\/manifesto-moda\/#breadcrumb","itemListElement":[{"@type":"ListItem","position":1,"name":"Events","item":"https:\/\/www.forumviseu.net\/events\/"},{"@type":"ListItem","position":2,"name":"MANIFESTO MODA"}]},{"@type":"WebSite","@id":"https:\/\/www.forumviseu.net\/#website","url":"https:\/\/www.forumviseu.net\/","name":"Forum Viseu","description":"Ser Quem Sou","publisher":{"@id":"https:\/\/www.forumviseu.net\/#organization"},"potentialAction":[{"@type":"SearchAction","target":{"@type":"EntryPoint","urlTemplate":"https:\/\/www.forumviseu.net\/?s={search_term_string}"},"query-input":"required name=search_term_string"}],"inLanguage":"en-US"},{"@type":"Organization","@id":"https:\/\/www.forumviseu.net\/#organization","name":"Forum Viseu","url":"https:\/\/www.forumviseu.net\/","logo":{"@type":"ImageObject","inLanguage":"en-US","@id":"https:\/\/www.forumviseu.net\/#\/schema\/logo\/image\/","url":"https:\/\/www.forumviseu.net\/wp-content\/uploads\/sites\/15\/logo.png","contentUrl":"https:\/\/www.forumviseu.net\/wp-content\/uploads\/sites\/15\/logo.png","caption":"Forum Viseu"},"image":{"@id":"https:\/\/www.forumviseu.net\/#\/schema\/logo\/image\/"}}]}},"_links":{"self":[{"href":"https:\/\/www.forumviseu.net\/en\/wp-json\/wp\/v2\/events\/1076","targetHints":{"allow":["GET"]}}],"collection":[{"href":"https:\/\/www.forumviseu.net\/en\/wp-json\/wp\/v2\/events"}],"about":[{"href":"https:\/\/www.forumviseu.net\/en\/wp-json\/wp\/v2\/types\/events"}],"wp:featuredmedia":[{"embeddable":true,"href":"https:\/\/www.forumviseu.net\/en\/wp-json\/wp\/v2\/media\/1020"}],"wp:attachment":[{"href":"https:\/\/www.forumviseu.net\/en\/wp-json\/wp\/v2\/media?parent=1076"}],"curies":[{"name":"wp","href":"https:\/\/api.w.org\/{rel}","templated":true}]}}