{"id":2096,"date":"2021-12-03T08:17:36","date_gmt":"2021-12-03T08:17:36","guid":{"rendered":"https:\/\/forumviseu.net\/events\/2091\/"},"modified":"2022-03-07T08:19:19","modified_gmt":"2022-03-07T08:19:19","slug":"2091","status":"publish","type":"events","link":"https:\/\/www.forumviseu.net\/en\/events\/2091\/","title":{"rendered":"CAMPANHA COMERCIAL NATAL 2021"},"content":{"rendered":"<div>REGULAMENTO CAMPANHA COMERCIAL NATAL 2021<\/div>\n<div>&#8220;O Brilho do Natal Est\u00e1 em dar e receber&#8221;<\/div>\n<div><\/div>\n<div>1. Entidade Promotora<\/div>\n<div><\/div>\n<div>CA PATRIM\u00d3NIO CRESCENTE &#8211; FUNDO DE INVESTIMENTO IMOBILI\u00c1RIO ABERTO, NIPC n\u00ba 720005418, gerido e legalmente representado pela SQUARE ASSET MANAGEMENT &#8211; SOCIEDADE GESTORA DE FUNDOS DE INVESTIMENTO IMOBILI\u00c1RIO sede, SA, com a das Am\u00e9ricas, Rua 3 \u00b0 Galvan, com.\u00a0&#8220;O&#8221;, Campo de Ourique, 1070-274 Lisboa, concelho de Lisboa, NIPC e de matr\u00edcula na Conservat\u00f3ria do Registo Comercial de Lisboa 502 388 811, com o capital social de Euros: 375.000, fundo propriet\u00e1rio do Forum Viseu, vai levar a cabo entre os dias 04 e 12 de dezembro de 2021, uma campanha comercial denominada &#8220;O Brilho do Natal est\u00e1 em dar e receber&#8221;, a qual obedecer\u00e1 aos termos e condi\u00e7\u00f5es abaixo anteriores.<\/div>\n<div><\/div>\n<div>2. Participantes<\/div>\n<div><\/div>\n<div>2.1.\u00a0Esta Campanha destina-se a clientes do Centro Comercial Forum Viseu com idade igual ou superior a dezoito anos, que realiza, nas datas indicadas no ponto 3.1, compras que perfa\u00e7am um valor total, igual ou superior a 50 \u20ac (cinquenta euros), nas lojas situadas no Centro Comercial Forum Viseu com exce\u00e7\u00e3o do supermercado Pingo Doce e dos seguintes espa\u00e7os e servi\u00e7os: Espa\u00e7os de Aluguer Tempor\u00e1rios, Cart\u00f5es Presentes, tal\u00f5es de jogos de sorte \/ azar, carregamentos de telem\u00f3vel, pagamento de servi\u00e7os de telecomunica\u00e7\u00f5es (telem\u00f3vel, telefone, internet, &#8230;)<\/div>\n<div><\/div>\n<div>2.2. N\u00e3o ser\u00e1 admitida a participa\u00e7\u00e3o na presente campanha de (i) administradores ou empregados, funcion\u00e1rios ou colaboradores da entidade promotora da campanha; bem como (ii) n\u00e3o ser\u00e1, da mesma forma, admitida a participa\u00e7\u00e3o dos funcion\u00e1rios de lojas do Centro Comercial acima identificado.<\/div>\n<div><\/div>\n<div>3. Dura\u00e7\u00e3o da Campanha<\/div>\n<div>A campanha &#8220;O Brilho do Natal est\u00e1 em dar e receber&#8221; ir\u00e1 funcionar de 04 a 12 de dezembro de 2021 e est\u00e1 definida nas seguintes matrizes:<\/div>\n<div><\/div>\n<div>3.1. Momento da compra: para participar na Campanha o cliente ter\u00e1 de realizar compras entre os dias 04 a 12 de dezembro.<\/div>\n<div><\/div>\n<div>3.2. Momento de atribui\u00e7\u00e3o dos Cart\u00f5es Gift Cards &#8220;Shopping Lovers&#8221; (Cart\u00e3o GC): a troca das faturas das compras realizadas, pelos cart\u00f5es GC de 20\u20ac (nos termos do ponto \/ abaixo) pode ser efetuada a partir das 10h do dia 04 de dezembro de 2021 e at\u00e9 \u00e0s 23h do dia 12 de dezembro de 2021, salvo se o plafond de cart\u00f5es dispon\u00edvel (100 por dia) para cada dia termine antes dessa data (nesse caso, n\u00e3o haver\u00e1 direito a atribui\u00e7\u00e3o de Cart\u00f5es GC).<\/div>\n<div><\/div>\n<div>3.3. Se o plafond di\u00e1rio de cart\u00f5es GC n\u00e3o for todo atribu\u00eddo, o excedente passa para o dia seguinte, acumulando com o plafond desse dia e assim sucessivamente.<\/div>\n<div><\/div>\n<div>3.4. A atribui\u00e7\u00e3o de Cart\u00f5es GC \u00e9 v\u00e1lida apenas para faturas com data do pr\u00f3prio dia, ou seja, as faturas de compra devem ter a data igual \u00e0 data de atribui\u00e7\u00e3o do cart\u00e3o GC, conforme exemplos:<\/div>\n<div><\/div>\n<div>Exemplo1: O cliente faz compras no dia 05 de dezembro de valor igual ou superior a \u20ac50,00.<\/div>\n<div>O cliente apresenta as faturas no dia 5 de dezembro e recebe um cart\u00e3o GC de 20\u20ac.<\/div>\n<div><\/div>\n<div>Exemplo 2: O cliente faz compras no dia 05 de dezembro, de valor igual ou superior a \u20ac50,00 O Cliente apresenta as faturas no dia 06 de dezembro e n\u00e3o tem direito a receber um cart\u00e3o GC de 20\u20ac.<\/div>\n<div><\/div>\n<div>3.5. Defini\u00e7\u00e3o do Cart\u00e3o Gift Card &#8220;Shopping Lovers&#8221; (cart\u00e3o GC): Cart\u00e3o Presente Pr\u00e9-Pago emitido pela Unicre, e vendido no Forum Viseu, n\u00e3o recarreg\u00e1vel e utilizado de forma an\u00f3nima, que tem associada uma conta onde se encontra o valor previamente carregado e que possibilita ao seu Utilizador o pagamento de bens ou servi\u00e7os nos estabelecimentos aderentes \u00e0 rede que aceita o cart\u00e3o em Portugal. A referida rede de estabelecimentos est\u00e1 identificada no pl\u00e1stico e poder\u00e1 estar associada ao Sistema Visa ou MasterCard ou a uma rede mais restrita Privada.<\/div>\n<div>Momento de utiliza\u00e7\u00e3o dos Cart\u00f5es Gift Cards &#8220;Shopping Lovers&#8221; (cart\u00f5es GC): o Gift Card ter\u00e1 indica\u00e7\u00e3o da data de validade e pode ser utilizado em Portugal, designadamente, nas lojas do Forum Viseu.<\/div>\n<div><\/div>\n<div>Exemplo: o cliente faz compras no dia 05 de dezembro de valor igual ou superior a \u20ac50,00. O cliente apresenta as faturas dessas compras nesse dia, 05 de dezembro, para receber o Gift Card a que tem direito com essas faturas. O cliente pode usar o seu Gift Card a partir desse dia nas lojas aderentes.<\/div>\n<div>O Cart\u00e3o, desde que tenha saldo, pode ser utilizado at\u00e9 \u00e0 data de validade impressa no pr\u00f3prio pl\u00e1stico, n\u00e3o podendo ser utilizado ap\u00f3s o \u00faltimo dia do m\u00eas da data de validade.<\/div>\n<div><\/div>\n<div>3.6. O cart\u00e3o GC deve ser usado sob as regras de utiliza\u00e7\u00e3o que lhe ser\u00e3o entregues aquando do cart\u00e3o e dentro do prazo de validade.<\/div>\n<div><\/div>\n<div>3.7. Caso o cliente n\u00e3o utilize o cart\u00e3o GC at\u00e9 \u00e0 data de validade do mesmo, o cart\u00e3o fica caducado, n\u00e3o havendo direito a restitui\u00e7\u00e3o do saldo que eventualmente tenha ficado no cart\u00e3o.<\/div>\n<div><\/div>\n<div>4. Condi\u00e7\u00f5es de Participa\u00e7\u00e3o<\/div>\n<div>Constituem cumulativamente condi\u00e7\u00f5es de participa\u00e7\u00e3o na presente campanha:<\/div>\n<div><\/div>\n<div>4.1. Os clientes t\u00eam de efetuar compras de valor igual ou superior a 50\u20ac (cumulativas ou n\u00e3o) nas lojas situadas no Centro Comercial Forum Viseu, com exce\u00e7\u00e3o das lojas e servi\u00e7os indicados no ponto 2.1. do presente regulamento. As faturas s\u00e3o cumulativas desde que a sua soma perfa\u00e7a um valor de, pelo menos, 50\u20ac (cinquenta euros) num limite di\u00e1rio de 100 cart\u00f5es GC e 1 cart\u00e3o GC por cliente\/ dia, e que cumpram as restantes normas expressas neste regulamento.<\/div>\n<div><\/div>\n<div>4.2. S\u00f3 ser\u00e3o aceites para efeitos de participa\u00e7\u00e3o na campanha, as faturas de compras realizadas entre os dias 04 e 12 de dezembro (inclusive).<\/div>\n<div><\/div>\n<div>4.3. Esta campanha n\u00e3o \u00e9 cumulativa com outras campanhas em vigor promovidas pelo Centro Comercial Forum Viseu.<\/div>\n<div><\/div>\n<div>5. Condi\u00e7\u00f5es de Exclus\u00e3o<\/div>\n<div>Constituem causa de exclus\u00e3o \u00e0 presente campanha:<\/div>\n<div><\/div>\n<div>5.1. Idade inferior a dezoito anos.<\/div>\n<div><\/div>\n<div>5.2. A fatura da compra ser emitida fora das datas da Campanha, indicadas no ponto 3.1.<\/div>\n<div><\/div>\n<div>5.3. A fatura n\u00e3o ter sido validada pelos colaboradores no Balc\u00e3o de Apoio ao Cliente do Forum Viseu nos per\u00edodos indicados no ponto 3.2.<\/div>\n<div><\/div>\n<div>5.4. A n\u00e3o apresenta\u00e7\u00e3o do original da fatura.<\/div>\n<div><\/div>\n<div>5.5. O somat\u00f3rio das faturas das compras realizadas (indicados no ponto 3.1.) para rece\u00e7\u00e3o do cart\u00e3o GC de 20\u20ac apresentar um valor inferior a 50\u20ac (cinquenta euros).<\/div>\n<div><\/div>\n<div>5.6 Apresenta\u00e7\u00e3o de faturas com data diferente da data do pr\u00f3prio dia.<\/div>\n<div><\/div>\n<div>6. Registo das Faturas<\/div>\n<div><\/div>\n<div>6.1. No momento do registo das faturas o cliente poder\u00e1 ter de fazer prova da sua identidade atrav\u00e9s da apresenta\u00e7\u00e3o do seu cart\u00e3o de cidad\u00e3o e\/ou bilhete de identidade.<\/div>\n<div><\/div>\n<div>6.2. O registo das faturas dever\u00e1 ser efetuado a partir das 10h do dia 04 de dezembro e at\u00e9 \u00e0s 23h do dia 14 de dezembro de 2021, salvo se o plafond de cart\u00f5es GC dispon\u00edvel termine antes dessa data, conforme explicado no ponto 3.2. do presente regulamento.<\/div>\n<div><\/div>\n<div>6.3. O registo das faturas dever\u00e1 ser efetuado no Balc\u00e3o de Apoio ao Cliente do Forum Viseu dentro do hor\u00e1rio de funcionamento do mesmo, ou noutro balc\u00e3o que venha a ser implementado para o efeito em hor\u00e1rio e local a anunciar.<\/div>\n<div><\/div>\n<div>6.4. S\u00f3 ser\u00e3o aceites faturas para valida\u00e7\u00e3o e troca por cart\u00f5es GC nas datas e hor\u00e1rios acima referidos. A partir destes per\u00edodos, impreterivelmente, deixar\u00e3o de ser aceites quaisquer faturas para registo ao abrigo desta Campanha. As faturas apresentadas ser\u00e3o registadas, carimbadas e assinadas pelos colaboradores presentes no Balc\u00e3o de Apoio ao Cliente ou outro designado para o efeito, por forma a ficarem inutilizadas novamente para fins desta Campanha.<\/div>\n<div><\/div>\n<div>6.5. S\u00f3 ser\u00e3o aceites faturas originais, n\u00e3o sendo v\u00e1lidos tal\u00f5es comprovativos de pagamento por cart\u00e3o de cr\u00e9dito ou d\u00e9bito, segundas vias e\/ou duplicados, fotoc\u00f3pias e notas de encomenda, consultas de mesa dos tal\u00f5es de compra e tal\u00f5es de troca\/faturas de devolu\u00e7\u00e3o.<\/div>\n<div><\/div>\n<div>6.6. Caso sejam apresentadas faturas originais referentes a compras que beneficiem de outros descontos ou que resultem de campanhas de acumula\u00e7\u00e3o de pontos ou cheques\/cart\u00f5es presente das lojas, o valor a considerar ser\u00e1 o valor efetivamente pago pelo cliente na loja.<\/div>\n<div><\/div>\n<div>6.7. Nas faturas dever\u00e3o constar, de forma leg\u00edvel, o n\u00famero da fatura, a data e hora da(s) compra(s), o estabelecimento comercial onde a compra foi realizada (Forum Viseu) o valor e a loja onde foi efetuadas a(s) compra(s).<\/div>\n<div><\/div>\n<div>6.8. As faturas s\u00f3 poder\u00e3o ser utilizadas uma \u00fanica vez para efeitos desta Campanha.<\/div>\n<div><\/div>\n<div>6.9. Cada Cliente s\u00f3 pode receber 1 cart\u00e3o de 20\u20ac por dia, durante a campanha.<\/div>\n<div><\/div>\n<div>6.10. Cada cliente, ao aderir \u00e0 Campanha, est\u00e1 a dar consentimento expresso e sem reservas para que a Promotora da Campanha guarde os dados referentes \u00e0s faturas, designadamente o registo do seu NIF (n\u00famero de identifica\u00e7\u00e3o fiscal) e\/ou CC (cart\u00e3o de cidad\u00e3o) para efeitos exclusivos da mesma.<\/div>\n<div><\/div>\n<div>6.11. Para efeitos da recolha dos dados indicados no ponto 6.10, o cliente dar\u00e1 o respetivo consentimento, por escrito, aquando da disponibiliza\u00e7\u00e3o dos mesmos.<\/div>\n<div><\/div>\n<div>6.12. O tratamento dos dados pessoais \u00e9 realizado nos termos da Ficha de Informa\u00e7\u00e3o e Tratamento de Dados na Campanha Comercial \u00abO Brilho do Natal est\u00e1 em dar e receber\u00bb.<\/div>\n<div><\/div>\n<div>6.13. S\u00f3 ap\u00f3s a apresenta\u00e7\u00e3o e valida\u00e7\u00e3o da fatura de compra \u00e9 que \u00e9 entregue o cart\u00e3o de 20\u20ac ao cliente.<\/div>\n<div><\/div>\n<div>7. Disposi\u00e7\u00f5es Finais<\/div>\n<div><\/div>\n<div>7.1. Qualquer atividade fraudulenta ou a falta de cumprimento das regras desta Campanha poder\u00e3o resultar na exclus\u00e3o do participante. Assim, n\u00e3o ser\u00e3o consideradas v\u00e1lidas as participa\u00e7\u00f5es em que os dados fornecidos indiciem d\u00favidas e\/ou sejam considerados falsos, ou que de alguma forma tentem viciar as regras do presente regulamento.<\/div>\n<div><\/div>\n<div>7.2. \u00c9 proibida a participa\u00e7\u00e3o no presente passatempo para fins contr\u00e1rios \u00e0 Lei, que suponham um preju\u00edzo para terceiros, ou de qualquer forma lesem a sua honra, dignidade, imagem, intimidade, cren\u00e7as religiosas, ideologias ou qualquer outro direito reconhecido legalmente.<\/div>\n<div><\/div>\n<div>7.3. A entidade promotora da presente Campanha declina qualquer responsabilidade por erros n\u00e3o grosseiros na transmiss\u00e3o de informa\u00e7\u00e3o respeitante \u00e0 Campanha.<\/div>\n<div><\/div>\n<div>7.4. Quaisquer d\u00favidas sobre a interpreta\u00e7\u00e3o e aplica\u00e7\u00e3o do regulamento dever\u00e3o ser esclarecidas, analisadas e decididas pela entidade promotora da presente Campanha.<\/div>\n<div><\/div>\n<div>7.5. Qualquer reclama\u00e7\u00e3o ou esclarecimento de d\u00favidas dever\u00e1 ser esclarecida com a administra\u00e7\u00e3o do Centro Comercial Forum Viseu.<\/div>\n<div><\/div>\n<div>7.6. Os termos e condi\u00e7\u00f5es da presente Campanha ficam sujeitos \u00e0 lei portuguesa. Quaisquer lit\u00edgios, diferendos ou conflitos referentes \u00e0 interpreta\u00e7\u00e3o, validade ou cumprimento do presente Regulamento ficam sujeitos \u00e0 jurisdi\u00e7\u00e3o e compet\u00eancia do foro da comarca de Lisboa<\/div>\n<div><\/div>\n<div>8. A participa\u00e7\u00e3o implica ainda a total aceita\u00e7\u00e3o:<\/div>\n<div><\/div>\n<div>8.1. A participa\u00e7\u00e3o na Campanha implica o conhecimento e a aceita\u00e7\u00e3o autom\u00e1tica dos termos e condi\u00e7\u00f5es apresentados neste regulamento.<\/div>\n<div><\/div>\n<div>8.2. De todas as decis\u00f5es da organiza\u00e7\u00e3o que sejam necess\u00e1rias tomar para ir apurando o modelo da Campanha.<\/div>\n<div><\/div>\n<div>9. Divulga\u00e7\u00e3o da Campanha<\/div>\n<div>A divulga\u00e7\u00e3o da presente Campanha ser\u00e1 feita no interior e exterior do Centro Comercial Forum Viseu, obrigando-se a entidade promotora a expor claramente todas as condi\u00e7\u00f5es respeitantes ao mesmo, de acordo com a Legisla\u00e7\u00e3o em vigor, em regulamento dispon\u00edvel no Balc\u00e3o de Apoio ao Cliente e no site do centro comercial.<\/div>\n<div><\/div>\n<div>10. Altera\u00e7\u00e3o ao Regulamento<\/div>\n<div>Todos os pontos do presente regulamento poder\u00e3o ser alterados a qualquer momento pela sociedade promotora, sem aviso pr\u00e9vio, sendo, no entanto, as altera\u00e7\u00f5es devidamente publicitadas.<\/div>\n<div><\/div>\n<div>11. Cancelamento da Campanha<\/div>\n<div>A CA PATRIM\u00d3NIO CRESCENTE \u2013 FUNDO DE INVESTIMENTO IMOBILI\u00c1RIO ABERTO, propriet\u00e1ria do Forum Viseu, reserva-se o direito de, a qualquer momento, cancelar a presente Campanha, sem que os clientes e\/ou lojas aderentes possam invocar o direito a qualquer compensa\u00e7\u00e3o ou indeminiza\u00e7\u00e3o por for\u00e7a de tal cancelamento.<\/div>\n<div><\/div>\n<div>12. Responsabilidade da Empresa Promotora<\/div>\n<div><\/div>\n<div>12.1. Modifica\u00e7\u00f5es e\/ou anexos: A Promotora reserva-se o direito de efetuar altera\u00e7\u00f5es ou aditar anexos posteriores sobre o funcionamento da Campanha, sempre que os mesmos se justifiquem ou n\u00e3o prejudiquem os participantes, e que sejam devidamente comunicados aos mesmos.<\/div>\n<div><\/div>\n<div>12,2.\u00a0Em nenhuma circunst\u00e2ncia, obrigado a ser imputadas responsabilidades \u00e0 Promotora por registros perdidos, atrasados, mal endere\u00e7ados, danificados, inv\u00e1lidos, extraviados ou preenchidos, por motivos que n\u00e3o lhe sejam imput\u00e1veis.\u00a0A promotora considera-se igualmente alheia a qualquer acontecimento de for\u00e7a maior (tais como greves, encerramentos inevit\u00e1veis), que pode condicionar ou afetar o gozo e \/ ou usufruto, total ou parcial, de qualquer dos pr\u00e9mios vencidos.<\/div>\n<div><\/div>\n<div>12,3.\u00a0A Promotora declina toda e qualquer responsabilidade caso se relacione um dos casos mencionados.<\/div>\n<div><\/div>\n<div>12,4.\u00a0Caso a Campanha n\u00e3o se possa realizar, quer seja por fraudes detetadas no mesmo, erros t\u00e9cnicos, ou qualquer outro motivo que ultrapasse o controlo da empresa promotora e que afete o normal desenrolar do passatempo, uma Promotora reserva-se o direito de cancelar, modificar , modificar, modificar e \/ ou suspender o mesmo sem que os clientes e \/ ou lojas aderentes possa invocar o direito a qualquer compensa\u00e7\u00e3o ou indeminiza\u00e7\u00e3o por for\u00e7a de tal cancela\u00e7\u00e3o.<\/div>\n<div><\/div>\n<div><\/div>\n<div><\/div>\n<div>Data: Viseu, 30 de novembro de 2021<\/div>\n<div>Vers\u00e3o do Regulamento: Vers\u00e3o 1 de 2021<\/div>\n","protected":false},"featured_media":2084,"template":"","class_list":["post-2096","events","type-events","status-publish","has-post-thumbnail","hentry"],"yoast_head":"<!-- This site is optimized with the Yoast SEO plugin v22.2 - https:\/\/yoast.com\/wordpress\/plugins\/seo\/ -->\n<title>CAMPANHA COMERCIAL NATAL 2021 - Forum Viseu<\/title>\n<meta name=\"robots\" content=\"index, follow, max-snippet:-1, max-image-preview:large, max-video-preview:-1\" \/>\n<link rel=\"canonical\" href=\"https:\/\/www.forumviseu.net\/en\/events\/2091\/\" \/>\n<meta property=\"og:locale\" content=\"en_US\" \/>\n<meta property=\"og:type\" content=\"article\" \/>\n<meta property=\"og:title\" content=\"CAMPANHA COMERCIAL NATAL 2021 - Forum Viseu\" \/>\n<meta property=\"og:description\" content=\"REGULAMENTO CAMPANHA COMERCIAL NATAL 2021 &#8220;O Brilho do Natal Est\u00e1 em dar e receber&#8221; 1. Entidade Promotora CA PATRIM\u00d3NIO CRESCENTE &#8211; FUNDO DE INVESTIMENTO IMOBILI\u00c1RIO ABERTO, NIPC n\u00ba 720005418, gerido e legalmente representado pela SQUARE ASSET MANAGEMENT &#8211; SOCIEDADE GESTORA DE FUNDOS DE INVESTIMENTO IMOBILI\u00c1RIO sede, SA, com a das Am\u00e9ricas, Rua 3 \u00b0 Galvan, [&hellip;]\" \/>\n<meta property=\"og:url\" content=\"https:\/\/www.forumviseu.net\/en\/events\/2091\/\" \/>\n<meta property=\"og:site_name\" content=\"Forum Viseu\" \/>\n<meta property=\"article:modified_time\" content=\"2022-03-07T08:19:19+00:00\" \/>\n<meta property=\"og:image\" content=\"https:\/\/www.forumviseu.net\/wp-content\/uploads\/sites\/15\/2022\/03\/natal2021-1.jpg\" \/>\n\t<meta property=\"og:image:width\" content=\"532\" \/>\n\t<meta property=\"og:image:height\" content=\"387\" \/>\n\t<meta property=\"og:image:type\" content=\"image\/jpeg\" \/>\n<meta name=\"twitter:card\" content=\"summary_large_image\" \/>\n<meta name=\"twitter:label1\" content=\"Est. reading time\" \/>\n\t<meta name=\"twitter:data1\" content=\"10 minutes\" \/>\n<script type=\"application\/ld+json\" class=\"yoast-schema-graph\">{\"@context\":\"https:\/\/schema.org\",\"@graph\":[{\"@type\":\"WebPage\",\"@id\":\"https:\/\/www.forumviseu.net\/en\/events\/2091\/\",\"url\":\"https:\/\/www.forumviseu.net\/en\/events\/2091\/\",\"name\":\"CAMPANHA COMERCIAL NATAL 2021 - Forum Viseu\",\"isPartOf\":{\"@id\":\"https:\/\/www.forumviseu.net\/#website\"},\"primaryImageOfPage\":{\"@id\":\"https:\/\/www.forumviseu.net\/en\/events\/2091\/#primaryimage\"},\"image\":{\"@id\":\"https:\/\/www.forumviseu.net\/en\/events\/2091\/#primaryimage\"},\"thumbnailUrl\":\"https:\/\/www.forumviseu.net\/wp-content\/uploads\/sites\/15\/2022\/03\/natal2021-1.jpg\",\"datePublished\":\"2021-12-03T08:17:36+00:00\",\"dateModified\":\"2022-03-07T08:19:19+00:00\",\"breadcrumb\":{\"@id\":\"https:\/\/www.forumviseu.net\/en\/events\/2091\/#breadcrumb\"},\"inLanguage\":\"en-US\",\"potentialAction\":[{\"@type\":\"ReadAction\",\"target\":[\"https:\/\/www.forumviseu.net\/en\/events\/2091\/\"]}]},{\"@type\":\"ImageObject\",\"inLanguage\":\"en-US\",\"@id\":\"https:\/\/www.forumviseu.net\/en\/events\/2091\/#primaryimage\",\"url\":\"https:\/\/www.forumviseu.net\/wp-content\/uploads\/sites\/15\/2022\/03\/natal2021-1.jpg\",\"contentUrl\":\"https:\/\/www.forumviseu.net\/wp-content\/uploads\/sites\/15\/2022\/03\/natal2021-1.jpg\",\"width\":532,\"height\":387},{\"@type\":\"BreadcrumbList\",\"@id\":\"https:\/\/www.forumviseu.net\/en\/events\/2091\/#breadcrumb\",\"itemListElement\":[{\"@type\":\"ListItem\",\"position\":1,\"name\":\"Events\",\"item\":\"https:\/\/www.forumviseu.net\/events\/\"},{\"@type\":\"ListItem\",\"position\":2,\"name\":\"CAMPANHA COMERCIAL NATAL 2021\"}]},{\"@type\":\"WebSite\",\"@id\":\"https:\/\/www.forumviseu.net\/#website\",\"url\":\"https:\/\/www.forumviseu.net\/\",\"name\":\"Forum Viseu\",\"description\":\"Ser Quem Sou\",\"publisher\":{\"@id\":\"https:\/\/www.forumviseu.net\/#organization\"},\"potentialAction\":[{\"@type\":\"SearchAction\",\"target\":{\"@type\":\"EntryPoint\",\"urlTemplate\":\"https:\/\/www.forumviseu.net\/?s={search_term_string}\"},\"query-input\":\"required name=search_term_string\"}],\"inLanguage\":\"en-US\"},{\"@type\":\"Organization\",\"@id\":\"https:\/\/www.forumviseu.net\/#organization\",\"name\":\"Forum Viseu\",\"url\":\"https:\/\/www.forumviseu.net\/\",\"logo\":{\"@type\":\"ImageObject\",\"inLanguage\":\"en-US\",\"@id\":\"https:\/\/www.forumviseu.net\/#\/schema\/logo\/image\/\",\"url\":\"https:\/\/www.forumviseu.net\/wp-content\/uploads\/sites\/15\/logo.png\",\"contentUrl\":\"https:\/\/www.forumviseu.net\/wp-content\/uploads\/sites\/15\/logo.png\",\"caption\":\"Forum Viseu\"},\"image\":{\"@id\":\"https:\/\/www.forumviseu.net\/#\/schema\/logo\/image\/\"}}]}<\/script>\n<!-- \/ Yoast SEO plugin. -->","yoast_head_json":{"title":"CAMPANHA COMERCIAL NATAL 2021 - Forum Viseu","robots":{"index":"index","follow":"follow","max-snippet":"max-snippet:-1","max-image-preview":"max-image-preview:large","max-video-preview":"max-video-preview:-1"},"canonical":"https:\/\/www.forumviseu.net\/en\/events\/2091\/","og_locale":"en_US","og_type":"article","og_title":"CAMPANHA COMERCIAL NATAL 2021 - Forum Viseu","og_description":"REGULAMENTO CAMPANHA COMERCIAL NATAL 2021 &#8220;O Brilho do Natal Est\u00e1 em dar e receber&#8221; 1. Entidade Promotora CA PATRIM\u00d3NIO CRESCENTE &#8211; FUNDO DE INVESTIMENTO IMOBILI\u00c1RIO ABERTO, NIPC n\u00ba 720005418, gerido e legalmente representado pela SQUARE ASSET MANAGEMENT &#8211; SOCIEDADE GESTORA DE FUNDOS DE INVESTIMENTO IMOBILI\u00c1RIO sede, SA, com a das Am\u00e9ricas, Rua 3 \u00b0 Galvan, [&hellip;]","og_url":"https:\/\/www.forumviseu.net\/en\/events\/2091\/","og_site_name":"Forum Viseu","article_modified_time":"2022-03-07T08:19:19+00:00","og_image":[{"width":532,"height":387,"url":"https:\/\/www.forumviseu.net\/wp-content\/uploads\/sites\/15\/2022\/03\/natal2021-1.jpg","type":"image\/jpeg"}],"twitter_card":"summary_large_image","twitter_misc":{"Est. reading time":"10 minutes"},"schema":{"@context":"https:\/\/schema.org","@graph":[{"@type":"WebPage","@id":"https:\/\/www.forumviseu.net\/en\/events\/2091\/","url":"https:\/\/www.forumviseu.net\/en\/events\/2091\/","name":"CAMPANHA COMERCIAL NATAL 2021 - Forum Viseu","isPartOf":{"@id":"https:\/\/www.forumviseu.net\/#website"},"primaryImageOfPage":{"@id":"https:\/\/www.forumviseu.net\/en\/events\/2091\/#primaryimage"},"image":{"@id":"https:\/\/www.forumviseu.net\/en\/events\/2091\/#primaryimage"},"thumbnailUrl":"https:\/\/www.forumviseu.net\/wp-content\/uploads\/sites\/15\/2022\/03\/natal2021-1.jpg","datePublished":"2021-12-03T08:17:36+00:00","dateModified":"2022-03-07T08:19:19+00:00","breadcrumb":{"@id":"https:\/\/www.forumviseu.net\/en\/events\/2091\/#breadcrumb"},"inLanguage":"en-US","potentialAction":[{"@type":"ReadAction","target":["https:\/\/www.forumviseu.net\/en\/events\/2091\/"]}]},{"@type":"ImageObject","inLanguage":"en-US","@id":"https:\/\/www.forumviseu.net\/en\/events\/2091\/#primaryimage","url":"https:\/\/www.forumviseu.net\/wp-content\/uploads\/sites\/15\/2022\/03\/natal2021-1.jpg","contentUrl":"https:\/\/www.forumviseu.net\/wp-content\/uploads\/sites\/15\/2022\/03\/natal2021-1.jpg","width":532,"height":387},{"@type":"BreadcrumbList","@id":"https:\/\/www.forumviseu.net\/en\/events\/2091\/#breadcrumb","itemListElement":[{"@type":"ListItem","position":1,"name":"Events","item":"https:\/\/www.forumviseu.net\/events\/"},{"@type":"ListItem","position":2,"name":"CAMPANHA COMERCIAL NATAL 2021"}]},{"@type":"WebSite","@id":"https:\/\/www.forumviseu.net\/#website","url":"https:\/\/www.forumviseu.net\/","name":"Forum Viseu","description":"Ser Quem Sou","publisher":{"@id":"https:\/\/www.forumviseu.net\/#organization"},"potentialAction":[{"@type":"SearchAction","target":{"@type":"EntryPoint","urlTemplate":"https:\/\/www.forumviseu.net\/?s={search_term_string}"},"query-input":"required name=search_term_string"}],"inLanguage":"en-US"},{"@type":"Organization","@id":"https:\/\/www.forumviseu.net\/#organization","name":"Forum Viseu","url":"https:\/\/www.forumviseu.net\/","logo":{"@type":"ImageObject","inLanguage":"en-US","@id":"https:\/\/www.forumviseu.net\/#\/schema\/logo\/image\/","url":"https:\/\/www.forumviseu.net\/wp-content\/uploads\/sites\/15\/logo.png","contentUrl":"https:\/\/www.forumviseu.net\/wp-content\/uploads\/sites\/15\/logo.png","caption":"Forum Viseu"},"image":{"@id":"https:\/\/www.forumviseu.net\/#\/schema\/logo\/image\/"}}]}},"_links":{"self":[{"href":"https:\/\/www.forumviseu.net\/en\/wp-json\/wp\/v2\/events\/2096","targetHints":{"allow":["GET"]}}],"collection":[{"href":"https:\/\/www.forumviseu.net\/en\/wp-json\/wp\/v2\/events"}],"about":[{"href":"https:\/\/www.forumviseu.net\/en\/wp-json\/wp\/v2\/types\/events"}],"wp:featuredmedia":[{"embeddable":true,"href":"https:\/\/www.forumviseu.net\/en\/wp-json\/wp\/v2\/media\/2084"}],"wp:attachment":[{"href":"https:\/\/www.forumviseu.net\/en\/wp-json\/wp\/v2\/media?parent=2096"}],"curies":[{"name":"wp","href":"https:\/\/api.w.org\/{rel}","templated":true}]}}