{"id":4605,"date":"2022-07-07T01:01:50","date_gmt":"2022-07-07T01:01:50","guid":{"rendered":"https:\/\/www.forumviseu.net\/events\/comedia-as-tercas\/"},"modified":"2022-07-07T01:01:50","modified_gmt":"2022-07-07T01:01:50","slug":"comedia-as-tercas","status":"publish","type":"events","link":"https:\/\/www.forumviseu.net\/en\/events\/comedia-as-tercas\/","title":{"rendered":"Com\u00e9dia \u00e0s Ter\u00e7as"},"content":{"rendered":"<p><span style=\"font-family: Times New Roman, serif;\"><span style=\"font-family: Calibri, serif;\"><span style=\"font-size: large;\"><b>REGULAMENTO OFERTA DE LUGARES SENTADOS \u201cCOME\u0301DIA A\u0300S TERC\u0327AS\u201d <\/b><\/span><\/span><\/span><\/p>\n<p><span style=\"font-family: Times New Roman, serif;\"><span style=\"font-family: Calibri, serif;\"><span style=\"font-size: small;\"><b>1. Entidade Promotora<br \/>\nCA PATRIMO\u0301NIO CRESCENTE \u2013 FUNDO DE INVESTIMENTO IMOBILIA\u0301RIO ABERTO<\/b><\/span><\/span><span style=\"font-family: Calibri, serif;\"><span style=\"font-size: small;\">, NIPC no 720005418, gerido e legalmente representado pela <\/span><\/span><span style=\"font-family: Calibri, serif;\"><span style=\"font-size: small;\"><b>SQUARE ASSET MANAGEMENT \u2013 SOCIEDADE GESTORA DE FUNDOS DE INVESTIMENTO IMOBILIA\u0301RIO, S.A., <\/b><\/span><\/span><span style=\"font-family: Calibri, serif;\"><span style=\"font-size: small;\">com sede na Rua Tierno Galvan, Torre 3 das Amoreiras, 14.o, frac\u0327a\u0303o \u201cO\u201d, Campo de Ourique, 1070-274 Lisboa, concelho de Lisboa, NIPC e de matri\u0301cula na Conservato\u0301ria do Registo Comercial de Lisboa 502 388 811, com o capital social de Euros: 375.000, fundo proprieta\u0301rio do <\/span><\/span><span style=\"font-family: Calibri, serif;\"><span style=\"font-size: small;\"><b>Forum Viseu<\/b><\/span><\/span><span style=\"font-family: Calibri, serif;\"><span style=\"font-size: small;\">, vai levar a cabo, nos <\/span><\/span><span style=\"font-family: Calibri, serif;\"><span style=\"font-size: small;\"><b>19 e 26 de julho de 2022<\/b><\/span><\/span><span style=\"font-family: Calibri, serif;\"><span style=\"font-size: small;\">, o espeta\u0301culo \u201c<\/span><\/span><span style=\"font-family: Calibri, serif;\"><span style=\"font-size: small;\"><b>Come\u0301dia a\u0300s Terc\u0327as<\/b><\/span><\/span><span style=\"font-family: Calibri, serif;\"><span style=\"font-size: small;\">\u201d, sendo os mesmos de entrada livre. No entanto, sendo o nu\u0301mero de lugares sentados limitado, o Forum Viseu ira\u0301 proceder a\u0300 distribuic\u0327a\u0303o semanal dos lugares disponi\u0301veis para cada espeta\u0301culo, limitado ao nu\u0301mero de lugares sentados disponi\u0301veis, obedecendo aos termos e condic\u0327o\u0303es abaixo descritos. <\/span><\/span><\/span><\/p>\n<p><span style=\"font-family: Times New Roman, serif;\"><span style=\"font-family: Calibri, serif;\"><span style=\"font-size: small;\"><b>2. Participantes <\/b><\/span><\/span><\/span><\/p>\n<p><span style=\"font-family: Times New Roman, serif;\"><span style=\"font-family: Calibri, serif;\"><span style=\"font-size: small;\">2.1. Dirigido a maiores de 18 anos e\/ou a menores de 18 anos acompanhado por um adulto por si responsa\u0301vel; so\u0301 sera\u0303o considerados participantes que respeitem os requisitos especificados neste regulamento. <\/span><\/span><\/span><\/p>\n<p><span style=\"font-family: Times New Roman, serif;\"><span style=\"font-family: Calibri, serif;\"><span style=\"font-size: small;\"><b>3. Procedimento <\/b><\/span><\/span><\/span><\/p>\n<p><span style=\"font-family: Times New Roman, serif;\"><span style=\"font-family: Calibri, serif;\"><span style=\"font-size: small;\">3.1. Todos os espectadores que queiram garantir um lugar sentado \u2013 sujeito ao nu\u0301mero de lugares disponi\u0301veis &#8211; nos 2 espeta\u0301culos \u201cCome\u0301dia a\u0300s Terc\u0327as\u201d, tera\u0303o que se dirigir previamente ao Balca\u0303o de Apoio ao Cliente e fazer o levantamento do(s) bilhete(s), ate\u0301 a\u0300 ve\u0301spera do dia de cada espeta\u0301culo, mediante apresentac\u0327a\u0303o de tala\u0303o de compra com valor mi\u0301nimo de 10\u20ac, realizadas nas lojas do Forum Viseu na semana anterior a cada espeta\u0301culo. <\/span><\/span><\/span><\/p>\n<p><span style=\"font-family: Times New Roman, serif;\"><span style=\"font-family: Calibri, serif;\"><span style=\"font-size: small;\">Exemplos: <\/span><\/span><\/span><\/p>\n<ol>\n<li><span style=\"font-family: Times New Roman, serif;\"><span style=\"font-family: Calibri, serif;\"><span style=\"font-size: small;\">Compras realizadas nas lojas do Forum Viseu entre os dias <\/span><\/span><span style=\"font-family: Calibri, serif;\"><span style=\"font-size: small;\"><b>12 e 18 de julho ate\u0301 a\u0300s 18h00<\/b><\/span><\/span><span style=\"font-family: Calibri, serif;\"><span style=\"font-size: small;\">, <\/span><\/span><\/span><\/li>\n<\/ol>\n<p><span style=\"font-family: Times New Roman, serif;\"><span style=\"font-family: Calibri, serif;\"><span style=\"font-size: small;\">atribuic\u0327a\u0303o de bilhete para lugar sentado do <\/span><\/span><span style=\"font-family: Calibri, serif;\"><span style=\"font-size: small;\"><b>espeta\u0301culo de 19 de julho de 2022<\/b><\/span><\/span><span style=\"font-family: Calibri, serif;\"><span style=\"font-size: small;\">; <\/span><\/span><\/span><\/p>\n<ol start=\"2\">\n<li><span style=\"font-family: Times New Roman, serif;\"><span style=\"font-family: Calibri, serif;\"><span style=\"font-size: small;\">Compras realizadas nas lojas do Forum Viseu entre os dias <\/span><\/span><span style=\"font-family: Calibri, serif;\"><span style=\"font-size: small;\"><b>19 e 25 de julho ate\u0301 a\u0300s 18h00<\/b><\/span><\/span><span style=\"font-family: Calibri, serif;\"><span style=\"font-size: small;\">, <\/span><\/span><\/span><\/li>\n<\/ol>\n<p><span style=\"font-family: Times New Roman, serif;\"><span style=\"font-family: Calibri, serif;\"><span style=\"font-size: small;\">atribuic\u0327a\u0303o de bilhete para lugar sentado do <\/span><\/span><span style=\"font-family: Calibri, serif;\"><span style=\"font-size: small;\"><b>espeta\u0301culo de 26 de julho de 2022<\/b><\/span><\/span><span style=\"font-family: Calibri, serif;\"><span style=\"font-size: small;\">. <\/span><\/span><\/span><\/p>\n<p><span style=\"font-family: Times New Roman, serif;\"><span style=\"font-family: Calibri, serif;\"><span style=\"font-size: small;\">3.2. Um impresso por cada 10\u20ac (dez euros) em compras (valor mi\u0301nimo e na\u0303o acumula\u0301vel).<br \/>\n3.3. Cada pessoa so\u0301 pode levantar ate\u0301 ao ma\u0301ximo de 2 (dois) ingressos por semana, para o espeta\u0301culo semanal em questa\u0303o.<br \/>\n3.4. O stock de bilhetes para lugares sentados e\u0301 limitado ao nu\u0301mero disponi\u0301vel de lugares definidos para cada espeta\u0301culo.<br \/>\n3.5. Na\u0303o existem lugares reservados, pelo que o acesso apenas garante lugar sentado no espac\u0327o definido para efeito, ate\u0301 15 minutos antes do ini\u0301cio do espeta\u0301culo. Findo esse tempo, os lugares livres sera\u0303o distribui\u0301dos por outros espectadores. <\/span><\/span><\/span><\/p>\n<p><span style=\"font-family: Times New Roman, serif;\"><span style=\"font-family: Calibri, serif;\"><span style=\"font-size: small;\"><b>4. Condic\u0327o\u0303es Gerais <\/b><\/span><\/span><\/span><\/p>\n<p><span style=\"font-family: Times New Roman, serif;\"><span style=\"font-family: Calibri, serif;\"><span style=\"font-size: small;\">4.1 O Forum Viseu reserva-se o direito de alterar o regulamento, sempre que entender necessa\u0301rio, tornando-se as alterac\u0327o\u0303es efetivas apo\u0301s a sua publicac\u0327a\u0303o em qualquer uma das suas redes sociais \u2013 Facebook e Instagram.<br \/>\n4.2. O na\u0303o cumprimento das condic\u0327o\u0303es estipuladas no presente regulamento permitira\u0301 ao Forum Viseu, a todo o tempo, desclassificar o participante. Adicionalmente, o Forum Viseu reserva-se o direito exclusivo de negar a participac\u0327a\u0303o a qualquer indivi\u0301duo, caso considere que as regras por si estipuladas tenham sido infringidas. <\/span><\/span><\/span><\/p>\n<p><span style=\"font-family: Times New Roman, serif;\"><span style=\"font-family: Calibri, serif;\"><span style=\"font-size: small;\">4.3 Em caso de erro, mal-entendido ou conflito acerca do funcionamento de quaisquer dos aspetos do presente passatempo, bem como, com respeito a\u0300 atuac\u0327a\u0303o dos participantes, a decisa\u0303o que o Forum Viseu vier a tomar sera\u0301 considerada como definitiva. <\/span><\/span><\/span><\/p>\n<p><span style=\"font-family: Times New Roman, serif;\"><span style=\"font-family: Calibri, serif;\"><span style=\"font-size: small;\">4.4. So\u0301 sera\u0303o aceites para efeitos de participac\u0327a\u0303o, as faturas de compras realizadas entre os dias <\/span><\/span><span style=\"font-family: Calibri, serif;\"><span style=\"font-size: small;\"><b>12 e 18 de julho ate\u0301 a\u0300s 18h00<\/b><\/span><\/span><span style=\"font-family: Calibri, serif;\"><span style=\"font-size: small;\">, para atribuic\u0327a\u0303o de bilhete para lugar sentado do espeta\u0301culo do dia <\/span><\/span><span style=\"font-family: Calibri, serif;\"><span style=\"font-size: small;\"><b>19 de julho de 2022 <\/b><\/span><\/span><span style=\"font-family: Calibri, serif;\"><span style=\"font-size: small;\">e compras realizadas entre os dias <\/span><\/span><span style=\"font-family: Calibri, serif;\"><span style=\"font-size: small;\"><b>19 e 25 de julho ate\u0301 a\u0300s 18h00<\/b><\/span><\/span><span style=\"font-family: Calibri, serif;\"><span style=\"font-size: small;\">, para atribuic\u0327a\u0303o de bilhete para lugar sentado do espeta\u0301culo de <\/span><\/span><span style=\"font-family: Calibri, serif;\"><span style=\"font-size: small;\"><b>26 de julho de 2022. <\/b><\/span><\/span><\/span><\/p>\n<p><span style=\"font-family: Times New Roman, serif;\"><span style=\"font-family: Calibri, serif;\"><span style=\"font-size: small;\"><b>5. Condic\u0327o\u0303es de Exclusa\u0303o <\/b><\/span><\/span><\/span><\/p>\n<p><span style=\"font-family: Times New Roman, serif;\"><span style=\"font-family: Calibri, serif;\"><span style=\"font-size: small;\">Constituem causa de exclusa\u0303o a\u0300 presente campanha: <\/span><\/span><\/span><\/p>\n<p><span style=\"font-family: Times New Roman, serif;\"><span style=\"font-family: Calibri, serif;\"><span style=\"font-size: small;\">5.1. Idade inferior a dezoito anos, quando na\u0303o acompanhado por um adulto por si responsa\u0301vel. <\/span><\/span><\/span><\/p>\n<p><span style=\"font-family: Times New Roman, serif;\"><span style=\"font-family: Calibri, serif;\"><span style=\"font-size: small;\">5.2. A fatura da compra ser emitida fora das datas definidas e indicadas no ponto 3.1. <\/span><\/span><\/span><\/p>\n<p><span style=\"font-family: Times New Roman, serif;\"><span style=\"font-family: Calibri, serif;\"><span style=\"font-size: small;\">5.3. A fatura na\u0303o ter sido validada pelos colaboradores no Balca\u0303o de Apoio ao Cliente do Forum Viseu nos peri\u0301odos indicados no ponto 4.4. <\/span><\/span><\/span><\/p>\n<p><span style=\"font-family: Times New Roman, serif;\"><span style=\"font-family: Calibri, serif;\"><span style=\"font-size: small;\">5.4. A na\u0303o apresentac\u0327a\u0303o do original da fatura. <\/span><\/span><\/span><\/p>\n<p><span style=\"font-family: Times New Roman, serif;\"><span style=\"font-family: Calibri, serif;\"><span style=\"font-size: small;\">5.5. O somato\u0301rio das faturas das compras realizadas (indicados no ponto 3.1.) para recec\u0327a\u0303o do bilhete para lugar sentado apresentar um valor inferior a 10\u20ac (dez euros). <\/span><\/span><\/span><\/p>\n<p><span style=\"font-family: Times New Roman, serif;\"><span style=\"font-family: Calibri, serif;\"><span style=\"font-size: small;\"><b>6. Registo das Faturas <\/b><\/span><\/span><\/span><\/p>\n<p><span style=\"font-family: Times New Roman, serif;\"><span style=\"font-family: Calibri, serif;\"><span style=\"font-size: small;\">6.1. No momento do registo das faturas o cliente podera\u0301 ter de fazer prova da sua identidade atrave\u0301s da apresentac\u0327a\u0303o do seu carta\u0303o de cidada\u0303o e\/ou bilhete de identidade. <\/span><\/span><\/span><\/p>\n<p><span style=\"font-family: Times New Roman, serif;\"><span style=\"font-family: Calibri, serif;\"><span style=\"font-size: small;\">6.2. O registo das faturas devera\u0301 ser efetuado <\/span><\/span><span style=\"font-family: Calibri, serif;\"><span style=\"font-size: small;\"><b>a partir das 10h00 do dia 12 de julho de 2022 e ate\u0301 a\u0300s 18h00 do dia 18 de julho de 2022<\/b><\/span><\/span><span style=\"font-family: Calibri, serif;\"><span style=\"font-size: small;\">, bem como <\/span><\/span><span style=\"font-family: Calibri, serif;\"><span style=\"font-size: small;\"><b>a partir das 10h00 do dia 19 de julho de 2022 e ate\u0301 a\u0300s 18h00 do dia 25 de julho de 2022<\/b><\/span><\/span><span style=\"font-family: Calibri, serif;\"><span style=\"font-size: small;\">, salvo se o stock de bilhetes para lugar sentado termine antes destas datas, conforme explicado no ponto 3.4. do presente regulamento. <\/span><\/span><\/span><\/p>\n<p><span style=\"font-family: Times New Roman, serif;\"><span style=\"font-family: Calibri, serif;\"><span style=\"font-size: small;\">6.3. O registo das faturas devera\u0301 ser efetuado no Balca\u0303o de Apoio ao Cliente do Forum Viseu dentro do hora\u0301rio de funcionamento do mesmo, ou noutro balca\u0303o que venha a ser implementado para o efeito em hora\u0301rio e local a anunciar. <\/span><\/span><\/span><\/p>\n<p><span style=\"font-family: Times New Roman, serif;\"><span style=\"font-family: Calibri, serif;\"><span style=\"font-size: small;\">6.4. So\u0301 sera\u0303o aceites faturas para validac\u0327a\u0303o e troca por bilhetes para lugares sentados nas datas e hora\u0301rios acima referidos. A partir destes peri\u0301odos, impreterivelmente, deixara\u0303o de ser aceites <\/span><\/span><\/span><\/p>\n<p><span style=\"font-family: Times New Roman, serif;\"><span style=\"font-family: Calibri, serif;\"><span style=\"font-size: small;\">quaisquer faturas para registo ao abrigo desta oferta. As faturas apresentadas sera\u0303o carimbadas e assinadas pelos colaboradores presentes no Balca\u0303o de Apoio ao Cliente ou outro designado para o efeito, por forma a ficarem inutilizadas novamente para fins desta oferta. <\/span><\/span><\/span><\/p>\n<p><span style=\"font-family: Times New Roman, serif;\"><span style=\"font-family: Calibri, serif;\"><span style=\"font-size: small;\">6.5. So\u0301 sera\u0303o aceites faturas originais, na\u0303o sendo va\u0301lidos talo\u0303es comprovativos de pagamento por carta\u0303o de cre\u0301dito ou de\u0301bito, segundas vias e\/ou duplicados, fotoco\u0301pias e notas de encomenda, consultas de mesa dos talo\u0303es de compra e talo\u0303es de troca\/faturas de devoluc\u0327a\u0303o. <\/span><\/span><\/span><\/p>\n<p><span style=\"font-family: Times New Roman, serif;\"><span style=\"font-family: Calibri, serif;\"><span style=\"font-size: small;\">6.6. Caso sejam apresentadas faturas originais referentes a compras que beneficiem de outros descontos ou que resultem de campanhas de acumulac\u0327a\u0303o de pontos ou cheques\/carto\u0303es presente das lojas, o valor a considerar sera\u0301 o valor efetivamente pago pelo cliente na loja. <\/span><\/span><\/span><\/p>\n<p><span style=\"font-family: Times New Roman, serif;\"><span style=\"font-family: Calibri, serif;\"><span style=\"font-size: small;\">6.7. Nas faturas devera\u0303o constar, de forma legi\u0301vel, o nu\u0301mero da fatura, a data e hora da(s) compra(s), o estabelecimento comercial onde a compra foi realizada (Forum Viseu) o valor e a loja onde foi efetuadas a(s) compra(s). <\/span><\/span><\/span><\/p>\n<p><span style=\"font-family: Times New Roman, serif;\"><span style=\"font-family: Calibri, serif;\"><span style=\"font-size: small;\">6.8. As faturas so\u0301 podera\u0303o ser utilizadas uma u\u0301nica vez para efeitos desta Campanha. <\/span><\/span><\/span><\/p>\n<p><span style=\"font-family: Times New Roman, serif;\"><span style=\"font-family: Calibri, serif;\"><span style=\"font-size: small;\">6.9. Cada Cliente so\u0301 pode receber ate\u0301 2 bilhetes por semana, durante a campanha. <\/span><\/span><\/span><\/p>\n<p><span style=\"font-family: Times New Roman, serif;\"><span style=\"font-family: Calibri, serif;\"><span style=\"font-size: small;\">6.10. Cada cliente, ao aderir a\u0300 Campanha, esta\u0301 a dar consentimento expresso e sem reservas para que a Promotora da Campanha guarde os dados, designadamente o registo do seu documento de identificac\u0327a\u0303o CC\/Passaporte para efeitos exclusivos da mesma. <\/span><\/span><\/span><\/p>\n<p><span style=\"font-family: Times New Roman, serif;\"><span style=\"font-family: Calibri, serif;\"><span style=\"font-size: small;\">6.11. Para efeitos da recolha dos dados indicados no ponto 6.10, o cliente dara\u0301 o respetivo consentimento, por escrito, aquando da disponibilizac\u0327a\u0303o dos mesmos. <\/span><\/span><\/span><\/p>\n<p><span style=\"font-family: Times New Roman, serif;\"><span style=\"font-family: Calibri, serif;\"><span style=\"font-size: small;\">6.12. O tratamento dos dados pessoais e\u0301 realizado nos termos da Ficha de Informac\u0327a\u0303o e Tratamento de Dados na Campanha de oferta de bilhetes para lugares sentados do evento \u00abCome\u0301dia a\u0300s Terc\u0327as\u00bb. <\/span><\/span><\/span><\/p>\n<p><span style=\"font-family: Times New Roman, serif;\"><span style=\"font-family: Calibri, serif;\"><span style=\"font-size: small;\">6.13. So\u0301 apo\u0301s a apresentac\u0327a\u0303o e validac\u0327a\u0303o da fatura de compra e\u0301 que e\u0301 entregue ao cliente o bilhete para lugar sentados do respetivo espeta\u0301culo. <\/span><\/span><\/span><\/p>\n<p><span style=\"font-family: Times New Roman, serif;\"><span style=\"font-family: Calibri, serif;\"><span style=\"font-size: small;\"><b>7. Disposic\u0327o\u0303es Finais <\/b><\/span><\/span><\/span><\/p>\n<p><span style=\"font-family: Times New Roman, serif;\"><span style=\"font-family: Calibri, serif;\"><span style=\"font-size: small;\">7.1. Qualquer atividade fraudulenta ou a falta de cumprimento das regras desta Campanha podera\u0303o resultar na exclusa\u0303o do participante. Assim, na\u0303o sera\u0303o consideradas va\u0301lidas as participac\u0327o\u0303es em que os dados fornecidos indiciem du\u0301vidas e\/ou sejam considerados falsos, ou que de alguma forma tentem viciar as regras do presente regulamento. <\/span><\/span><\/span><\/p>\n<p><span style=\"font-family: Times New Roman, serif;\"><span style=\"font-family: Calibri, serif;\"><span style=\"font-size: small;\">7.2. E\u0301 proibida a participac\u0327a\u0303o no presente passatempo para fins contra\u0301rios a\u0300 Lei, que suponham um prejui\u0301zo para terceiros, ou de qualquer forma lesem a sua honra, dignidade, imagem, intimidade, crenc\u0327as religiosas, ideologias ou qualquer outro direito reconhecido legalmente. <\/span><\/span><\/span><\/p>\n<p><span style=\"font-family: Times New Roman, serif;\"><span style=\"font-family: Calibri, serif;\"><span style=\"font-size: small;\">7.3. A entidade promotora da presente Campanha declina qualquer responsabilidade por erros na\u0303o grosseiros na transmissa\u0303o de informac\u0327a\u0303o respeitante a\u0300 Campanha. <\/span><\/span><\/span><\/p>\n<p><span style=\"font-family: Times New Roman, serif;\"><span style=\"font-family: Calibri, serif;\"><span style=\"font-size: small;\">7.4. Quaisquer du\u0301vidas sobre a interpretac\u0327a\u0303o e aplicac\u0327a\u0303o do regulamento devera\u0303o ser esclarecidas, analisadas e decididas pela entidade promotora da presente Campanha. <\/span><\/span><\/span><\/p>\n<p><span style=\"font-family: Times New Roman, serif;\"><span style=\"font-family: Calibri, serif;\"><span style=\"font-size: small;\">7.5. Qualquer reclamac\u0327a\u0303o ou esclarecimento de du\u0301vidas devera\u0301 ser esclarecida com a administrac\u0327a\u0303o do Centro Comercial Forum Viseu. <\/span><\/span><\/span><\/p>\n<p><span style=\"font-family: Times New Roman, serif;\"><span style=\"font-family: Calibri, serif;\"><span style=\"font-size: small;\">7.6. Os termos e condic\u0327o\u0303es da presente Campanha ficam sujeitos a\u0300 lei portuguesa. Quaisquer liti\u0301gios, diferendos ou conflitos referentes a\u0300 interpretac\u0327a\u0303o, validade ou cumprimento do presente Regulamento ficam sujeitos a\u0300 jurisdic\u0327a\u0303o e compete\u0302ncia do foro da comarca de Lisboa <\/span><\/span><\/span><\/p>\n<p><span style=\"font-family: Times New Roman, serif;\"><span style=\"font-family: Calibri, serif;\"><span style=\"font-size: small;\"><b>8. A participac\u0327a\u0303o implica ainda a total aceitac\u0327a\u0303o<\/b><\/span><\/span><span style=\"font-family: Calibri, serif;\"><span style=\"font-size: small;\">:<br \/>\n8.1. A participac\u0327a\u0303o na Campanha implica o conhecimento e a aceitac\u0327a\u0303o automa\u0301tica dos termos <\/span><\/span><\/span><\/p>\n<p><span style=\"font-family: Times New Roman, serif;\"><span style=\"font-family: Calibri, serif;\"><span style=\"font-size: small;\">e condic\u0327o\u0303es apresentados neste regulamento. <\/span><\/span><\/span><\/p>\n<p><span style=\"font-family: Times New Roman, serif;\"><span style=\"font-family: Calibri, serif;\"><span style=\"font-size: small;\">8.2. De todas as deciso\u0303es da organizac\u0327a\u0303o que sejam necessa\u0301rias tomar para ir apurando o modelo da Campanha. <\/span><\/span><\/span><\/p>\n<p><span style=\"font-family: Times New Roman, serif;\"><span style=\"font-family: Calibri, serif;\"><span style=\"font-size: small;\"><b>9. Divulgac\u0327a\u0303o da Campanha <\/b><\/span><\/span><\/span><\/p>\n<p><span style=\"font-family: Times New Roman, serif;\"><span style=\"font-family: Calibri, serif;\"><span style=\"font-size: small;\">A divulgac\u0327a\u0303o da presente Campanha sera\u0301 feita no interior e exterior do Centro Comercial Forum Viseu, obrigando-se a entidade promotora a expor claramente todas as condic\u0327o\u0303es respeitantes ao mesmo, de acordo com a Legislac\u0327a\u0303o em vigor, em regulamento disponi\u0301vel no Balca\u0303o de Apoio ao Cliente do centro comercial. <\/span><\/span><\/span><\/p>\n<p><span style=\"font-family: Times New Roman, serif;\"><span style=\"font-family: Calibri, serif;\"><span style=\"font-size: small;\"><b>10. Alterac\u0327a\u0303o ao Regulamento <\/b><\/span><\/span><\/span><\/p>\n<p><span style=\"font-family: Times New Roman, serif;\"><span style=\"font-family: Calibri, serif;\"><span style=\"font-size: small;\">Todos os pontos do presente regulamento podera\u0303o ser alterados a qualquer momento pela sociedade promotora, sem aviso pre\u0301vio, sendo, no entanto, as alterac\u0327o\u0303es devidamente publicitadas. <\/span><\/span><\/span><\/p>\n<p><span style=\"font-family: Times New Roman, serif;\"><span style=\"font-family: Calibri, serif;\"><span style=\"font-size: small;\"><b>11. Cancelamento da Campanha <\/b><\/span><\/span><\/span><\/p>\n<p><span style=\"font-family: Times New Roman, serif;\"><span style=\"font-family: Calibri, serif;\"><span style=\"font-size: small;\">A CA PATRIMO\u0301NIO CRESCENTE \u2013 FUNDO DE INVESTIMENTO IMOBILIA\u0301RIO ABERTO, proprieta\u0301ria do Forum Viseu, reserva-se o direito de, a qualquer momento, cancelar a presente Campanha, sem que os clientes possam invocar o direito a qualquer compensac\u0327a\u0303o ou indeminizac\u0327a\u0303o por forc\u0327a de tal cancelamento. <\/span><\/span><\/span><\/p>\n<p><span style=\"font-family: Times New Roman, serif;\"><span style=\"font-family: Calibri, serif;\"><span style=\"font-size: small;\"><b>12. Responsabilidade da Empresa Promotora <\/b><\/span><\/span><\/span><\/p>\n<p><span style=\"font-family: Times New Roman, serif;\"><span style=\"font-family: Calibri, serif;\"><span style=\"font-size: small;\">12.1. Modificac\u0327o\u0303es e\/ou anexos: A Promotora reserva-se o direito de efetuar alterac\u0327o\u0303es ou aditar anexos posteriores sobre o funcionamento da Campanha, sempre que os mesmos se justifiquem ou na\u0303o prejudiquem os participantes, e que sejam devidamente comunicados aos mesmos. <\/span><\/span><\/span><\/p>\n<p><span style=\"font-family: Times New Roman, serif;\"><span style=\"font-family: Calibri, serif;\"><span style=\"font-size: small;\">12.2. Em nenhuma circunsta\u0302ncia podera\u0303o ser imputadas responsabilidades a\u0300 Promotora por registos perdidos, atrasados, mal enderec\u0327ados, danificados, inva\u0301lidos, extraviados ou <\/span><\/span><\/span><\/p>\n<p><span style=\"font-family: Times New Roman, serif;\"><span style=\"font-family: Calibri, serif;\"><span style=\"font-size: small;\">corrompidos, por motivos que na\u0303o lhe sejam imputa\u0301veis. A promotora considera-se igualmente alheia a qualquer acontecimento de forc\u0327a maior (tais como greves, encerramentos inevita\u0301veis), que possa condicionar ou afetar o gozo e\/ou usufruto, total ou parcial, de qualquer dos pre\u0301mios atribui\u0301dos. <\/span><\/span><\/span><\/p>\n<p><span style=\"font-family: Times New Roman, serif;\"><span style=\"font-family: Calibri, serif;\"><span style=\"font-size: small;\">12.3. A Promotora declina toda e qualquer responsabilidade caso se verifique qualquer um dos casos acima mencionados. <\/span><\/span><\/span><\/p>\n<p><span style=\"font-family: Times New Roman, serif;\"><span style=\"font-family: Calibri, serif;\"><span style=\"font-size: small;\">12.4. Caso a Campanha na\u0303o se possa realizar, quer seja por fraudes detetadas no mesmo, erros te\u0301cnicos, ou qualquer outro motivo que ultrapasse o controlo da empresa promotora e que afete o normal decorrer do passatempo, a Promotora reserva-se o direito de cancelar, modificar e\/ou suspender o mesmo sem que os clientes e\/ou lojas aderentes possam invocar o direito a qualquer compensac\u0327a\u0303o ou indeminizac\u0327a\u0303o por forc\u0327a de tal cancelamento. <\/span><\/span><\/span><\/p>\n<p><span style=\"font-family: Times New Roman, serif;\"><span style=\"font-family: Calibri, serif;\"><span style=\"font-size: small;\">Data: Viseu, 01 de julho de 2022<br \/>\nVersa\u0303o do Regulamento: Versa\u0303o 1 de 2021 <\/span><\/span><\/span><\/p>\n","protected":false},"featured_media":2133,"template":"","class_list":["post-4605","events","type-events","status-publish","has-post-thumbnail","hentry"],"yoast_head":"<!-- This site is optimized with the Yoast SEO plugin v22.2 - https:\/\/yoast.com\/wordpress\/plugins\/seo\/ -->\n<title>Com\u00e9dia \u00e0s Ter\u00e7as - Forum Viseu<\/title>\n<meta name=\"robots\" content=\"index, follow, max-snippet:-1, max-image-preview:large, max-video-preview:-1\" \/>\n<link rel=\"canonical\" href=\"https:\/\/www.forumviseu.net\/en\/events\/comedia-as-tercas\/\" \/>\n<meta property=\"og:locale\" content=\"en_US\" \/>\n<meta property=\"og:type\" content=\"article\" \/>\n<meta property=\"og:title\" content=\"Com\u00e9dia \u00e0s Ter\u00e7as - Forum Viseu\" \/>\n<meta property=\"og:description\" content=\"REGULAMENTO OFERTA DE LUGARES SENTADOS \u201cCOME\u0301DIA A\u0300S TERC\u0327AS\u201d 1. Entidade Promotora CA PATRIMO\u0301NIO CRESCENTE \u2013 FUNDO DE INVESTIMENTO IMOBILIA\u0301RIO ABERTO, NIPC no 720005418, gerido e legalmente representado pela SQUARE ASSET MANAGEMENT \u2013 SOCIEDADE GESTORA DE FUNDOS DE INVESTIMENTO IMOBILIA\u0301RIO, S.A., com sede na Rua Tierno Galvan, Torre 3 das Amoreiras, 14.o, frac\u0327a\u0303o \u201cO\u201d, Campo de [&hellip;]\" \/>\n<meta property=\"og:url\" content=\"https:\/\/www.forumviseu.net\/en\/events\/comedia-as-tercas\/\" \/>\n<meta property=\"og:site_name\" content=\"Forum Viseu\" \/>\n<meta name=\"twitter:card\" content=\"summary_large_image\" \/>\n<meta name=\"twitter:label1\" content=\"Est. reading time\" \/>\n\t<meta name=\"twitter:data1\" content=\"10 minutes\" \/>\n<script type=\"application\/ld+json\" class=\"yoast-schema-graph\">{\"@context\":\"https:\/\/schema.org\",\"@graph\":[{\"@type\":\"WebPage\",\"@id\":\"https:\/\/www.forumviseu.net\/en\/events\/comedia-as-tercas\/\",\"url\":\"https:\/\/www.forumviseu.net\/en\/events\/comedia-as-tercas\/\",\"name\":\"Com\u00e9dia \u00e0s Ter\u00e7as - Forum Viseu\",\"isPartOf\":{\"@id\":\"https:\/\/www.forumviseu.net\/#website\"},\"primaryImageOfPage\":{\"@id\":\"https:\/\/www.forumviseu.net\/en\/events\/comedia-as-tercas\/#primaryimage\"},\"image\":{\"@id\":\"https:\/\/www.forumviseu.net\/en\/events\/comedia-as-tercas\/#primaryimage\"},\"thumbnailUrl\":\"https:\/\/www.forumviseu.net\/wp-content\/uploads\/sites\/15\/2022\/07\/Comedia-as-tercas.jpeg\",\"datePublished\":\"2022-07-07T01:01:50+00:00\",\"dateModified\":\"2022-07-07T01:01:50+00:00\",\"breadcrumb\":{\"@id\":\"https:\/\/www.forumviseu.net\/en\/events\/comedia-as-tercas\/#breadcrumb\"},\"inLanguage\":\"en-US\",\"potentialAction\":[{\"@type\":\"ReadAction\",\"target\":[\"https:\/\/www.forumviseu.net\/en\/events\/comedia-as-tercas\/\"]}]},{\"@type\":\"ImageObject\",\"inLanguage\":\"en-US\",\"@id\":\"https:\/\/www.forumviseu.net\/en\/events\/comedia-as-tercas\/#primaryimage\",\"url\":\"https:\/\/www.forumviseu.net\/wp-content\/uploads\/sites\/15\/2022\/07\/Comedia-as-tercas.jpeg\",\"contentUrl\":\"https:\/\/www.forumviseu.net\/wp-content\/uploads\/sites\/15\/2022\/07\/Comedia-as-tercas.jpeg\",\"width\":1600,\"height\":959,\"caption\":\"comedia as ter\u00e7as\"},{\"@type\":\"BreadcrumbList\",\"@id\":\"https:\/\/www.forumviseu.net\/en\/events\/comedia-as-tercas\/#breadcrumb\",\"itemListElement\":[{\"@type\":\"ListItem\",\"position\":1,\"name\":\"Events\",\"item\":\"https:\/\/www.forumviseu.net\/events\/\"},{\"@type\":\"ListItem\",\"position\":2,\"name\":\"Com\u00e9dia \u00e0s Ter\u00e7as\"}]},{\"@type\":\"WebSite\",\"@id\":\"https:\/\/www.forumviseu.net\/#website\",\"url\":\"https:\/\/www.forumviseu.net\/\",\"name\":\"Forum Viseu\",\"description\":\"Ser Quem Sou\",\"publisher\":{\"@id\":\"https:\/\/www.forumviseu.net\/#organization\"},\"potentialAction\":[{\"@type\":\"SearchAction\",\"target\":{\"@type\":\"EntryPoint\",\"urlTemplate\":\"https:\/\/www.forumviseu.net\/?s={search_term_string}\"},\"query-input\":\"required name=search_term_string\"}],\"inLanguage\":\"en-US\"},{\"@type\":\"Organization\",\"@id\":\"https:\/\/www.forumviseu.net\/#organization\",\"name\":\"Forum Viseu\",\"url\":\"https:\/\/www.forumviseu.net\/\",\"logo\":{\"@type\":\"ImageObject\",\"inLanguage\":\"en-US\",\"@id\":\"https:\/\/www.forumviseu.net\/#\/schema\/logo\/image\/\",\"url\":\"https:\/\/www.forumviseu.net\/wp-content\/uploads\/sites\/15\/logo.png\",\"contentUrl\":\"https:\/\/www.forumviseu.net\/wp-content\/uploads\/sites\/15\/logo.png\",\"caption\":\"Forum Viseu\"},\"image\":{\"@id\":\"https:\/\/www.forumviseu.net\/#\/schema\/logo\/image\/\"}}]}<\/script>\n<!-- \/ Yoast SEO plugin. -->","yoast_head_json":{"title":"Com\u00e9dia \u00e0s Ter\u00e7as - Forum Viseu","robots":{"index":"index","follow":"follow","max-snippet":"max-snippet:-1","max-image-preview":"max-image-preview:large","max-video-preview":"max-video-preview:-1"},"canonical":"https:\/\/www.forumviseu.net\/en\/events\/comedia-as-tercas\/","og_locale":"en_US","og_type":"article","og_title":"Com\u00e9dia \u00e0s Ter\u00e7as - Forum Viseu","og_description":"REGULAMENTO OFERTA DE LUGARES SENTADOS \u201cCOME\u0301DIA A\u0300S TERC\u0327AS\u201d 1. Entidade Promotora CA PATRIMO\u0301NIO CRESCENTE \u2013 FUNDO DE INVESTIMENTO IMOBILIA\u0301RIO ABERTO, NIPC no 720005418, gerido e legalmente representado pela SQUARE ASSET MANAGEMENT \u2013 SOCIEDADE GESTORA DE FUNDOS DE INVESTIMENTO IMOBILIA\u0301RIO, S.A., com sede na Rua Tierno Galvan, Torre 3 das Amoreiras, 14.o, frac\u0327a\u0303o \u201cO\u201d, Campo de [&hellip;]","og_url":"https:\/\/www.forumviseu.net\/en\/events\/comedia-as-tercas\/","og_site_name":"Forum Viseu","twitter_card":"summary_large_image","twitter_misc":{"Est. reading time":"10 minutes"},"schema":{"@context":"https:\/\/schema.org","@graph":[{"@type":"WebPage","@id":"https:\/\/www.forumviseu.net\/en\/events\/comedia-as-tercas\/","url":"https:\/\/www.forumviseu.net\/en\/events\/comedia-as-tercas\/","name":"Com\u00e9dia \u00e0s Ter\u00e7as - Forum Viseu","isPartOf":{"@id":"https:\/\/www.forumviseu.net\/#website"},"primaryImageOfPage":{"@id":"https:\/\/www.forumviseu.net\/en\/events\/comedia-as-tercas\/#primaryimage"},"image":{"@id":"https:\/\/www.forumviseu.net\/en\/events\/comedia-as-tercas\/#primaryimage"},"thumbnailUrl":"https:\/\/www.forumviseu.net\/wp-content\/uploads\/sites\/15\/2022\/07\/Comedia-as-tercas.jpeg","datePublished":"2022-07-07T01:01:50+00:00","dateModified":"2022-07-07T01:01:50+00:00","breadcrumb":{"@id":"https:\/\/www.forumviseu.net\/en\/events\/comedia-as-tercas\/#breadcrumb"},"inLanguage":"en-US","potentialAction":[{"@type":"ReadAction","target":["https:\/\/www.forumviseu.net\/en\/events\/comedia-as-tercas\/"]}]},{"@type":"ImageObject","inLanguage":"en-US","@id":"https:\/\/www.forumviseu.net\/en\/events\/comedia-as-tercas\/#primaryimage","url":"https:\/\/www.forumviseu.net\/wp-content\/uploads\/sites\/15\/2022\/07\/Comedia-as-tercas.jpeg","contentUrl":"https:\/\/www.forumviseu.net\/wp-content\/uploads\/sites\/15\/2022\/07\/Comedia-as-tercas.jpeg","width":1600,"height":959,"caption":"comedia as ter\u00e7as"},{"@type":"BreadcrumbList","@id":"https:\/\/www.forumviseu.net\/en\/events\/comedia-as-tercas\/#breadcrumb","itemListElement":[{"@type":"ListItem","position":1,"name":"Events","item":"https:\/\/www.forumviseu.net\/events\/"},{"@type":"ListItem","position":2,"name":"Com\u00e9dia \u00e0s Ter\u00e7as"}]},{"@type":"WebSite","@id":"https:\/\/www.forumviseu.net\/#website","url":"https:\/\/www.forumviseu.net\/","name":"Forum Viseu","description":"Ser Quem Sou","publisher":{"@id":"https:\/\/www.forumviseu.net\/#organization"},"potentialAction":[{"@type":"SearchAction","target":{"@type":"EntryPoint","urlTemplate":"https:\/\/www.forumviseu.net\/?s={search_term_string}"},"query-input":"required name=search_term_string"}],"inLanguage":"en-US"},{"@type":"Organization","@id":"https:\/\/www.forumviseu.net\/#organization","name":"Forum Viseu","url":"https:\/\/www.forumviseu.net\/","logo":{"@type":"ImageObject","inLanguage":"en-US","@id":"https:\/\/www.forumviseu.net\/#\/schema\/logo\/image\/","url":"https:\/\/www.forumviseu.net\/wp-content\/uploads\/sites\/15\/logo.png","contentUrl":"https:\/\/www.forumviseu.net\/wp-content\/uploads\/sites\/15\/logo.png","caption":"Forum Viseu"},"image":{"@id":"https:\/\/www.forumviseu.net\/#\/schema\/logo\/image\/"}}]}},"_links":{"self":[{"href":"https:\/\/www.forumviseu.net\/en\/wp-json\/wp\/v2\/events\/4605","targetHints":{"allow":["GET"]}}],"collection":[{"href":"https:\/\/www.forumviseu.net\/en\/wp-json\/wp\/v2\/events"}],"about":[{"href":"https:\/\/www.forumviseu.net\/en\/wp-json\/wp\/v2\/types\/events"}],"wp:featuredmedia":[{"embeddable":true,"href":"https:\/\/www.forumviseu.net\/en\/wp-json\/wp\/v2\/media\/2133"}],"wp:attachment":[{"href":"https:\/\/www.forumviseu.net\/en\/wp-json\/wp\/v2\/media?parent=4605"}],"curies":[{"name":"wp","href":"https:\/\/api.w.org\/{rel}","templated":true}]}}