{"id":4607,"date":"2026-01-30T15:35:37","date_gmt":"2026-01-30T15:35:37","guid":{"rendered":"https:\/\/www.forumviseu.net\/?post_type=events&#038;p=4607"},"modified":"2026-01-30T15:35:37","modified_gmt":"2026-01-30T15:35:37","slug":"boomerang-days","status":"publish","type":"events","link":"https:\/\/www.forumviseu.net\/en\/events\/boomerang-days\/","title":{"rendered":"BOOMERANG DAYS"},"content":{"rendered":"<p><img loading=\"lazy\" decoding=\"async\" class=\" wp-image-2151 aligncenter\" src=\"https:\/\/www.forumviseu.net\/wp-content\/uploads\/sites\/15\/2022\/09\/Homepage_digital_2500x1500-300x180.jpg\" alt=\"\" width=\"338\" height=\"203\" srcset=\"https:\/\/www.forumviseu.net\/wp-content\/uploads\/sites\/15\/2022\/09\/Homepage_digital_2500x1500-300x180.jpg 300w, https:\/\/www.forumviseu.net\/wp-content\/uploads\/sites\/15\/2022\/09\/Homepage_digital_2500x1500-1024x614.jpg 1024w, https:\/\/www.forumviseu.net\/wp-content\/uploads\/sites\/15\/2022\/09\/Homepage_digital_2500x1500-768x461.jpg 768w, https:\/\/www.forumviseu.net\/wp-content\/uploads\/sites\/15\/2022\/09\/Homepage_digital_2500x1500-1536x922.jpg 1536w, https:\/\/www.forumviseu.net\/wp-content\/uploads\/sites\/15\/2022\/09\/Homepage_digital_2500x1500-2048x1229.jpg 2048w\" sizes=\"auto, (max-width: 338px) 100vw, 338px\" \/><\/p>\n<p>&nbsp;<\/p>\n<p>&nbsp;<\/p>\n<p><strong>Regulamento Campanha<\/strong><\/p>\n<p><strong>1. Empresa Promotora<\/strong><br \/>\nCA PATRIM\u00d3NIO CRESCENTE \u2013 FUNDO DE INVESTIMENTO IMOBILI\u00c1RIO ABERTO, pessoa coletiva n\u00ba 720005418, gerido e legalmente representado pela SQUARE ASSET MANAGEMENT \u2013 Sociedade Gestora de Organismos de Investimento Coletivo, S.A., com sede na Rua Tierno Galvan, Torre 3 das Amoreiras, 14.\u00ba, fra\u00e7\u00e3o \u201cO\u201d, Campo de Ourique, 1070-274 Lisboa, NIPC 502388811, propriet\u00e1rio do Forum Viseu, vai levar a cabo entre os dias 13 de setembro a 17 de outubro de 2022, uma campanha comercial denominada \u201cBoomerang Days\u201d, a qual obedecer\u00e1 aos termos e condi\u00e7\u00f5es abaixo descritos.<\/p>\n<p><strong>2. Participantes<\/strong><br \/>\n2.1. Esta Campanha destina-se a clientes do Centro Comercial Forum Viseu com idade igual ou superior a dezoito anos, que realizem, nas datas indicadas no ponto 3.1, compras que perfa\u00e7am um total entre 50\u20ac (cinquenta euros) e 500\u20ac (quinhentos euros), nas lojas situadas no Centro Comercial Forum Viseu com exce\u00e7\u00e3o das seguintes espa\u00e7os e servi\u00e7os: Espa\u00e7os de Aluguer Tempor\u00e1rios (quiosques\/bancas), Cart\u00f5es Presentes, tal\u00f5es de jogos de sorte\/azar, carregamentos de telem\u00f3vel, pagamento de servi\u00e7os de telecomunica\u00e7\u00f5es (telem\u00f3vel, telefone, internet, \u2026)<br \/>\n2.2. N\u00e3o ser\u00e1 admitida a participa\u00e7\u00e3o na presente campanha de (i) administradores ou empregados, funcion\u00e1rios ou colaboradores da sociedade promotora da campanha; bem como (ii) n\u00e3o ser\u00e1, da mesma forma, admitida a participa\u00e7\u00e3o dos funcion\u00e1rios de lojas do Centro Comercial acima identificado.<\/p>\n<p><strong>3. Dura\u00e7\u00e3o da Campanha<\/strong><br \/>\nA campanha \u201cBoomerang Days\u201d ir\u00e1 funcionar de 13 de setembro a 17 de outubro de 2022 e est\u00e1 definida nas seguintes matrizes:<br \/>\n3.1. Momento da compra: para participar na Campanha o cliente ter\u00e1 de realizar compras durante os dias 13 e 27 de setembro de 2022.<br \/>\n3.2. Momento de atribui\u00e7\u00e3o dos vouchers: a troca das faturas das compras realizadas no per\u00edodo de 13 a 17 de setembro pelos vouchers de 5\u20ac (nos termos do ponto \/ abaixo) pode ser efetuada a partir das 10h do 13 de setembro de 2022 e at\u00e9 \u00e0s 22h do dia 27 de setembro de 2022, salvo se o plafond de vouchers dispon\u00edvel para cada dia termine antes dessa data (nesse caso, n\u00e3o haver\u00e1 direito a atribui\u00e7\u00e3o de vouchers):<br \/>\n3.3. Momento de utiliza\u00e7\u00e3o dos vouchers: os vouchers ter\u00e3o indica\u00e7\u00e3o da data de validade (in\u00edcio e fim) sendo que os vouchers gerados pelas compras realizadas durante o per\u00edodo da campanha \u2013 13 a 27 de setembro de 2022 &#8211; s\u00f3 podem ser utilizados nas lojas aderentes a partir do dia 3 de outubro e at\u00e9 ao dia 17 de outubro, conforme exemplo:<br \/>\n\u2022 Exemplo: o cliente faz compras no dia 18 de setembro. O cliente apresenta as faturas dessas compras no dia 20 de setembro para receber os vouchers a que tem direito com essas faturas. O cliente recebe os vouchers carimbados com a data de validade &#8211; de 3 a 17 de outubro, data limite para utilizar esses vouchers;<\/p>\n<p><strong>4. Condi\u00e7\u00f5es de Participa\u00e7\u00e3o<\/strong><br \/>\nConstituem cumulativamente condi\u00e7\u00f5es de participa\u00e7\u00e3o na presente campanha:<br \/>\n4.1. Os clientes t\u00eam de efetuar compras de valor igual ou superior a 50\u20ac (cumulativas ou n\u00e3o) nas lojas situadas no Centro Comercial Forum Viseu, com exce\u00e7\u00e3o das lojas e servi\u00e7os indicados no ponto 2.1. do presente regulamento. As faturas s\u00e3o cumulativas desde que a sua soma perfa\u00e7a um valor entre 50\u20ac (cinquenta euros) e 500\u20ac (quinhentos euros) num limite di\u00e1rio de 500 vouchers e que cumpram as restantes normas expressas neste regulamento.<br \/>\n4.2. S\u00f3 ser\u00e3o aceites para efeitos de participa\u00e7\u00e3o na campanha, as faturas de compras realizadas entre o dia 13 e 27 de setembro de 2022 (inclusive).<br \/>\n4.3. Todas as faturas apresentadas t\u00eam obrigatoriamente de conter o NIF (n\u00famero de identifica\u00e7\u00e3o fiscal) do cliente.<br \/>\n4.4. No caso dos clientes que participarem na Campanha pretenderem realizar a devolu\u00e7\u00e3o do produto adquirido, no prazo admitido pela respetiva loja, contra o recebimento do dinheiro efetivamente pago, dever\u00e3o dirigir-se obrigatoriamente ao Balc\u00e3o de Apoio ao Cliente (Piso 2) do Forum Viseu, por forma a entregar os vouchers que lhe foram atribu\u00eddos com a compra em causa. O Forum Viseu ir\u00e1 carimbar a(s) fatura(s) utilizadas para a obten\u00e7\u00e3o do(s) voucher(s) com \u201cAnulado\u201d para que o cliente possa dirigir-se \u00e0 Loja e solicitar a devolu\u00e7\u00e3o do dinheiro. A concretiza\u00e7\u00e3o do presente procedimento depender\u00e1 sempre do respeito pela pol\u00edtica de devolu\u00e7\u00e3o da loja respetiva.<br \/>\n4.5. Esta campanha n\u00e3o \u00e9 cumulativa com outras campanhas em vigor promovidas pelo Centro<br \/>\nComercial Forum Viseu.<\/p>\n<p><strong>5. Condi\u00e7\u00f5es de Exclus\u00e3o<\/strong><br \/>\nConstituem causa de exclus\u00e3o \u00e0 presente campanha:<br \/>\n5.1. Idade inferior a dezoito anos.<br \/>\n5.2. A fatura da compra ser emitida fora das datas da Campanha, indicadas no ponto 3.1.<br \/>\n5.3. A fatura n\u00e3o ter sido validada pelos colaboradores no Balc\u00e3o de Apoio ao Cliente nos per\u00edodos indicados no ponto 3.2.<br \/>\n5.4. A n\u00e3o apresenta\u00e7\u00e3o do original da fatura.<br \/>\n5.5. A fatura apresentada n\u00e3o ter NIF (n\u00famero de identifica\u00e7\u00e3o fiscal) do cliente.<br \/>\n5.6. O somat\u00f3rio das faturas das compras realizadas (indicados no ponto 3.1.) para rece\u00e7\u00e3o do voucher de 5\u20ac, apresentar um valor inferior a 50\u20ac (cinquenta euros).<\/p>\n<p><strong>6. Registo das Faturas<\/strong><br \/>\n6.1. No momento do registo das faturas o cliente poder\u00e1 ter de fazer prova da sua identidade atrav\u00e9s da apresenta\u00e7\u00e3o do seu cart\u00e3o de cidad\u00e3o ou bilhete de identidade e\/ou cart\u00e3o de contribuinte.<br \/>\n6.2. O registo das faturas dever\u00e1 ser efetuado a partir das 10h do dia 13 de setembro e at\u00e9 \u00e0s 22h do dia 27 de setembro de 2022, salvo se o plafond de vouchers dispon\u00edvel termine antes dessa data, conforme explicado no ponto 3.2. do presente regulamento.<br \/>\n6.3. O registo das faturas dever\u00e1 ser efetuado no Balc\u00e3o de Apoio ao Cliente do Forum Viseu dentro do hor\u00e1rio de funcionamento do mesmo, ou noutro balc\u00e3o que venha a ser implementado para o efeito em hor\u00e1rio e local a anunciar.<br \/>\n6.4. S\u00f3 ser\u00e3o aceites faturas para valida\u00e7\u00e3o e troca por vouchers nas datas e hor\u00e1rios acima referidos. A partir destes per\u00edodos, impreterivelmente, deixar\u00e3o de ser aceites quaisquer faturas para registo ao abrigo desta Campanha. As faturas apresentadas ser\u00e3o registadas, carimbadas e assinadas pelos colaboradores presentes no Balc\u00e3o de Apoio ao Cliente ou outro designado para o efeito, por forma a ficarem inutilizadas novamente para fins desta Campanha.<br \/>\n6.5. S\u00f3 ser\u00e3o aceites faturas originais, n\u00e3o sendo v\u00e1lidos tal\u00f5es comprovativos de pagamento por cart\u00e3o de cr\u00e9dito ou d\u00e9bito, segundas vias e\/ou duplicados, fotoc\u00f3pias e notas de encomenda, consultas de mesa dos tal\u00f5es de compra e tal\u00f5es de troca\/faturas de devolu\u00e7\u00e3o.<br \/>\n6.6. Caso sejam apresentadas faturas originais referentes a compras que beneficiem de outros descontos ou que resultem de campanhas de acumula\u00e7\u00e3o de pontos ou cheques\/cart\u00f5es presente das lojas, o valor a considerar ser\u00e1 o valor efetivamente pago pelo cliente na loja.<br \/>\n6.7. Nas faturas dever\u00e3o constar, de forma leg\u00edvel, o n\u00famero da fatura, a data e hora da(s) compra(s), o NIF do cliente, o estabelecimento comercial onde a compra foi realizada (Forum Viseu) o valor e a loja onde foi efetuadas a(s) compra(s).<br \/>\n6.8. As faturas s\u00f3 poder\u00e3o ser utilizadas uma \u00fanica vez para efeitos desta Campanha.<br \/>\n6.9. Cada cliente, ao aderir \u00e0 Campanha, est\u00e1 a dar consentimento expresso e sem reservas para que a Promotora da Campanha guarde os dados referentes \u00e0s faturas, designadamente o registo do NIF (n\u00famero de identifica\u00e7\u00e3o fiscal) para efeitos exclusivos da mesma.<br \/>\n6.10. Os dados rececionados ser\u00e3o guardados em local seguro, com sigilo e de restrito acesso, sendo eliminados no final da campanha.<br \/>\n6.11. Estes dados n\u00e3o ser\u00e3o transmiss\u00edveis a terceiros, exceto \u00e0s Lojas para efeitos de acertos de valores entre a Loja e a Promotora, na atribui\u00e7\u00e3o dos respetivos descontos.<br \/>\n6.12. Para efeitos da recolha dos dados indicados no ponto 6.9, o cliente dar\u00e1 o respetivo consentimento, por escrito, aquando da disponibiliza\u00e7\u00e3o dos mesmos.<br \/>\n6.13. As Lojas aderentes ficar\u00e3o impedidas de utiliza\u00e7\u00e3o dos dados das faturas para qualquer fim promocional ou outro que n\u00e3o o indicado no n\u00famero anterior.<br \/>\n6.14. S\u00f3 ap\u00f3s a apresenta\u00e7\u00e3o e valida\u00e7\u00e3o da fatura de compra \u00e9 que \u00e9 entregue o (s) voucher(s) de desconto ao cliente.<\/p>\n<p><strong>7. Vouchers<\/strong><br \/>\n7.1. A troca das faturas pelos vouchers de desconto implica um valor m\u00ednimo de compras (cumulativo ou n\u00e3o) de 50\u20ac (cinquenta euros), e um valor m\u00e1ximo de 500\u20ac (quinhentos euros).<br \/>\n7.2. Por cada 50\u20ac (cinquenta euros) de compras, cumulativas ou n\u00e3o, o cliente recebe um voucher no valor de 5\u20ac (cinco euros) para ser utilizado nas lojas aderentes \u00e0 Campanha:<br \/>\n\u2022 Exemplo 1: se o cliente apresentar faturas no total de 50\u20ac recebe um voucher de 5\u20ac;<br \/>\n\u2022 Exemplo 2: se o cliente apresentar faturas no total de 99\u20ac recebe um voucher de 5\u20ac;<br \/>\n\u2022 Exemplo 3: se o cliente apresentar faturas no total de 100\u20ac recebe dois vouchers de 5\u20ac;<br \/>\n7.3. A troca de faturas por vouchers est\u00e1 condicionada ao plafond di\u00e1rio de 500 vouchers, sendo que a atribui\u00e7\u00e3o dos vouchers de 5\u20ac termina logo que seja atingido o limite m\u00e1ximo deste plafond ainda que tal venha a ocorrer antes dos prazos limite para troca das faturas pelos vouchers.<br \/>\n7.4. Os vouchers de 5\u20ac s\u00e3o entregues ao cliente no momento da apresenta\u00e7\u00e3o das faturas de compra realizadas nos per\u00edodos acima indicados, desde sejam cumpridos todos os requisitos descritos no presente regulamento.<br \/>\n7.5. Os vouchers de 5\u20ac s\u00e3o para ser utilizados em compras nas Lojas do Centro Comercial Forum Viseu indicadas no ponto 8.1. do presente regulamento e n\u00e3o podem ser utilizados para compras em Espa\u00e7os de Aluguer Tempor\u00e1rios (quiosques\/bancas), Cart\u00f5es Presentes, tal\u00f5es de jogos de sorte\/azar, carregamentos de telem\u00f3vel pagamento de servi\u00e7os de telecomunica\u00e7\u00f5es (telem\u00f3vel, telefone, internet,\u2026) nas lojas que prestem este servi\u00e7o;<br \/>\n7.6. Ao utilizar o voucher de 5\u20ac o cliente est\u00e1 automaticamente a autorizar que a segunda via da fatura relativa a essa compra seja entregue \u00e0 entidade gestora do Forum Viseu como forma de comprovativo da utiliza\u00e7\u00e3o do voucher na loja.<br \/>\n7.7. Os vouchers de 5\u20ac n\u00e3o s\u00e3o convert\u00edveis em dinheiro.<br \/>\n7.8. Os vouchers s\u00e3o cumulativos e s\u00e3o para serem utilizados em compras de valor igual ou superior a 5\u20ac (cinco euros) e seus m\u00faltiplos.<br \/>\n7.9. Os vouchers, ao serem utilizados, t\u00eam de ser utilizados na sua totalidade, pelo que n\u00e3o h\u00e1 lugar a troco.<br \/>\n7.10 A soma dos vouchers utilizados n\u00e3o pode ser superior ao valor da compra:<br \/>\n\u2022 Exemplo 1: Compra valor de 12\u20ac (doze euros), o Cliente pode utilizar 1 ou 2 vouchers de 5\u20ac (cinco euros), pagando \u00e0 parte o valor em falta, neste caso, os 2\u20ac euros (dois euros);<br \/>\n\u2022 Exemplo 2: Compra valor de 16\u20ac (dezasseis euros), o Cliente pode utilizar 1, 2 ou 3 vouchers de 5\u20ac (cinco euros), pagando \u00e0 parte o valor em falta, neste caso, os 1\u20ac euro (um euro)<br \/>\n7.11. N\u00e3o ser\u00e3o aceites vouchers com rasuras, carimbos com a data de validade adulterados ou que apresentem evid\u00eancia de ilegitimidade.<br \/>\n7.12. Caso o cliente n\u00e3o utilize o voucher at\u00e9 \u00e0 data de validade do mesmo, o voucher fica caducado e j\u00e1 n\u00e3o ser\u00e1 aceite em Loja.<\/p>\n<p><strong>8. Lojas Aderentes<\/strong><br \/>\n8.1. Os vouchers de 5\u20ac podem ser utilizados nas seguintes lojas aderentes:<\/p>\n<p>B&amp;amp; Perfumes &amp;amp; Companhia \u2022 Bershka \u2022 Boutique dos Rel\u00f3gios &#8211; Caledonia \u2022 Celeiro \u2022 Chic2Chic \u2022 Companhia Equivalenza \u2022 Giovanni Galli \u2022 Intimissimi \u2022 Kicks &#8211; Kiko \u2022 La Casa de Las Carcasas \u2022 Lefties \u2022 LPoint \u2022 Massimo Dutti \u2022 Mayoral \u2022 Nails 4&#8217;Us \u2022 NOS Lusomundo Cinemas \u2022 Oysho \u2022 Parfois \u2022 Pluricosm\u00e9tica \u2022 Pull &amp;amp; Bear \u2022 Sacoor Brothers \u2022 Salsa \u2022 Stradivarius \u2022 Telepizza \u2022 Tiffosi\u2022 Tiger &#8211; Timberland \u2022 Tous Zara<\/p>\n<p><strong>9. Disposi\u00e7\u00f5es Finais<\/strong><br \/>\n9.1. Qualquer atividade fraudulenta ou a falta de cumprimento das regras desta Campanha poder\u00e3o resultar na exclus\u00e3o do participante. Assim, n\u00e3o ser\u00e3o consideradas v\u00e1lidas as participa\u00e7\u00f5es em que os dados fornecidos indiciem d\u00favidas e\/ou sejam considerados falsos, ou que de alguma forma tentem viciar as regras do presente regulamento.<br \/>\n9.2. \u00c9 proibida a participa\u00e7\u00e3o no presente passatempo para fins contr\u00e1rios \u00e0 Lei, que suponham um preju\u00edzo para terceiros, ou de qualquer forma lesem a sua honra, dignidade, imagem, intimidade, cren\u00e7as religiosas, ideologias ou qualquer outro direito reconhecido legalmente.<br \/>\n9.3. A entidade promotora da presente Campanha declina qualquer responsabilidade por erros n\u00e3o grosseiros na transmiss\u00e3o de informa\u00e7\u00e3o respeitante \u00e0 Campanha.<br \/>\n9.4. Quaisquer d\u00favidas sobre a interpreta\u00e7\u00e3o e aplica\u00e7\u00e3o do regulamento dever\u00e3o ser esclarecidas, analisadas e decididas pela entidade promotora da presente Campanha.<br \/>\n9.5. Qualquer reclama\u00e7\u00e3o ou esclarecimento de d\u00favidas dever\u00e1 ser esclarecida com a administra\u00e7\u00e3o do Centro Comercial Forum Viseu.<br \/>\n9.6. Os termos e condi\u00e7\u00f5es da presente Campanha ficam sujeitos \u00e0 lei portuguesa. Quaisquer lit\u00edgios, diferendos ou conflitos referentes \u00e0 interpreta\u00e7\u00e3o, validade ou cumprimento do presente Regulamento ficam sujeitos \u00e0 jurisdi\u00e7\u00e3o e compet\u00eancia do foro da comarca de Lisboa<\/p>\n<p><strong>10. A participa\u00e7\u00e3o implica ainda a total aceita\u00e7\u00e3o:<\/strong><br \/>\n10.1. A participa\u00e7\u00e3o na Campanha implica o conhecimento e a aceita\u00e7\u00e3o autom\u00e1tica dos termos e condi\u00e7\u00f5es apresentados neste regulamento.<br \/>\n10.2. De todas as decis\u00f5es da organiza\u00e7\u00e3o que sejam necess\u00e1rias tomar para ir apurando o modelo da Campanha.<\/p>\n<p><strong>11. Divulga\u00e7\u00e3o da Campanha<\/strong><br \/>\nA divulga\u00e7\u00e3o da presente Campanha ser\u00e1 feita no interior e exterior do Centro Comercial Forum Viseu,<br \/>\nobrigando-se a entidade promotora a expor claramente todas as condi\u00e7\u00f5es respeitantes ao mesmo, de acordo com a Legisla\u00e7\u00e3o em vigor.<\/p>\n<p><strong>12. Altera\u00e7\u00e3o ao Regulamento<\/strong><br \/>\nTodos os pontos do presente regulamento poder\u00e3o ser alterados a qualquer momento pela sociedade promotora, sem aviso pr\u00e9vio, sendo, no entanto, as altera\u00e7\u00f5es devidamente publicitadas.<\/p>\n<p><strong>13. Cancelamento da Campanha<\/strong><br \/>\nA CA PATRIM\u00d3NIO CRESCENTE \u2013 FUNDO DE INVESTIMENTO IMOBILI\u00c1RIO ABERTO, propriet\u00e1ria do Forum<br \/>\nViseu, reserva-se o direito de, a qualquer momento, cancelar a presente Campanha, sem que os clientes e\/ou lojas aderentes possam invocar o direito a qualquer compensa\u00e7\u00e3o ou indeminiza\u00e7\u00e3o por for\u00e7a de tal cancelamento.<\/p>\n<p><strong>14. Responsabilidade da Empresa Promotora<\/strong><br \/>\n14.1. Modifica\u00e7\u00f5es e\/ou anexos: A Promotora reserva-se o direito de efetuar altera\u00e7\u00f5es ou aditar anexos posteriores sobre o funcionamento da Campanha, sempre que os mesmos se justifiquem ou n\u00e3o prejudiquem os participantes, e que sejam devidamente comunicados aos mesmos.<br \/>\n14.2. Em nenhuma circunst\u00e2ncia poder\u00e3o ser imputadas responsabilidades \u00e0 Promotora por registos perdidos, atrasados, mal endere\u00e7ados, danificados, inv\u00e1lidos, extraviados ou corrompidos, por motivos que n\u00e3o lhe sejam imput\u00e1veis. A promotora considera-se igualmente alheia a qualquer acontecimento de for\u00e7a maior (tais como greves, encerramentos inevit\u00e1veis), que possa condicionar ou afetar o gozo e\/ou usufruto, total ou parcial, de qualquer dos pr\u00e9mios atribu\u00eddos.<br \/>\n14.3. A Promotora declina toda e qualquer responsabilidade caso se verifique qualquer um dos casos acima mencionados.<br \/>\n14.4. Caso a Campanha n\u00e3o se possa realizar, quer seja por fraudes detetadas no mesmo, erros t\u00e9cnicos, ou qualquer outro motivo que ultrapasse o controlo da empresa promotora e que afete o normal decorrer do passatempo, a Promotora reserva-se o direito de cancelar, modificar e\/ou suspender o mesmo sem que os clientes e\/ou lojas aderentes possam invocar o direito a qualquer compensa\u00e7\u00e3o ou indeminiza\u00e7\u00e3o por for\u00e7a de tal cancelamento.<\/p>\n<p>Data: Viseu, 01 de setembro de 2022<\/p>\n<p>Vers\u00e3o do Regulamento: Vers\u00e3o 1 de 2022<\/p>\n","protected":false},"featured_media":2153,"template":"","class_list":["post-4607","events","type-events","status-publish","has-post-thumbnail","hentry"],"yoast_head":"<!-- This site is optimized with the Yoast SEO plugin v22.2 - https:\/\/yoast.com\/wordpress\/plugins\/seo\/ -->\n<title>BOOMERANG DAYS - Forum Viseu<\/title>\n<meta name=\"robots\" content=\"index, follow, max-snippet:-1, max-image-preview:large, max-video-preview:-1\" \/>\n<link rel=\"canonical\" href=\"https:\/\/www.forumviseu.net\/en\/events\/boomerang-days\/\" \/>\n<meta property=\"og:locale\" content=\"en_US\" \/>\n<meta property=\"og:type\" content=\"article\" \/>\n<meta property=\"og:title\" content=\"BOOMERANG DAYS - Forum Viseu\" \/>\n<meta property=\"og:description\" content=\"&nbsp; &nbsp; Regulamento Campanha 1. Empresa Promotora CA PATRIM\u00d3NIO CRESCENTE \u2013 FUNDO DE INVESTIMENTO IMOBILI\u00c1RIO ABERTO, pessoa coletiva n\u00ba 720005418, gerido e legalmente representado pela SQUARE ASSET MANAGEMENT \u2013 Sociedade Gestora de Organismos de Investimento Coletivo, S.A., com sede na Rua Tierno Galvan, Torre 3 das Amoreiras, 14.\u00ba, fra\u00e7\u00e3o \u201cO\u201d, Campo de Ourique, 1070-274 Lisboa, [&hellip;]\" \/>\n<meta property=\"og:url\" content=\"https:\/\/www.forumviseu.net\/en\/events\/boomerang-days\/\" \/>\n<meta property=\"og:site_name\" content=\"Forum Viseu\" \/>\n<meta property=\"og:image\" content=\"https:\/\/www.forumviseu.net\/wp-content\/uploads\/sites\/15\/2022\/09\/Homepage_digital_2500x1500.jpg\" \/>\n\t<meta property=\"og:image:width\" content=\"2500\" \/>\n\t<meta property=\"og:image:height\" content=\"1500\" \/>\n\t<meta property=\"og:image:type\" content=\"image\/jpeg\" \/>\n<meta name=\"twitter:card\" content=\"summary_large_image\" \/>\n<meta name=\"twitter:label1\" content=\"Est. reading time\" \/>\n\t<meta name=\"twitter:data1\" content=\"11 minutes\" \/>\n<script type=\"application\/ld+json\" class=\"yoast-schema-graph\">{\"@context\":\"https:\/\/schema.org\",\"@graph\":[{\"@type\":\"WebPage\",\"@id\":\"https:\/\/www.forumviseu.net\/en\/events\/boomerang-days\/\",\"url\":\"https:\/\/www.forumviseu.net\/en\/events\/boomerang-days\/\",\"name\":\"BOOMERANG DAYS - Forum Viseu\",\"isPartOf\":{\"@id\":\"https:\/\/www.forumviseu.net\/#website\"},\"primaryImageOfPage\":{\"@id\":\"https:\/\/www.forumviseu.net\/en\/events\/boomerang-days\/#primaryimage\"},\"image\":{\"@id\":\"https:\/\/www.forumviseu.net\/en\/events\/boomerang-days\/#primaryimage\"},\"thumbnailUrl\":\"https:\/\/www.forumviseu.net\/wp-content\/uploads\/sites\/15\/2022\/09\/Homepage_digital_2500x1500.jpg\",\"datePublished\":\"2026-01-30T15:35:37+00:00\",\"dateModified\":\"2026-01-30T15:35:37+00:00\",\"breadcrumb\":{\"@id\":\"https:\/\/www.forumviseu.net\/en\/events\/boomerang-days\/#breadcrumb\"},\"inLanguage\":\"en-US\",\"potentialAction\":[{\"@type\":\"ReadAction\",\"target\":[\"https:\/\/www.forumviseu.net\/en\/events\/boomerang-days\/\"]}]},{\"@type\":\"ImageObject\",\"inLanguage\":\"en-US\",\"@id\":\"https:\/\/www.forumviseu.net\/en\/events\/boomerang-days\/#primaryimage\",\"url\":\"https:\/\/www.forumviseu.net\/wp-content\/uploads\/sites\/15\/2022\/09\/Homepage_digital_2500x1500.jpg\",\"contentUrl\":\"https:\/\/www.forumviseu.net\/wp-content\/uploads\/sites\/15\/2022\/09\/Homepage_digital_2500x1500.jpg\",\"width\":2500,\"height\":1500},{\"@type\":\"BreadcrumbList\",\"@id\":\"https:\/\/www.forumviseu.net\/en\/events\/boomerang-days\/#breadcrumb\",\"itemListElement\":[{\"@type\":\"ListItem\",\"position\":1,\"name\":\"Events\",\"item\":\"https:\/\/www.forumviseu.net\/events\/\"},{\"@type\":\"ListItem\",\"position\":2,\"name\":\"BOOMERANG DAYS\"}]},{\"@type\":\"WebSite\",\"@id\":\"https:\/\/www.forumviseu.net\/#website\",\"url\":\"https:\/\/www.forumviseu.net\/\",\"name\":\"Forum Viseu\",\"description\":\"Ser Quem Sou\",\"publisher\":{\"@id\":\"https:\/\/www.forumviseu.net\/#organization\"},\"potentialAction\":[{\"@type\":\"SearchAction\",\"target\":{\"@type\":\"EntryPoint\",\"urlTemplate\":\"https:\/\/www.forumviseu.net\/?s={search_term_string}\"},\"query-input\":\"required name=search_term_string\"}],\"inLanguage\":\"en-US\"},{\"@type\":\"Organization\",\"@id\":\"https:\/\/www.forumviseu.net\/#organization\",\"name\":\"Forum Viseu\",\"url\":\"https:\/\/www.forumviseu.net\/\",\"logo\":{\"@type\":\"ImageObject\",\"inLanguage\":\"en-US\",\"@id\":\"https:\/\/www.forumviseu.net\/#\/schema\/logo\/image\/\",\"url\":\"https:\/\/www.forumviseu.net\/wp-content\/uploads\/sites\/15\/logo.png\",\"contentUrl\":\"https:\/\/www.forumviseu.net\/wp-content\/uploads\/sites\/15\/logo.png\",\"caption\":\"Forum Viseu\"},\"image\":{\"@id\":\"https:\/\/www.forumviseu.net\/#\/schema\/logo\/image\/\"}}]}<\/script>\n<!-- \/ Yoast SEO plugin. -->","yoast_head_json":{"title":"BOOMERANG DAYS - Forum Viseu","robots":{"index":"index","follow":"follow","max-snippet":"max-snippet:-1","max-image-preview":"max-image-preview:large","max-video-preview":"max-video-preview:-1"},"canonical":"https:\/\/www.forumviseu.net\/en\/events\/boomerang-days\/","og_locale":"en_US","og_type":"article","og_title":"BOOMERANG DAYS - Forum Viseu","og_description":"&nbsp; &nbsp; Regulamento Campanha 1. Empresa Promotora CA PATRIM\u00d3NIO CRESCENTE \u2013 FUNDO DE INVESTIMENTO IMOBILI\u00c1RIO ABERTO, pessoa coletiva n\u00ba 720005418, gerido e legalmente representado pela SQUARE ASSET MANAGEMENT \u2013 Sociedade Gestora de Organismos de Investimento Coletivo, S.A., com sede na Rua Tierno Galvan, Torre 3 das Amoreiras, 14.\u00ba, fra\u00e7\u00e3o \u201cO\u201d, Campo de Ourique, 1070-274 Lisboa, [&hellip;]","og_url":"https:\/\/www.forumviseu.net\/en\/events\/boomerang-days\/","og_site_name":"Forum Viseu","og_image":[{"width":2500,"height":1500,"url":"https:\/\/www.forumviseu.net\/wp-content\/uploads\/sites\/15\/2022\/09\/Homepage_digital_2500x1500.jpg","type":"image\/jpeg"}],"twitter_card":"summary_large_image","twitter_misc":{"Est. reading time":"11 minutes"},"schema":{"@context":"https:\/\/schema.org","@graph":[{"@type":"WebPage","@id":"https:\/\/www.forumviseu.net\/en\/events\/boomerang-days\/","url":"https:\/\/www.forumviseu.net\/en\/events\/boomerang-days\/","name":"BOOMERANG DAYS - Forum Viseu","isPartOf":{"@id":"https:\/\/www.forumviseu.net\/#website"},"primaryImageOfPage":{"@id":"https:\/\/www.forumviseu.net\/en\/events\/boomerang-days\/#primaryimage"},"image":{"@id":"https:\/\/www.forumviseu.net\/en\/events\/boomerang-days\/#primaryimage"},"thumbnailUrl":"https:\/\/www.forumviseu.net\/wp-content\/uploads\/sites\/15\/2022\/09\/Homepage_digital_2500x1500.jpg","datePublished":"2026-01-30T15:35:37+00:00","dateModified":"2026-01-30T15:35:37+00:00","breadcrumb":{"@id":"https:\/\/www.forumviseu.net\/en\/events\/boomerang-days\/#breadcrumb"},"inLanguage":"en-US","potentialAction":[{"@type":"ReadAction","target":["https:\/\/www.forumviseu.net\/en\/events\/boomerang-days\/"]}]},{"@type":"ImageObject","inLanguage":"en-US","@id":"https:\/\/www.forumviseu.net\/en\/events\/boomerang-days\/#primaryimage","url":"https:\/\/www.forumviseu.net\/wp-content\/uploads\/sites\/15\/2022\/09\/Homepage_digital_2500x1500.jpg","contentUrl":"https:\/\/www.forumviseu.net\/wp-content\/uploads\/sites\/15\/2022\/09\/Homepage_digital_2500x1500.jpg","width":2500,"height":1500},{"@type":"BreadcrumbList","@id":"https:\/\/www.forumviseu.net\/en\/events\/boomerang-days\/#breadcrumb","itemListElement":[{"@type":"ListItem","position":1,"name":"Events","item":"https:\/\/www.forumviseu.net\/events\/"},{"@type":"ListItem","position":2,"name":"BOOMERANG DAYS"}]},{"@type":"WebSite","@id":"https:\/\/www.forumviseu.net\/#website","url":"https:\/\/www.forumviseu.net\/","name":"Forum Viseu","description":"Ser Quem Sou","publisher":{"@id":"https:\/\/www.forumviseu.net\/#organization"},"potentialAction":[{"@type":"SearchAction","target":{"@type":"EntryPoint","urlTemplate":"https:\/\/www.forumviseu.net\/?s={search_term_string}"},"query-input":"required name=search_term_string"}],"inLanguage":"en-US"},{"@type":"Organization","@id":"https:\/\/www.forumviseu.net\/#organization","name":"Forum Viseu","url":"https:\/\/www.forumviseu.net\/","logo":{"@type":"ImageObject","inLanguage":"en-US","@id":"https:\/\/www.forumviseu.net\/#\/schema\/logo\/image\/","url":"https:\/\/www.forumviseu.net\/wp-content\/uploads\/sites\/15\/logo.png","contentUrl":"https:\/\/www.forumviseu.net\/wp-content\/uploads\/sites\/15\/logo.png","caption":"Forum Viseu"},"image":{"@id":"https:\/\/www.forumviseu.net\/#\/schema\/logo\/image\/"}}]}},"_links":{"self":[{"href":"https:\/\/www.forumviseu.net\/en\/wp-json\/wp\/v2\/events\/4607","targetHints":{"allow":["GET"]}}],"collection":[{"href":"https:\/\/www.forumviseu.net\/en\/wp-json\/wp\/v2\/events"}],"about":[{"href":"https:\/\/www.forumviseu.net\/en\/wp-json\/wp\/v2\/types\/events"}],"wp:featuredmedia":[{"embeddable":true,"href":"https:\/\/www.forumviseu.net\/en\/wp-json\/wp\/v2\/media\/2153"}],"wp:attachment":[{"href":"https:\/\/www.forumviseu.net\/en\/wp-json\/wp\/v2\/media?parent=4607"}],"curies":[{"name":"wp","href":"https:\/\/api.w.org\/{rel}","templated":true}]}}