{"id":4612,"date":"2026-01-30T15:37:42","date_gmt":"2026-01-30T15:37:42","guid":{"rendered":"https:\/\/www.forumviseu.net\/?post_type=events&#038;p=4612"},"modified":"2026-01-30T15:37:42","modified_gmt":"2026-01-30T15:37:42","slug":"forum-viseu-green-fest","status":"publish","type":"events","link":"https:\/\/www.forumviseu.net\/en\/events\/forum-viseu-green-fest\/","title":{"rendered":"FORUM VISEU GREEN FEST"},"content":{"rendered":"<p class=\"p1\">O Dia Mundial da Crian\u00e7a (1 de junho) e o Dia Mundial do Ambiente (5 de junho) s\u00e3o o mote para o <strong>Forum Viseu Green Fest<\/strong>, uma semana dedicada \u00e0 promo\u00e7\u00e3o da sustentabilidade e da preserva\u00e7\u00e3o do patrim\u00f3nio natural da zona de Viseu junto dos mais novos.<\/p>\n<p class=\"p1\">Arborismo, reciclagem, workshops de jardinagem, culin\u00e1ria Bio, desenho, fauna selvagem e sensibiliza\u00e7\u00e3o para esp\u00e9cies de fauna e flora da zona de Viseu s\u00e3o algumas das atividades gratuitas em destaque.<\/p>\n<p class=\"p1\">O evento decorrer\u00e1 de 1 a 10 de junho com um conjunto de atividades gratuitas que aliam uma abordagem pedag\u00f3gica com muita divers\u00e3o, privilegiando atividades ao ar livre, sempre com o objetivo de consciencializar as crian\u00e7as para a import\u00e2ncia do respeito pelo ambiente e da ado\u00e7\u00e3o de h\u00e1bitos saud\u00e1veis.<\/p>\n<p>&nbsp;<\/p>\n<p class=\"p1\"><b>Tree Tops Challenge | Piso 1<\/b><\/p>\n<p class=\"p1\">Neste espa\u00e7o, que ir\u00e1 funcionar das 10h00 \u00e0s 13h00 e das 15h00 \u00e0s 19h00, as crian\u00e7as dos 5 aos 12 anos ser\u00e3o desafiadas a reciclarem um conjunto de embalagens nos contentores corretos e poder\u00e3o, posteriormente, experimentar a pr\u00e1tica de Arborismo. A estrutura exibe um cen\u00e1rio composto por diversas esp\u00e9cies aut\u00f3ctones das Matas de Viseu, dando a oportunidade de os participantes conhecerem factos sobre as mesmas.<\/p>\n<p>&nbsp;<\/p>\n<p class=\"p1\"><b>Green Workshops | Piso 1<\/b><\/p>\n<p class=\"p1\">Na Oficia Verde ir\u00e3o decorrer v\u00e1rios workshops, das 10h00 \u00e0s 13h00 e das 15h00 \u00e0s 19h00, conforme agenda:<\/p>\n<p class=\"p1\">\u2022<span class=\"Apple-converted-space\">\u00a0 <\/span><strong>1 junho<\/strong> \u2013 Eco-Print \/ Flores Marteladas;<\/p>\n<p class=\"p1\">*Das 10h \u00e0s 13h promovido pela artista pl\u00e1stica Vanessa Chrystie<\/p>\n<p class=\"p1\">\u2022 <strong>2 de junho<\/strong> \u2013 Fauna Selvagem, promovido pelo CERVAS \u2013 Centro de Ecologia, Recupera\u00e7\u00e3o e Vigil\u00e2ncia de Animais Selvagens;<\/p>\n<p class=\"p1\">\u2022<span class=\"Apple-converted-space\">\u00a0 <\/span><strong>2, 6 e 10 junho<\/strong> \u2013 Jardinagem;<\/p>\n<p class=\"p1\">\u2022<span class=\"Apple-converted-space\">\u00a0 <\/span><strong>3 e 7 junho<\/strong> \u2013 Culin\u00e1ria BIO;<\/p>\n<p class=\"p1\">\u2022<span class=\"Apple-converted-space\">\u00a0 <\/span><strong>4 e 8 junho<\/strong> \u2013 Reciclagem;<\/p>\n<p class=\"p1\">\u2022<span class=\"Apple-converted-space\">\u00a0 <\/span><strong>5 e 9 junho<\/strong> \u2013 Ateliers de desenho e reciclagem.<\/p>\n<p>&nbsp;<\/p>\n<p class=\"p1\"><b>Escultura Guarda-rios | Piso 1<\/b><\/p>\n<p class=\"p1\">Uma grande escultura do artista pl\u00e1stico Jo\u00e3o Dias, constru\u00edda com materiais e desperd\u00edcios que podemos encontrar no nosso quotidiano e aos quais foi dada uma segunda oportunidade, servindo de \u201ccorpo\u201d para esta forma de guarda rios, combinando todos estes materiais a reciclar numa escultura final colorida e tomada de \u201cvida\u201d. A mat\u00e9ria-prima aqui usada pretende relembrar a todos da import\u00e2ncia e responsabilidade da nossa pegada ecol\u00f3gica.<\/p>\n<p>&nbsp;<\/p>\n<p class=\"p1\"><b>Exposi\u00e7\u00e3o escolas | Piso 2<\/b><\/p>\n<p class=\"p1\">Com o objetivo de promover a consciencializa\u00e7\u00e3o ambiental e a criatividade das crian\u00e7as, incentivando o uso de pr\u00e1ticas sustent\u00e1veis nas suas cria\u00e7\u00f5es, o Forum Viseu desafiou as escolas do 1\u00ba e 2\u00ba Ciclo de Viseu a desenvolverem um projeto decorativo de uma das aves mais caracter\u00edsticas da fauna de Viseu \u2013 o Guarda-rios, utilizando, exclusivamente, materiais reciclados, com base em crit\u00e9rios de originalidade, sustentabilidade e de lealdade \u00e0 esp\u00e9cie de ave indicada.<\/p>\n<p>&nbsp;<\/p>\n<p class=\"p1\">\u2022<span class=\"Apple-converted-space\">\u00a0 <\/span><b>ESCOLAS<\/b> | 10 escolas apresentam os seus Guarda-rios desenvolvidos pelos alunos, utilizando exclusivamente materiais reciclados e\/ou da natureza.<\/p>\n<p class=\"p1\"><b>EB Farminh\u00e3o \/ Col\u00e9gio da Via-Sacra \/ Col\u00e9gio da Imaculada Concei\u00e7\u00e3o \/ EB Guimar\u00e3es \/ EB Oliveira de Baixo \/ EB Roando de Oliveira \/ EB Jo\u00e3o de Barros \/ EB Arnaldo Malho \/ EB da Ribeira \/ EB Bairro Municipal<\/b><\/p>\n<p class=\"p1\">\u2022<span class=\"Apple-converted-space\">\u00a0 <\/span><b>VENCEDOR<\/b> | O trabalho vencedor ser\u00e1 o que tiver mais fichas, as quais devem ser depositadas na caixa correspondente e identificada junto ao respetivo trabalho. No final, o trabalho que tiver reunido maior n\u00famero de fichas ser\u00e1 o vencedor.<\/p>\n<p class=\"p1\">\u2022<span class=\"Apple-converted-space\">\u00a0 <\/span><b>FICHAS<\/b> | As fichas para vota\u00e7\u00e3o dever\u00e3o ser levantadas no Balc\u00e3o de Apoio ao Cliente (entre as 11h e as 19h) mediante uma doa\u00e7\u00e3o m\u00ednima de 0.20\u20ac por ficha.<\/p>\n<p class=\"p1\">\u2022<span class=\"Apple-converted-space\">\u00a0 <\/span><b>SOLIDARIEDADE<\/b> | O valor angariado com as fichas, reverte na totalidade para o CERVAS \u2013 Centro de Ecologia Recupera\u00e7\u00e3o e Vigil\u00e2ncia de Animais Selvagens.<\/p>\n","protected":false},"featured_media":4145,"template":"","class_list":["post-4612","events","type-events","status-publish","has-post-thumbnail","hentry"],"yoast_head":"<!-- This site is optimized with the Yoast SEO plugin v22.2 - https:\/\/yoast.com\/wordpress\/plugins\/seo\/ -->\n<title>FORUM VISEU GREEN FEST - Forum Viseu<\/title>\n<meta name=\"robots\" content=\"index, follow, max-snippet:-1, max-image-preview:large, max-video-preview:-1\" \/>\n<link rel=\"canonical\" href=\"https:\/\/www.forumviseu.net\/en\/events\/forum-viseu-green-fest\/\" \/>\n<meta property=\"og:locale\" content=\"en_US\" \/>\n<meta property=\"og:type\" content=\"article\" \/>\n<meta property=\"og:title\" content=\"FORUM VISEU GREEN FEST - Forum Viseu\" \/>\n<meta property=\"og:description\" content=\"O Dia Mundial da Crian\u00e7a (1 de junho) e o Dia Mundial do Ambiente (5 de junho) s\u00e3o o mote para o Forum Viseu Green Fest, uma semana dedicada \u00e0 promo\u00e7\u00e3o da sustentabilidade e da preserva\u00e7\u00e3o do patrim\u00f3nio natural da zona de Viseu junto dos mais novos. Arborismo, reciclagem, workshops de jardinagem, culin\u00e1ria Bio, desenho, [&hellip;]\" \/>\n<meta property=\"og:url\" content=\"https:\/\/www.forumviseu.net\/en\/events\/forum-viseu-green-fest\/\" \/>\n<meta property=\"og:site_name\" content=\"Forum Viseu\" \/>\n<meta property=\"og:image\" content=\"https:\/\/www.forumviseu.net\/wp-content\/uploads\/sites\/15\/2024\/05\/Banner-site.jpg\" \/>\n\t<meta property=\"og:image:width\" content=\"2500\" \/>\n\t<meta property=\"og:image:height\" content=\"1156\" \/>\n\t<meta property=\"og:image:type\" content=\"image\/jpeg\" \/>\n<meta name=\"twitter:card\" content=\"summary_large_image\" \/>\n<meta name=\"twitter:label1\" content=\"Est. reading time\" \/>\n\t<meta name=\"twitter:data1\" content=\"3 minutes\" \/>\n<script type=\"application\/ld+json\" class=\"yoast-schema-graph\">{\"@context\":\"https:\/\/schema.org\",\"@graph\":[{\"@type\":\"WebPage\",\"@id\":\"https:\/\/www.forumviseu.net\/en\/events\/forum-viseu-green-fest\/\",\"url\":\"https:\/\/www.forumviseu.net\/en\/events\/forum-viseu-green-fest\/\",\"name\":\"FORUM VISEU GREEN FEST - Forum Viseu\",\"isPartOf\":{\"@id\":\"https:\/\/www.forumviseu.net\/#website\"},\"primaryImageOfPage\":{\"@id\":\"https:\/\/www.forumviseu.net\/en\/events\/forum-viseu-green-fest\/#primaryimage\"},\"image\":{\"@id\":\"https:\/\/www.forumviseu.net\/en\/events\/forum-viseu-green-fest\/#primaryimage\"},\"thumbnailUrl\":\"https:\/\/www.forumviseu.net\/wp-content\/uploads\/sites\/15\/2024\/05\/Banner-site.jpg\",\"datePublished\":\"2026-01-30T15:37:42+00:00\",\"dateModified\":\"2026-01-30T15:37:42+00:00\",\"breadcrumb\":{\"@id\":\"https:\/\/www.forumviseu.net\/en\/events\/forum-viseu-green-fest\/#breadcrumb\"},\"inLanguage\":\"en-US\",\"potentialAction\":[{\"@type\":\"ReadAction\",\"target\":[\"https:\/\/www.forumviseu.net\/en\/events\/forum-viseu-green-fest\/\"]}]},{\"@type\":\"ImageObject\",\"inLanguage\":\"en-US\",\"@id\":\"https:\/\/www.forumviseu.net\/en\/events\/forum-viseu-green-fest\/#primaryimage\",\"url\":\"https:\/\/www.forumviseu.net\/wp-content\/uploads\/sites\/15\/2024\/05\/Banner-site.jpg\",\"contentUrl\":\"https:\/\/www.forumviseu.net\/wp-content\/uploads\/sites\/15\/2024\/05\/Banner-site.jpg\",\"width\":2500,\"height\":1156},{\"@type\":\"BreadcrumbList\",\"@id\":\"https:\/\/www.forumviseu.net\/en\/events\/forum-viseu-green-fest\/#breadcrumb\",\"itemListElement\":[{\"@type\":\"ListItem\",\"position\":1,\"name\":\"Events\",\"item\":\"https:\/\/www.forumviseu.net\/events\/\"},{\"@type\":\"ListItem\",\"position\":2,\"name\":\"FORUM VISEU GREEN FEST\"}]},{\"@type\":\"WebSite\",\"@id\":\"https:\/\/www.forumviseu.net\/#website\",\"url\":\"https:\/\/www.forumviseu.net\/\",\"name\":\"Forum Viseu\",\"description\":\"Ser Quem Sou\",\"publisher\":{\"@id\":\"https:\/\/www.forumviseu.net\/#organization\"},\"potentialAction\":[{\"@type\":\"SearchAction\",\"target\":{\"@type\":\"EntryPoint\",\"urlTemplate\":\"https:\/\/www.forumviseu.net\/?s={search_term_string}\"},\"query-input\":\"required name=search_term_string\"}],\"inLanguage\":\"en-US\"},{\"@type\":\"Organization\",\"@id\":\"https:\/\/www.forumviseu.net\/#organization\",\"name\":\"Forum Viseu\",\"url\":\"https:\/\/www.forumviseu.net\/\",\"logo\":{\"@type\":\"ImageObject\",\"inLanguage\":\"en-US\",\"@id\":\"https:\/\/www.forumviseu.net\/#\/schema\/logo\/image\/\",\"url\":\"https:\/\/www.forumviseu.net\/wp-content\/uploads\/sites\/15\/logo.png\",\"contentUrl\":\"https:\/\/www.forumviseu.net\/wp-content\/uploads\/sites\/15\/logo.png\",\"caption\":\"Forum Viseu\"},\"image\":{\"@id\":\"https:\/\/www.forumviseu.net\/#\/schema\/logo\/image\/\"}}]}<\/script>\n<!-- \/ Yoast SEO plugin. -->","yoast_head_json":{"title":"FORUM VISEU GREEN FEST - Forum Viseu","robots":{"index":"index","follow":"follow","max-snippet":"max-snippet:-1","max-image-preview":"max-image-preview:large","max-video-preview":"max-video-preview:-1"},"canonical":"https:\/\/www.forumviseu.net\/en\/events\/forum-viseu-green-fest\/","og_locale":"en_US","og_type":"article","og_title":"FORUM VISEU GREEN FEST - Forum Viseu","og_description":"O Dia Mundial da Crian\u00e7a (1 de junho) e o Dia Mundial do Ambiente (5 de junho) s\u00e3o o mote para o Forum Viseu Green Fest, uma semana dedicada \u00e0 promo\u00e7\u00e3o da sustentabilidade e da preserva\u00e7\u00e3o do patrim\u00f3nio natural da zona de Viseu junto dos mais novos. Arborismo, reciclagem, workshops de jardinagem, culin\u00e1ria Bio, desenho, [&hellip;]","og_url":"https:\/\/www.forumviseu.net\/en\/events\/forum-viseu-green-fest\/","og_site_name":"Forum Viseu","og_image":[{"width":2500,"height":1156,"url":"https:\/\/www.forumviseu.net\/wp-content\/uploads\/sites\/15\/2024\/05\/Banner-site.jpg","type":"image\/jpeg"}],"twitter_card":"summary_large_image","twitter_misc":{"Est. reading time":"3 minutes"},"schema":{"@context":"https:\/\/schema.org","@graph":[{"@type":"WebPage","@id":"https:\/\/www.forumviseu.net\/en\/events\/forum-viseu-green-fest\/","url":"https:\/\/www.forumviseu.net\/en\/events\/forum-viseu-green-fest\/","name":"FORUM VISEU GREEN FEST - Forum Viseu","isPartOf":{"@id":"https:\/\/www.forumviseu.net\/#website"},"primaryImageOfPage":{"@id":"https:\/\/www.forumviseu.net\/en\/events\/forum-viseu-green-fest\/#primaryimage"},"image":{"@id":"https:\/\/www.forumviseu.net\/en\/events\/forum-viseu-green-fest\/#primaryimage"},"thumbnailUrl":"https:\/\/www.forumviseu.net\/wp-content\/uploads\/sites\/15\/2024\/05\/Banner-site.jpg","datePublished":"2026-01-30T15:37:42+00:00","dateModified":"2026-01-30T15:37:42+00:00","breadcrumb":{"@id":"https:\/\/www.forumviseu.net\/en\/events\/forum-viseu-green-fest\/#breadcrumb"},"inLanguage":"en-US","potentialAction":[{"@type":"ReadAction","target":["https:\/\/www.forumviseu.net\/en\/events\/forum-viseu-green-fest\/"]}]},{"@type":"ImageObject","inLanguage":"en-US","@id":"https:\/\/www.forumviseu.net\/en\/events\/forum-viseu-green-fest\/#primaryimage","url":"https:\/\/www.forumviseu.net\/wp-content\/uploads\/sites\/15\/2024\/05\/Banner-site.jpg","contentUrl":"https:\/\/www.forumviseu.net\/wp-content\/uploads\/sites\/15\/2024\/05\/Banner-site.jpg","width":2500,"height":1156},{"@type":"BreadcrumbList","@id":"https:\/\/www.forumviseu.net\/en\/events\/forum-viseu-green-fest\/#breadcrumb","itemListElement":[{"@type":"ListItem","position":1,"name":"Events","item":"https:\/\/www.forumviseu.net\/events\/"},{"@type":"ListItem","position":2,"name":"FORUM VISEU GREEN FEST"}]},{"@type":"WebSite","@id":"https:\/\/www.forumviseu.net\/#website","url":"https:\/\/www.forumviseu.net\/","name":"Forum Viseu","description":"Ser Quem Sou","publisher":{"@id":"https:\/\/www.forumviseu.net\/#organization"},"potentialAction":[{"@type":"SearchAction","target":{"@type":"EntryPoint","urlTemplate":"https:\/\/www.forumviseu.net\/?s={search_term_string}"},"query-input":"required name=search_term_string"}],"inLanguage":"en-US"},{"@type":"Organization","@id":"https:\/\/www.forumviseu.net\/#organization","name":"Forum Viseu","url":"https:\/\/www.forumviseu.net\/","logo":{"@type":"ImageObject","inLanguage":"en-US","@id":"https:\/\/www.forumviseu.net\/#\/schema\/logo\/image\/","url":"https:\/\/www.forumviseu.net\/wp-content\/uploads\/sites\/15\/logo.png","contentUrl":"https:\/\/www.forumviseu.net\/wp-content\/uploads\/sites\/15\/logo.png","caption":"Forum Viseu"},"image":{"@id":"https:\/\/www.forumviseu.net\/#\/schema\/logo\/image\/"}}]}},"_links":{"self":[{"href":"https:\/\/www.forumviseu.net\/en\/wp-json\/wp\/v2\/events\/4612","targetHints":{"allow":["GET"]}}],"collection":[{"href":"https:\/\/www.forumviseu.net\/en\/wp-json\/wp\/v2\/events"}],"about":[{"href":"https:\/\/www.forumviseu.net\/en\/wp-json\/wp\/v2\/types\/events"}],"wp:featuredmedia":[{"embeddable":true,"href":"https:\/\/www.forumviseu.net\/en\/wp-json\/wp\/v2\/media\/4145"}],"wp:attachment":[{"href":"https:\/\/www.forumviseu.net\/en\/wp-json\/wp\/v2\/media?parent=4612"}],"curies":[{"name":"wp","href":"https:\/\/api.w.org\/{rel}","templated":true}]}}