{"id":4615,"date":"2026-01-30T15:38:38","date_gmt":"2026-01-30T15:38:38","guid":{"rendered":"https:\/\/www.forumviseu.net\/?post_type=events&#038;p=4615"},"modified":"2026-01-30T15:38:38","modified_gmt":"2026-01-30T15:38:38","slug":"a-viagem-do-natal-do-forum-viseu","status":"publish","type":"events","link":"https:\/\/www.forumviseu.net\/en\/events\/a-viagem-do-natal-do-forum-viseu\/","title":{"rendered":"A VIAGEM DO NATAL DO FORUM VISEU"},"content":{"rendered":"<p style=\"font-weight: 400;\"><strong>A partir de 16 de novembro, todos os caminhos v\u00e3o dar ao Forum Viseu!<\/strong><\/p>\n<p style=\"font-weight: 400;\">A \u00e9poca mais especial do ano chega ao Forum Viseu preparou uma programa\u00e7\u00e3o repleta de anima\u00e7\u00e3o para os mais novos celebrarem o Natal com muito divertimento, criatividade e esp\u00edrito solid\u00e1rio.<\/p>\n<p style=\"font-weight: 400;\"><strong>\u00a0<\/strong><\/p>\n<p style=\"font-weight: 400;\"><strong>30 NOV \u2013 24 DEZ<\/strong><\/p>\n<p style=\"font-weight: 400;\"><strong>CASA DO PAI NATAL . COMBOIO DOS SONHOS . OFICINA DOS SONHOS<\/strong><\/p>\n<p style=\"font-weight: 400;\">Espet\u00e1culos do Ruca, Comboio, Oficinas, Hora da Hist\u00f3ria, Exposi\u00e7\u00e3o das Escolas e Casa do Pai Natal s\u00e3o os destaques deste Natal no Forum Viseu.<\/p>\n<p style=\"font-weight: 400;\"><strong>A chegada do Pai Natal est\u00e1 agendada para dia 30 de novembro, \u00e0s 11h00, para juntamente com o RUCA inaugurar todas as atividades de Natal.<\/strong><\/p>\n<p style=\"font-weight: 400;\"><strong>Espet\u00e1culos: RUCA &#8211; O concerto de Natal | 30 NOV | 11h00 e 15h00<\/strong><\/p>\n<p>&nbsp;<\/p>\n<p style=\"font-weight: 400;\"><strong>PISO 1<\/strong><\/p>\n<ul style=\"font-weight: 400;\">\n<li><strong>Casa do Pai Natal :\u00a0<\/strong>Aqui os mais novos poder\u00e3o visitar e tirar fotos com o Pai Natal e ainda receber gratuitamente o Livro do Gui, este ano intitulado \u201c<strong>Gui e o Quadro da Felicidade<\/strong>\u201d<\/li>\n<li><strong>O Comboio dos Sonhos:<\/strong> um mini-comboio de trilho, com percurso em carris e passagem num t\u00fanel de luz far\u00e1 vibrar os mais pequenos nesta viagem de sonho<\/li>\n<\/ul>\n<p><strong>\u00a0<\/strong><\/p>\n<p style=\"font-weight: 400;\"><strong>Hor\u00e1rio:<\/strong><\/p>\n<p style=\"font-weight: 400;\">2\u00aa a 6\u00aa feira: 15h00 \u00e0s 19h00<\/p>\n<p style=\"font-weight: 400;\">S\u00e1bados, domingos e feriados: 11h00 \u00e0s 13h00 \u2013 15h00 \u00e0s 19h00<\/p>\n<p style=\"font-weight: 400;\">24.12 11h00 \u00e0s 13h00 e 14h00 \u00e0s 16h00<\/p>\n<p style=\"font-weight: 400;\"><strong>\u00a0<\/strong><\/p>\n<p style=\"font-weight: 400;\"><strong>\u00a0<\/strong><\/p>\n<p style=\"font-weight: 400;\"><strong>PISO 2<\/strong><\/p>\n<ul style=\"font-weight: 400;\">\n<li><strong>Oficina dos Sonhos:\u00a0<\/strong>com \u201c<strong>Oficinas criativas de Natal*\u201d<\/strong>, \u201c<strong>Exposi\u00e7\u00e3o Escolas\/\u00c1rvores da Felicidade\u201d<\/strong>\u00a0e \u201c<strong>Hora da Hist\u00f3ria\u201d<\/strong>\u00a0com hist\u00f3rias ao vivo, apresentadas pela contadora de hist\u00f3rias Mariana Machado.<\/li>\n<\/ul>\n<p style=\"font-weight: 400;\"><strong>Hor\u00e1rio<\/strong>: 10h00 \u00e0s 23h00<\/p>\n<p style=\"font-weight: 400;\"><strong>Oficinas Criativas de Natal<\/strong>\u00a0| Marcadores Livros e outras figuras de Natal<\/p>\n<p style=\"font-weight: 400;\">2\u00aa a 6\u00aa feira: 15h00 \u00e0s 19h00<\/p>\n<p style=\"font-weight: 400;\">S\u00e1bados, domingos e feriados: 11h00 \u00e0s 13h00 \u2013 15h00 \u00e0s 19h00<\/p>\n<ul style=\"font-weight: 400;\">\n<li><strong>HORA DA HIST\u00d3RIA* com Mariana Machado<\/strong><\/li>\n<\/ul>\n<p style=\"font-weight: 400;\">S\u00e1bados 7, 14 e 21 de dezembro \u00e0s 11h00 e \u00e0s 14h00<\/p>\n<p style=\"font-weight: 400;\">*Sess\u00f5es limitadas \u00e0 lota\u00e7\u00e3o da sala<\/p>\n<p style=\"font-weight: 400;\">Apanha o comboio e embarca na viagem mais bonita do Natal.<\/p>\n","protected":false},"featured_media":4293,"template":"","class_list":["post-4615","events","type-events","status-publish","has-post-thumbnail","hentry"],"yoast_head":"<!-- This site is optimized with the Yoast SEO plugin v22.2 - https:\/\/yoast.com\/wordpress\/plugins\/seo\/ -->\n<title>A VIAGEM DO NATAL DO FORUM VISEU - Forum Viseu<\/title>\n<meta name=\"robots\" content=\"index, follow, max-snippet:-1, max-image-preview:large, max-video-preview:-1\" \/>\n<link rel=\"canonical\" href=\"https:\/\/www.forumviseu.net\/en\/events\/a-viagem-do-natal-do-forum-viseu\/\" \/>\n<meta property=\"og:locale\" content=\"en_US\" \/>\n<meta property=\"og:type\" content=\"article\" \/>\n<meta property=\"og:title\" content=\"A VIAGEM DO NATAL DO FORUM VISEU - Forum Viseu\" \/>\n<meta property=\"og:description\" content=\"A partir de 16 de novembro, todos os caminhos v\u00e3o dar ao Forum Viseu! A \u00e9poca mais especial do ano chega ao Forum Viseu preparou uma programa\u00e7\u00e3o repleta de anima\u00e7\u00e3o para os mais novos celebrarem o Natal com muito divertimento, criatividade e esp\u00edrito solid\u00e1rio. \u00a0 30 NOV \u2013 24 DEZ CASA DO PAI NATAL . [&hellip;]\" \/>\n<meta property=\"og:url\" content=\"https:\/\/www.forumviseu.net\/en\/events\/a-viagem-do-natal-do-forum-viseu\/\" \/>\n<meta property=\"og:site_name\" content=\"Forum Viseu\" \/>\n<meta property=\"og:image\" content=\"https:\/\/www.forumviseu.net\/wp-content\/uploads\/sites\/15\/2024\/11\/Digital_Banner_Evento-site.jpg\" \/>\n\t<meta property=\"og:image:width\" content=\"2500\" \/>\n\t<meta property=\"og:image:height\" content=\"1120\" \/>\n\t<meta property=\"og:image:type\" content=\"image\/jpeg\" \/>\n<meta name=\"twitter:card\" content=\"summary_large_image\" \/>\n<meta name=\"twitter:label1\" content=\"Est. reading time\" \/>\n\t<meta name=\"twitter:data1\" content=\"2 minutes\" \/>\n<script type=\"application\/ld+json\" class=\"yoast-schema-graph\">{\"@context\":\"https:\/\/schema.org\",\"@graph\":[{\"@type\":\"WebPage\",\"@id\":\"https:\/\/www.forumviseu.net\/en\/events\/a-viagem-do-natal-do-forum-viseu\/\",\"url\":\"https:\/\/www.forumviseu.net\/en\/events\/a-viagem-do-natal-do-forum-viseu\/\",\"name\":\"A VIAGEM DO NATAL DO FORUM VISEU - Forum Viseu\",\"isPartOf\":{\"@id\":\"https:\/\/www.forumviseu.net\/#website\"},\"primaryImageOfPage\":{\"@id\":\"https:\/\/www.forumviseu.net\/en\/events\/a-viagem-do-natal-do-forum-viseu\/#primaryimage\"},\"image\":{\"@id\":\"https:\/\/www.forumviseu.net\/en\/events\/a-viagem-do-natal-do-forum-viseu\/#primaryimage\"},\"thumbnailUrl\":\"https:\/\/www.forumviseu.net\/wp-content\/uploads\/sites\/15\/2024\/11\/Digital_Banner_Evento-site.jpg\",\"datePublished\":\"2026-01-30T15:38:38+00:00\",\"dateModified\":\"2026-01-30T15:38:38+00:00\",\"breadcrumb\":{\"@id\":\"https:\/\/www.forumviseu.net\/en\/events\/a-viagem-do-natal-do-forum-viseu\/#breadcrumb\"},\"inLanguage\":\"en-US\",\"potentialAction\":[{\"@type\":\"ReadAction\",\"target\":[\"https:\/\/www.forumviseu.net\/en\/events\/a-viagem-do-natal-do-forum-viseu\/\"]}]},{\"@type\":\"ImageObject\",\"inLanguage\":\"en-US\",\"@id\":\"https:\/\/www.forumviseu.net\/en\/events\/a-viagem-do-natal-do-forum-viseu\/#primaryimage\",\"url\":\"https:\/\/www.forumviseu.net\/wp-content\/uploads\/sites\/15\/2024\/11\/Digital_Banner_Evento-site.jpg\",\"contentUrl\":\"https:\/\/www.forumviseu.net\/wp-content\/uploads\/sites\/15\/2024\/11\/Digital_Banner_Evento-site.jpg\",\"width\":2500,\"height\":1120},{\"@type\":\"BreadcrumbList\",\"@id\":\"https:\/\/www.forumviseu.net\/en\/events\/a-viagem-do-natal-do-forum-viseu\/#breadcrumb\",\"itemListElement\":[{\"@type\":\"ListItem\",\"position\":1,\"name\":\"Events\",\"item\":\"https:\/\/www.forumviseu.net\/events\/\"},{\"@type\":\"ListItem\",\"position\":2,\"name\":\"A VIAGEM DO NATAL DO FORUM VISEU\"}]},{\"@type\":\"WebSite\",\"@id\":\"https:\/\/www.forumviseu.net\/#website\",\"url\":\"https:\/\/www.forumviseu.net\/\",\"name\":\"Forum Viseu\",\"description\":\"Ser Quem Sou\",\"publisher\":{\"@id\":\"https:\/\/www.forumviseu.net\/#organization\"},\"potentialAction\":[{\"@type\":\"SearchAction\",\"target\":{\"@type\":\"EntryPoint\",\"urlTemplate\":\"https:\/\/www.forumviseu.net\/?s={search_term_string}\"},\"query-input\":\"required name=search_term_string\"}],\"inLanguage\":\"en-US\"},{\"@type\":\"Organization\",\"@id\":\"https:\/\/www.forumviseu.net\/#organization\",\"name\":\"Forum Viseu\",\"url\":\"https:\/\/www.forumviseu.net\/\",\"logo\":{\"@type\":\"ImageObject\",\"inLanguage\":\"en-US\",\"@id\":\"https:\/\/www.forumviseu.net\/#\/schema\/logo\/image\/\",\"url\":\"https:\/\/www.forumviseu.net\/wp-content\/uploads\/sites\/15\/logo.png\",\"contentUrl\":\"https:\/\/www.forumviseu.net\/wp-content\/uploads\/sites\/15\/logo.png\",\"caption\":\"Forum Viseu\"},\"image\":{\"@id\":\"https:\/\/www.forumviseu.net\/#\/schema\/logo\/image\/\"}}]}<\/script>\n<!-- \/ Yoast SEO plugin. -->","yoast_head_json":{"title":"A VIAGEM DO NATAL DO FORUM VISEU - Forum Viseu","robots":{"index":"index","follow":"follow","max-snippet":"max-snippet:-1","max-image-preview":"max-image-preview:large","max-video-preview":"max-video-preview:-1"},"canonical":"https:\/\/www.forumviseu.net\/en\/events\/a-viagem-do-natal-do-forum-viseu\/","og_locale":"en_US","og_type":"article","og_title":"A VIAGEM DO NATAL DO FORUM VISEU - Forum Viseu","og_description":"A partir de 16 de novembro, todos os caminhos v\u00e3o dar ao Forum Viseu! A \u00e9poca mais especial do ano chega ao Forum Viseu preparou uma programa\u00e7\u00e3o repleta de anima\u00e7\u00e3o para os mais novos celebrarem o Natal com muito divertimento, criatividade e esp\u00edrito solid\u00e1rio. \u00a0 30 NOV \u2013 24 DEZ CASA DO PAI NATAL . [&hellip;]","og_url":"https:\/\/www.forumviseu.net\/en\/events\/a-viagem-do-natal-do-forum-viseu\/","og_site_name":"Forum Viseu","og_image":[{"width":2500,"height":1120,"url":"https:\/\/www.forumviseu.net\/wp-content\/uploads\/sites\/15\/2024\/11\/Digital_Banner_Evento-site.jpg","type":"image\/jpeg"}],"twitter_card":"summary_large_image","twitter_misc":{"Est. reading time":"2 minutes"},"schema":{"@context":"https:\/\/schema.org","@graph":[{"@type":"WebPage","@id":"https:\/\/www.forumviseu.net\/en\/events\/a-viagem-do-natal-do-forum-viseu\/","url":"https:\/\/www.forumviseu.net\/en\/events\/a-viagem-do-natal-do-forum-viseu\/","name":"A VIAGEM DO NATAL DO FORUM VISEU - Forum Viseu","isPartOf":{"@id":"https:\/\/www.forumviseu.net\/#website"},"primaryImageOfPage":{"@id":"https:\/\/www.forumviseu.net\/en\/events\/a-viagem-do-natal-do-forum-viseu\/#primaryimage"},"image":{"@id":"https:\/\/www.forumviseu.net\/en\/events\/a-viagem-do-natal-do-forum-viseu\/#primaryimage"},"thumbnailUrl":"https:\/\/www.forumviseu.net\/wp-content\/uploads\/sites\/15\/2024\/11\/Digital_Banner_Evento-site.jpg","datePublished":"2026-01-30T15:38:38+00:00","dateModified":"2026-01-30T15:38:38+00:00","breadcrumb":{"@id":"https:\/\/www.forumviseu.net\/en\/events\/a-viagem-do-natal-do-forum-viseu\/#breadcrumb"},"inLanguage":"en-US","potentialAction":[{"@type":"ReadAction","target":["https:\/\/www.forumviseu.net\/en\/events\/a-viagem-do-natal-do-forum-viseu\/"]}]},{"@type":"ImageObject","inLanguage":"en-US","@id":"https:\/\/www.forumviseu.net\/en\/events\/a-viagem-do-natal-do-forum-viseu\/#primaryimage","url":"https:\/\/www.forumviseu.net\/wp-content\/uploads\/sites\/15\/2024\/11\/Digital_Banner_Evento-site.jpg","contentUrl":"https:\/\/www.forumviseu.net\/wp-content\/uploads\/sites\/15\/2024\/11\/Digital_Banner_Evento-site.jpg","width":2500,"height":1120},{"@type":"BreadcrumbList","@id":"https:\/\/www.forumviseu.net\/en\/events\/a-viagem-do-natal-do-forum-viseu\/#breadcrumb","itemListElement":[{"@type":"ListItem","position":1,"name":"Events","item":"https:\/\/www.forumviseu.net\/events\/"},{"@type":"ListItem","position":2,"name":"A VIAGEM DO NATAL DO FORUM VISEU"}]},{"@type":"WebSite","@id":"https:\/\/www.forumviseu.net\/#website","url":"https:\/\/www.forumviseu.net\/","name":"Forum Viseu","description":"Ser Quem Sou","publisher":{"@id":"https:\/\/www.forumviseu.net\/#organization"},"potentialAction":[{"@type":"SearchAction","target":{"@type":"EntryPoint","urlTemplate":"https:\/\/www.forumviseu.net\/?s={search_term_string}"},"query-input":"required name=search_term_string"}],"inLanguage":"en-US"},{"@type":"Organization","@id":"https:\/\/www.forumviseu.net\/#organization","name":"Forum Viseu","url":"https:\/\/www.forumviseu.net\/","logo":{"@type":"ImageObject","inLanguage":"en-US","@id":"https:\/\/www.forumviseu.net\/#\/schema\/logo\/image\/","url":"https:\/\/www.forumviseu.net\/wp-content\/uploads\/sites\/15\/logo.png","contentUrl":"https:\/\/www.forumviseu.net\/wp-content\/uploads\/sites\/15\/logo.png","caption":"Forum Viseu"},"image":{"@id":"https:\/\/www.forumviseu.net\/#\/schema\/logo\/image\/"}}]}},"_links":{"self":[{"href":"https:\/\/www.forumviseu.net\/en\/wp-json\/wp\/v2\/events\/4615","targetHints":{"allow":["GET"]}}],"collection":[{"href":"https:\/\/www.forumviseu.net\/en\/wp-json\/wp\/v2\/events"}],"about":[{"href":"https:\/\/www.forumviseu.net\/en\/wp-json\/wp\/v2\/types\/events"}],"wp:featuredmedia":[{"embeddable":true,"href":"https:\/\/www.forumviseu.net\/en\/wp-json\/wp\/v2\/media\/4293"}],"wp:attachment":[{"href":"https:\/\/www.forumviseu.net\/en\/wp-json\/wp\/v2\/media?parent=4615"}],"curies":[{"name":"wp","href":"https:\/\/api.w.org\/{rel}","templated":true}]}}