{"id":4616,"date":"2026-01-30T15:38:48","date_gmt":"2026-01-30T15:38:48","guid":{"rendered":"https:\/\/www.forumviseu.net\/?post_type=events&#038;p=4616"},"modified":"2026-01-30T15:38:48","modified_gmt":"2026-01-30T15:38:48","slug":"super-herois-forum-viseu","status":"publish","type":"events","link":"https:\/\/www.forumviseu.net\/en\/events\/super-herois-forum-viseu\/","title":{"rendered":"SUPER-HER\u00d3IS &#8211; FORUM VISEU"},"content":{"rendered":"<p>Nesta P\u00e1scoa, o Forum Viseu recebe uma exposi\u00e7\u00e3o dedicada ao universo dos <strong>Super-her\u00f3is<\/strong>, com algumas das personagens mais ic\u00f3nicas deste universo dos Superpoderes.<\/p>\n<p>De 12 a 19 de abril, o <strong data-start=\"168\" data-end=\"185\">Forum Coimbra<\/strong> transforma-se no cen\u00e1rio perfeito para os f\u00e3s do universo dos Superpoderes! Prepara-te para uma <strong data-start=\"282\" data-end=\"301\">exposi\u00e7\u00e3o \u00fanica<\/strong>, onde poder\u00e1s ver <strong data-start=\"320\" data-end=\"350\">11 figuras em tamanho real<\/strong> dos super-her\u00f3is mais ic\u00f3nicos, como <strong data-start=\"388\" data-end=\"481\">Batman, Super-Homem, Mulher-Maravilha, Homem-Aranha, Hulk, Capit\u00e3o Am\u00e9rica e muitos mais!<\/strong> Al\u00e9m disso, vais poder admirar incr\u00edveis r\u00e9plicas nas 4 vitrines dedicadas a estes super-her\u00f3is.<\/p>\n<p>Mas as surpresas n\u00e3o ficam por aqui! Para os verdadeiros f\u00e3s, haver\u00e1 momentos especiais de <strong data-start=\"667\" data-end=\"683\">Meet &amp; Greet<\/strong>, onde poder\u00e1s encontrar o <strong>Homem-Aranha e o Batman<\/strong> <strong data-start=\"734\" data-end=\"745\">ao vivo<\/strong> e tirar fotografias inesquec\u00edveis! E para tornar a experi\u00eancia ainda mais divertida, tamb\u00e9m poder\u00e1s fazer <strong data-start=\"852\" data-end=\"882\">Pinturas Faciais<\/strong>\u00a0e entrar no esp\u00edrito dos super-her\u00f3is!<\/p>\n<p>&nbsp;<\/p>\n<p>Os super-her\u00f3is estar\u00e3o localizados nos Pisos 1 e 2 e as atividades ir\u00e3o decorrer no Piso 1, nos espa\u00e7os criados para o efeito, de acordo com as seguintes datas e hor\u00e1rios:<\/p>\n<p><strong>Meet &amp; Greet<\/strong><br \/>\n12 de abril, das 15h \u00e0s 19h: Homem-Aranha<br \/>\n13 e 19 abril, das 15h \u00e0s 19h: Batman<br \/>\n18 de abril, das 11h00 \u00e0s 14h00 e das 15h00 \u00e0s 19h00: Homem-Aranha<\/p>\n<p><strong>Pinturas Faciais<\/strong><br \/>\n12, 13 e 19 de abril, das 15h00 \u00e0s 19h00<br \/>\n18 de abril, das 11h00 \u00e0s 14h00 e das 15h00 \u00e0s 19h00<\/p>\n<p>&nbsp;<\/p>\n<p>N\u00e3o percas esta oportunidade de te <strong data-start=\"1360\" data-end=\"1401\">aventurares no mundo dos super-her\u00f3is<\/strong> e viveres uma P\u00e1scoa m\u00e1gica no <strong data-start=\"1433\" data-end=\"1450\">Forum Coimbra<\/strong>!<\/p>\n<p><strong data-start=\"1452\" data-end=\"1519\">Traz a fam\u00edlia e os amigos e junta-te a esta experi\u00eancia \u00e9pica!<\/strong><\/p>\n","protected":false},"featured_media":4355,"template":"","class_list":["post-4616","events","type-events","status-publish","has-post-thumbnail","hentry"],"yoast_head":"<!-- This site is optimized with the Yoast SEO plugin v22.2 - https:\/\/yoast.com\/wordpress\/plugins\/seo\/ -->\n<title>SUPER-HER\u00d3IS - FORUM VISEU - Forum Viseu<\/title>\n<meta name=\"robots\" content=\"index, follow, max-snippet:-1, max-image-preview:large, max-video-preview:-1\" \/>\n<link rel=\"canonical\" href=\"https:\/\/www.forumviseu.net\/en\/events\/super-herois-forum-viseu\/\" \/>\n<meta property=\"og:locale\" content=\"en_US\" \/>\n<meta property=\"og:type\" content=\"article\" \/>\n<meta property=\"og:title\" content=\"SUPER-HER\u00d3IS - FORUM VISEU - Forum Viseu\" \/>\n<meta property=\"og:description\" content=\"Nesta P\u00e1scoa, o Forum Viseu recebe uma exposi\u00e7\u00e3o dedicada ao universo dos Super-her\u00f3is, com algumas das personagens mais ic\u00f3nicas deste universo dos Superpoderes. De 12 a 19 de abril, o Forum Coimbra transforma-se no cen\u00e1rio perfeito para os f\u00e3s do universo dos Superpoderes! Prepara-te para uma exposi\u00e7\u00e3o \u00fanica, onde poder\u00e1s ver 11 figuras em tamanho [&hellip;]\" \/>\n<meta property=\"og:url\" content=\"https:\/\/www.forumviseu.net\/en\/events\/super-herois-forum-viseu\/\" \/>\n<meta property=\"og:site_name\" content=\"Forum Viseu\" \/>\n<meta property=\"og:image\" content=\"https:\/\/www.forumviseu.net\/wp-content\/uploads\/sites\/15\/2025\/04\/Superherois_Digital_Banner_HomepageSite_2500x1500px.jpg\" \/>\n\t<meta property=\"og:image:width\" content=\"2500\" \/>\n\t<meta property=\"og:image:height\" content=\"1500\" \/>\n\t<meta property=\"og:image:type\" content=\"image\/jpeg\" \/>\n<meta name=\"twitter:card\" content=\"summary_large_image\" \/>\n<script type=\"application\/ld+json\" class=\"yoast-schema-graph\">{\"@context\":\"https:\/\/schema.org\",\"@graph\":[{\"@type\":\"WebPage\",\"@id\":\"https:\/\/www.forumviseu.net\/en\/events\/super-herois-forum-viseu\/\",\"url\":\"https:\/\/www.forumviseu.net\/en\/events\/super-herois-forum-viseu\/\",\"name\":\"SUPER-HER\u00d3IS - FORUM VISEU - Forum Viseu\",\"isPartOf\":{\"@id\":\"https:\/\/www.forumviseu.net\/#website\"},\"primaryImageOfPage\":{\"@id\":\"https:\/\/www.forumviseu.net\/en\/events\/super-herois-forum-viseu\/#primaryimage\"},\"image\":{\"@id\":\"https:\/\/www.forumviseu.net\/en\/events\/super-herois-forum-viseu\/#primaryimage\"},\"thumbnailUrl\":\"https:\/\/www.forumviseu.net\/wp-content\/uploads\/sites\/15\/2025\/04\/Superherois_Digital_Banner_HomepageSite_2500x1500px.jpg\",\"datePublished\":\"2026-01-30T15:38:48+00:00\",\"dateModified\":\"2026-01-30T15:38:48+00:00\",\"breadcrumb\":{\"@id\":\"https:\/\/www.forumviseu.net\/en\/events\/super-herois-forum-viseu\/#breadcrumb\"},\"inLanguage\":\"en-US\",\"potentialAction\":[{\"@type\":\"ReadAction\",\"target\":[\"https:\/\/www.forumviseu.net\/en\/events\/super-herois-forum-viseu\/\"]}]},{\"@type\":\"ImageObject\",\"inLanguage\":\"en-US\",\"@id\":\"https:\/\/www.forumviseu.net\/en\/events\/super-herois-forum-viseu\/#primaryimage\",\"url\":\"https:\/\/www.forumviseu.net\/wp-content\/uploads\/sites\/15\/2025\/04\/Superherois_Digital_Banner_HomepageSite_2500x1500px.jpg\",\"contentUrl\":\"https:\/\/www.forumviseu.net\/wp-content\/uploads\/sites\/15\/2025\/04\/Superherois_Digital_Banner_HomepageSite_2500x1500px.jpg\",\"width\":2500,\"height\":1500},{\"@type\":\"BreadcrumbList\",\"@id\":\"https:\/\/www.forumviseu.net\/en\/events\/super-herois-forum-viseu\/#breadcrumb\",\"itemListElement\":[{\"@type\":\"ListItem\",\"position\":1,\"name\":\"Events\",\"item\":\"https:\/\/www.forumviseu.net\/events\/\"},{\"@type\":\"ListItem\",\"position\":2,\"name\":\"SUPER-HER\u00d3IS &#8211; FORUM VISEU\"}]},{\"@type\":\"WebSite\",\"@id\":\"https:\/\/www.forumviseu.net\/#website\",\"url\":\"https:\/\/www.forumviseu.net\/\",\"name\":\"Forum Viseu\",\"description\":\"Ser Quem Sou\",\"publisher\":{\"@id\":\"https:\/\/www.forumviseu.net\/#organization\"},\"potentialAction\":[{\"@type\":\"SearchAction\",\"target\":{\"@type\":\"EntryPoint\",\"urlTemplate\":\"https:\/\/www.forumviseu.net\/?s={search_term_string}\"},\"query-input\":\"required name=search_term_string\"}],\"inLanguage\":\"en-US\"},{\"@type\":\"Organization\",\"@id\":\"https:\/\/www.forumviseu.net\/#organization\",\"name\":\"Forum Viseu\",\"url\":\"https:\/\/www.forumviseu.net\/\",\"logo\":{\"@type\":\"ImageObject\",\"inLanguage\":\"en-US\",\"@id\":\"https:\/\/www.forumviseu.net\/#\/schema\/logo\/image\/\",\"url\":\"https:\/\/www.forumviseu.net\/wp-content\/uploads\/sites\/15\/logo.png\",\"contentUrl\":\"https:\/\/www.forumviseu.net\/wp-content\/uploads\/sites\/15\/logo.png\",\"caption\":\"Forum Viseu\"},\"image\":{\"@id\":\"https:\/\/www.forumviseu.net\/#\/schema\/logo\/image\/\"}}]}<\/script>\n<!-- \/ Yoast SEO plugin. -->","yoast_head_json":{"title":"SUPER-HER\u00d3IS - FORUM VISEU - Forum Viseu","robots":{"index":"index","follow":"follow","max-snippet":"max-snippet:-1","max-image-preview":"max-image-preview:large","max-video-preview":"max-video-preview:-1"},"canonical":"https:\/\/www.forumviseu.net\/en\/events\/super-herois-forum-viseu\/","og_locale":"en_US","og_type":"article","og_title":"SUPER-HER\u00d3IS - FORUM VISEU - Forum Viseu","og_description":"Nesta P\u00e1scoa, o Forum Viseu recebe uma exposi\u00e7\u00e3o dedicada ao universo dos Super-her\u00f3is, com algumas das personagens mais ic\u00f3nicas deste universo dos Superpoderes. De 12 a 19 de abril, o Forum Coimbra transforma-se no cen\u00e1rio perfeito para os f\u00e3s do universo dos Superpoderes! Prepara-te para uma exposi\u00e7\u00e3o \u00fanica, onde poder\u00e1s ver 11 figuras em tamanho [&hellip;]","og_url":"https:\/\/www.forumviseu.net\/en\/events\/super-herois-forum-viseu\/","og_site_name":"Forum Viseu","og_image":[{"width":2500,"height":1500,"url":"https:\/\/www.forumviseu.net\/wp-content\/uploads\/sites\/15\/2025\/04\/Superherois_Digital_Banner_HomepageSite_2500x1500px.jpg","type":"image\/jpeg"}],"twitter_card":"summary_large_image","schema":{"@context":"https:\/\/schema.org","@graph":[{"@type":"WebPage","@id":"https:\/\/www.forumviseu.net\/en\/events\/super-herois-forum-viseu\/","url":"https:\/\/www.forumviseu.net\/en\/events\/super-herois-forum-viseu\/","name":"SUPER-HER\u00d3IS - FORUM VISEU - Forum Viseu","isPartOf":{"@id":"https:\/\/www.forumviseu.net\/#website"},"primaryImageOfPage":{"@id":"https:\/\/www.forumviseu.net\/en\/events\/super-herois-forum-viseu\/#primaryimage"},"image":{"@id":"https:\/\/www.forumviseu.net\/en\/events\/super-herois-forum-viseu\/#primaryimage"},"thumbnailUrl":"https:\/\/www.forumviseu.net\/wp-content\/uploads\/sites\/15\/2025\/04\/Superherois_Digital_Banner_HomepageSite_2500x1500px.jpg","datePublished":"2026-01-30T15:38:48+00:00","dateModified":"2026-01-30T15:38:48+00:00","breadcrumb":{"@id":"https:\/\/www.forumviseu.net\/en\/events\/super-herois-forum-viseu\/#breadcrumb"},"inLanguage":"en-US","potentialAction":[{"@type":"ReadAction","target":["https:\/\/www.forumviseu.net\/en\/events\/super-herois-forum-viseu\/"]}]},{"@type":"ImageObject","inLanguage":"en-US","@id":"https:\/\/www.forumviseu.net\/en\/events\/super-herois-forum-viseu\/#primaryimage","url":"https:\/\/www.forumviseu.net\/wp-content\/uploads\/sites\/15\/2025\/04\/Superherois_Digital_Banner_HomepageSite_2500x1500px.jpg","contentUrl":"https:\/\/www.forumviseu.net\/wp-content\/uploads\/sites\/15\/2025\/04\/Superherois_Digital_Banner_HomepageSite_2500x1500px.jpg","width":2500,"height":1500},{"@type":"BreadcrumbList","@id":"https:\/\/www.forumviseu.net\/en\/events\/super-herois-forum-viseu\/#breadcrumb","itemListElement":[{"@type":"ListItem","position":1,"name":"Events","item":"https:\/\/www.forumviseu.net\/events\/"},{"@type":"ListItem","position":2,"name":"SUPER-HER\u00d3IS &#8211; FORUM VISEU"}]},{"@type":"WebSite","@id":"https:\/\/www.forumviseu.net\/#website","url":"https:\/\/www.forumviseu.net\/","name":"Forum Viseu","description":"Ser Quem Sou","publisher":{"@id":"https:\/\/www.forumviseu.net\/#organization"},"potentialAction":[{"@type":"SearchAction","target":{"@type":"EntryPoint","urlTemplate":"https:\/\/www.forumviseu.net\/?s={search_term_string}"},"query-input":"required name=search_term_string"}],"inLanguage":"en-US"},{"@type":"Organization","@id":"https:\/\/www.forumviseu.net\/#organization","name":"Forum Viseu","url":"https:\/\/www.forumviseu.net\/","logo":{"@type":"ImageObject","inLanguage":"en-US","@id":"https:\/\/www.forumviseu.net\/#\/schema\/logo\/image\/","url":"https:\/\/www.forumviseu.net\/wp-content\/uploads\/sites\/15\/logo.png","contentUrl":"https:\/\/www.forumviseu.net\/wp-content\/uploads\/sites\/15\/logo.png","caption":"Forum Viseu"},"image":{"@id":"https:\/\/www.forumviseu.net\/#\/schema\/logo\/image\/"}}]}},"_links":{"self":[{"href":"https:\/\/www.forumviseu.net\/en\/wp-json\/wp\/v2\/events\/4616","targetHints":{"allow":["GET"]}}],"collection":[{"href":"https:\/\/www.forumviseu.net\/en\/wp-json\/wp\/v2\/events"}],"about":[{"href":"https:\/\/www.forumviseu.net\/en\/wp-json\/wp\/v2\/types\/events"}],"wp:featuredmedia":[{"embeddable":true,"href":"https:\/\/www.forumviseu.net\/en\/wp-json\/wp\/v2\/media\/4355"}],"wp:attachment":[{"href":"https:\/\/www.forumviseu.net\/en\/wp-json\/wp\/v2\/media?parent=4616"}],"curies":[{"name":"wp","href":"https:\/\/api.w.org\/{rel}","templated":true}]}}